{"id":31,"date":"2018-04-19T01:14:23","date_gmt":"2018-04-19T01:14:23","guid":{"rendered":"https:\/\/suafem.wordpress.com\/?page_id=31"},"modified":"2026-03-04T11:30:05","modified_gmt":"2026-03-04T17:30:05","slug":"quienes-somos","status":"publish","type":"page","link":"https:\/\/suafem.unam.mx\/?page_id=31","title":{"rendered":"Integrantes"},"content":{"rendered":"\n<figure class=\"wp-block-image size-full is-resized\"><img decoding=\"async\" width=\"383\" height=\"110\" src=\"http:\/\/suafem.unam.mx\/wp-content\/uploads\/2023\/04\/Recurso-4-1.png\" alt=\"\" class=\"wp-image-1512\" style=\"width:276px;height:79px\" srcset=\"https:\/\/suafem.unam.mx\/wp-content\/uploads\/2023\/04\/Recurso-4-1.png 383w, https:\/\/suafem.unam.mx\/wp-content\/uploads\/2023\/04\/Recurso-4-1-300x86.png 300w, https:\/\/suafem.unam.mx\/wp-content\/uploads\/2023\/04\/Recurso-4-1-24x7.png 24w, https:\/\/suafem.unam.mx\/wp-content\/uploads\/2023\/04\/Recurso-4-1-36x10.png 36w, https:\/\/suafem.unam.mx\/wp-content\/uploads\/2023\/04\/Recurso-4-1-48x14.png 48w\" sizes=\"(max-width: 383px) 100vw, 383px\" \/><\/figure>\n\n\n<div id=\"comp-ihhyw9bd\" class=\"txtNew\">\n<p><strong>Dra. Olbeth Hansberg. Coordinadora General del Seminario.<\/strong><\/p>\n<p><strong>Lic. Katya Hinke. Secretaria T\u00e9cnica del Seminario.<\/strong><\/p>\n<p><strong>Lic. Daniel Sober\u00f3n Blanco. Asistente del Seminario.<\/strong><\/p>\n<p><strong><br \/>Investigadores asociados:<\/strong><\/p>\n<p><strong>Dr. Abraham Sapi\u00e9n<\/strong><\/p>\n<p>(Estancia de investigaci\u00f3n en la Universidad de Texas en Austin)<\/p>\n<p><strong>Dr. David Fajardo Chica<\/strong><\/p>\n<p>(Estancia posdoctoral, Instituto de Investigaciones Filos\u00f3ficas- UNAM)<\/p>\n<p><strong>Dr. Leonardo Ramos-Uma\u00f1a<\/strong><\/p>\n<p>(Profesor en la Facultad de Filosof\u00eda y Letras de la UNAM)<\/p>\n<p><strong>Dr. Efra\u00edn Gayosso<\/strong><\/p>\n<p class=\"font_7\">(Profesor de la Facultad de Estudios Superiores-Acatl\u00e1n)<\/p>\n<p><strong>Dra. Susana Ram\u00edrez-Vizcaya<\/strong><\/p>\n<p>(Estancia postdoctoral, Instituto Investigaciones Filos\u00f3ficas-UNAM)<\/p>\n<p><strong>Dra. Roc\u00edo C\u00e1zares<\/strong><\/p>\n<p>(Universidad Aut\u00f3noma de Zacatecas)<\/p>\n<p><strong>Dr. Francisco Serrano<\/strong><\/p>\n<p>(Universidad Aut\u00f3noma de Zacatecas)<\/p>\n<p><strong>Dra. Diana Rojas Vel\u00e1squez<\/strong><\/p>\n<p>(Instituto de Investigaciones Filos\u00f3ficas, UNAM)<\/p>\n<p class=\"font_7\"><strong>Dra. Jessica Vargas Gonz\u00e1lez<\/strong><\/p>\n<p class=\"font_7\">(Profesora-investigadora, Centro de Estudios Internacionales de El Colegio de M\u00e9xico)\u00a0<\/p>\n<\/div>\n\n\n<p class=\"wp-block-paragraph\"><strong>Dr. Adrian Espinoza<\/strong><\/p>\n\n\n\n<p class=\"wp-block-paragraph\">(Profesor-investigador de la Academia de Filosof\u00eda e Historia de las Ideas de la UACM-Cuautepec)<\/p>\n\n\n\n<p class=\"wp-block-paragraph\"><strong>Dr. Jorge Oseguera<\/strong><\/p>\n\n\n\n<p class=\"wp-block-paragraph\">(Profesor-investigador en el Centro de Investigaci\u00f3n en Ciencias Cognitivas (CINCCO) de la Universidad Aut\u00f3noma del Estado de Morelos (UAEM))<\/p>\n","protected":false},"excerpt":{"rendered":"<p>Dra. Olbeth Hansberg. Coordinadora General del Seminario. Lic. Katya Hinke. Secretaria T\u00e9cnica del Seminario. Lic. Daniel Sober\u00f3n Blanco. Asistente del Seminario. Investigadores asociados: Dr. Abraham Sapi\u00e9n (Estancia de investigaci\u00f3n en la Universidad de Texas en Austin) Dr. David Fajardo Chica (Estancia posdoctoral, Instituto de Investigaciones Filos\u00f3ficas- UNAM) Dr. Leonardo Ramos-Uma\u00f1a (Profesor en la Facultad de &hellip; <\/p>\n<p class=\"link-more\"><a href=\"https:\/\/suafem.unam.mx\/?page_id=31\" class=\"more-link\">Continuar leyendo<span class=\"screen-reader-text\"> &#8220;Integrantes&#8221;<\/span><\/a><\/p>\n","protected":false},"author":2,"featured_media":0,"parent":0,"menu_order":0,"comment_status":"closed","ping_status":"closed","template":"","meta":{"_monsterinsights_skip_tracking":false,"footnotes":""},"class_list":["post-31","page","type-page","status-publish","hentry"],"aioseo_notices":[],"aioseo_head":"\n\t\t<!-- All in One SEO 5.0.0.1 - aioseo.com -->\n\t<meta name=\"description\" content=\"Dra. Olbeth Hansberg. Coordinadora General del Seminario. Lic. Katya Hinke. Secretaria T\u00e9cnica del Seminario. Lic. Daniel Sober\u00f3n Blanco. Asistente del Seminario. Investigadores asociados: Dr. Abraham Sapi\u00e9n (Estancia de investigaci\u00f3n en la Universidad de Texas en Austin) Dr. David Fajardo Chica (Estancia posdoctoral, Instituto de Investigaciones Filos\u00f3ficas- UNAM) Dr. Leonardo Ramos-Uma\u00f1a (Profesor en la Facultad de\" \/>\n\t<meta name=\"robots\" content=\"max-image-preview:large\" \/>\n\t<link rel=\"canonical\" href=\"https:\/\/suafem.unam.mx\/?page_id=31\" \/>\n\t<meta name=\"generator\" content=\"All in One SEO (AIOSEO) 5.0.0.1\" \/>\n\t\t<meta property=\"og:locale\" content=\"es_MX\" \/>\n\t\t<meta property=\"og:site_name\" content=\"Seminario Universitario sobre Afectividad y Emociones - suafem@unam.mx\" \/>\n\t\t<meta property=\"og:type\" content=\"article\" \/>\n\t\t<meta property=\"og:title\" content=\"Integrantes - Seminario Universitario sobre Afectividad y Emociones\" \/>\n\t\t<meta property=\"og:description\" content=\"Dra. Olbeth Hansberg. Coordinadora General del Seminario. Lic. Katya Hinke. Secretaria T\u00e9cnica del Seminario. Lic. Daniel Sober\u00f3n Blanco. Asistente del Seminario. Investigadores asociados: Dr. Abraham Sapi\u00e9n (Estancia de investigaci\u00f3n en la Universidad de Texas en Austin) Dr. David Fajardo Chica (Estancia posdoctoral, Instituto de Investigaciones Filos\u00f3ficas- UNAM) Dr. Leonardo Ramos-Uma\u00f1a (Profesor en la Facultad de\" \/>\n\t\t<meta property=\"og:url\" content=\"https:\/\/suafem.unam.mx\/?page_id=31\" \/>\n\t\t<meta property=\"og:image\" content=\"https:\/\/suafem.unam.mx\/wp-content\/uploads\/2022\/06\/cropped-logos.png\" \/>\n\t\t<meta property=\"og:image:secure_url\" content=\"https:\/\/suafem.unam.mx\/wp-content\/uploads\/2022\/06\/cropped-logos.png\" \/>\n\t\t<meta property=\"og:image:width\" content=\"1100\" \/>\n\t\t<meta property=\"og:image:height\" content=\"250\" \/>\n\t\t<meta property=\"article:published_time\" content=\"2018-04-19T01:14:23+00:00\" \/>\n\t\t<meta property=\"article:modified_time\" content=\"2026-03-04T17:30:05+00:00\" \/>\n\t\t<meta name=\"twitter:card\" content=\"summary\" \/>\n\t\t<meta name=\"twitter:title\" content=\"Integrantes - Seminario Universitario sobre Afectividad y Emociones\" \/>\n\t\t<meta name=\"twitter:description\" content=\"Dra. Olbeth Hansberg. Coordinadora General del Seminario. Lic. Katya Hinke. Secretaria T\u00e9cnica del Seminario. Lic. Daniel Sober\u00f3n Blanco. Asistente del Seminario. Investigadores asociados: Dr. Abraham Sapi\u00e9n (Estancia de investigaci\u00f3n en la Universidad de Texas en Austin) Dr. David Fajardo Chica (Estancia posdoctoral, Instituto de Investigaciones Filos\u00f3ficas- UNAM) Dr. Leonardo Ramos-Uma\u00f1a (Profesor en la Facultad de\" \/>\n\t\t<meta name=\"twitter:image\" content=\"https:\/\/suafem.unam.mx\/wp-content\/uploads\/2022\/06\/cropped-logos.png\" \/>\n\t\t<script type=\"application\/ld+json\" class=\"aioseo-schema\">\n\t\t\t{\"@context\":\"https:\\\/\\\/schema.org\",\"@graph\":[{\"@type\":\"BreadcrumbList\",\"@id\":\"https:\\\/\\\/suafem.unam.mx\\\/?page_id=31#breadcrumblist\",\"itemListElement\":[{\"@type\":\"ListItem\",\"@id\":\"https:\\\/\\\/suafem.unam.mx#listItem\",\"position\":1,\"name\":\"Home\",\"item\":\"https:\\\/\\\/suafem.unam.mx\",\"nextItem\":{\"@type\":\"ListItem\",\"@id\":\"https:\\\/\\\/suafem.unam.mx\\\/?page_id=31#listItem\",\"name\":\"Integrantes\"}},{\"@type\":\"ListItem\",\"@id\":\"https:\\\/\\\/suafem.unam.mx\\\/?page_id=31#listItem\",\"position\":2,\"name\":\"Integrantes\",\"previousItem\":{\"@type\":\"ListItem\",\"@id\":\"https:\\\/\\\/suafem.unam.mx#listItem\",\"name\":\"Home\"}}]},{\"@type\":\"Organization\",\"@id\":\"https:\\\/\\\/suafem.unam.mx\\\/#organization\",\"name\":\"Seminario Universitario sobre Afectividad y Emociones\",\"description\":\"suafem@unam.mx\",\"url\":\"https:\\\/\\\/suafem.unam.mx\\\/\",\"logo\":{\"@type\":\"ImageObject\",\"url\":\"https:\\\/\\\/suafem.unam.mx\\\/wp-content\\\/uploads\\\/2022\\\/06\\\/cropped-logos.png\",\"@id\":\"https:\\\/\\\/suafem.unam.mx\\\/?page_id=31\\\/#organizationLogo\",\"width\":1100,\"height\":250},\"image\":{\"@id\":\"https:\\\/\\\/suafem.unam.mx\\\/?page_id=31\\\/#organizationLogo\"}},{\"@type\":\"WebPage\",\"@id\":\"https:\\\/\\\/suafem.unam.mx\\\/?page_id=31#webpage\",\"url\":\"https:\\\/\\\/suafem.unam.mx\\\/?page_id=31\",\"name\":\"Integrantes - Seminario Universitario sobre Afectividad y Emociones\",\"description\":\"Dra. Olbeth Hansberg. Coordinadora General del Seminario. Lic. Katya Hinke. Secretaria T\\u00e9cnica del Seminario. Lic. Daniel Sober\\u00f3n Blanco. Asistente del Seminario. Investigadores asociados: Dr. Abraham Sapi\\u00e9n (Estancia de investigaci\\u00f3n en la Universidad de Texas en Austin) Dr. David Fajardo Chica (Estancia posdoctoral, Instituto de Investigaciones Filos\\u00f3ficas- UNAM) Dr. Leonardo Ramos-Uma\\u00f1a (Profesor en la Facultad de\",\"inLanguage\":\"es-MX\",\"isPartOf\":{\"@id\":\"https:\\\/\\\/suafem.unam.mx\\\/#website\"},\"breadcrumb\":{\"@id\":\"https:\\\/\\\/suafem.unam.mx\\\/?page_id=31#breadcrumblist\"},\"datePublished\":\"2018-04-19T01:14:23-05:00\",\"dateModified\":\"2026-03-04T11:30:05-06:00\"},{\"@type\":\"WebSite\",\"@id\":\"https:\\\/\\\/suafem.unam.mx\\\/#website\",\"url\":\"https:\\\/\\\/suafem.unam.mx\\\/\",\"name\":\"Seminario Universitario sobre Afectividad y Emociones\",\"description\":\"suafem@unam.mx\",\"inLanguage\":\"es-MX\",\"publisher\":{\"@id\":\"https:\\\/\\\/suafem.unam.mx\\\/#organization\"}}]}\n\t\t<\/script>\n\t\t<!-- All in One SEO -->\n\n","aioseo_head_json":{"title":"Integrantes - Seminario Universitario sobre Afectividad y Emociones","description":"Dra. Olbeth Hansberg. Coordinadora General del Seminario. Lic. Katya Hinke. Secretaria T\u00e9cnica del Seminario. Lic. Daniel Sober\u00f3n Blanco. Asistente del Seminario. Investigadores asociados: Dr. Abraham Sapi\u00e9n (Estancia de investigaci\u00f3n en la Universidad de Texas en Austin) Dr. David Fajardo Chica (Estancia posdoctoral, Instituto de Investigaciones Filos\u00f3ficas- UNAM) Dr. Leonardo Ramos-Uma\u00f1a (Profesor en la Facultad de","canonical_url":"https:\/\/suafem.unam.mx\/?page_id=31","robots":"max-image-preview:large","keywords":"","webmasterTools":{"miscellaneous":""},"schema":{"@context":"https:\/\/schema.org","@graph":[{"@type":"BreadcrumbList","@id":"https:\/\/suafem.unam.mx\/?page_id=31#breadcrumblist","itemListElement":[{"@type":"ListItem","@id":"https:\/\/suafem.unam.mx#listItem","position":1,"name":"Home","item":"https:\/\/suafem.unam.mx","nextItem":{"@type":"ListItem","@id":"https:\/\/suafem.unam.mx\/?page_id=31#listItem","name":"Integrantes"}},{"@type":"ListItem","@id":"https:\/\/suafem.unam.mx\/?page_id=31#listItem","position":2,"name":"Integrantes","previousItem":{"@type":"ListItem","@id":"https:\/\/suafem.unam.mx#listItem","name":"Home"}}]},{"@type":"Organization","@id":"https:\/\/suafem.unam.mx\/#organization","name":"Seminario Universitario sobre Afectividad y Emociones","description":"suafem@unam.mx","url":"https:\/\/suafem.unam.mx\/","logo":{"@type":"ImageObject","url":"https:\/\/suafem.unam.mx\/wp-content\/uploads\/2022\/06\/cropped-logos.png","@id":"https:\/\/suafem.unam.mx\/?page_id=31\/#organizationLogo","width":1100,"height":250},"image":{"@id":"https:\/\/suafem.unam.mx\/?page_id=31\/#organizationLogo"}},{"@type":"WebPage","@id":"https:\/\/suafem.unam.mx\/?page_id=31#webpage","url":"https:\/\/suafem.unam.mx\/?page_id=31","name":"Integrantes - Seminario Universitario sobre Afectividad y Emociones","description":"Dra. Olbeth Hansberg. Coordinadora General del Seminario. Lic. Katya Hinke. Secretaria T\u00e9cnica del Seminario. Lic. Daniel Sober\u00f3n Blanco. Asistente del Seminario. Investigadores asociados: Dr. Abraham Sapi\u00e9n (Estancia de investigaci\u00f3n en la Universidad de Texas en Austin) Dr. David Fajardo Chica (Estancia posdoctoral, Instituto de Investigaciones Filos\u00f3ficas- UNAM) Dr. Leonardo Ramos-Uma\u00f1a (Profesor en la Facultad de","inLanguage":"es-MX","isPartOf":{"@id":"https:\/\/suafem.unam.mx\/#website"},"breadcrumb":{"@id":"https:\/\/suafem.unam.mx\/?page_id=31#breadcrumblist"},"datePublished":"2018-04-19T01:14:23-05:00","dateModified":"2026-03-04T11:30:05-06:00"},{"@type":"WebSite","@id":"https:\/\/suafem.unam.mx\/#website","url":"https:\/\/suafem.unam.mx\/","name":"Seminario Universitario sobre Afectividad y Emociones","description":"suafem@unam.mx","inLanguage":"es-MX","publisher":{"@id":"https:\/\/suafem.unam.mx\/#organization"}}]},"og:locale":"es_MX","og:site_name":"Seminario Universitario sobre Afectividad y Emociones - suafem@unam.mx","og:type":"article","og:title":"Integrantes - Seminario Universitario sobre Afectividad y Emociones","og:description":"Dra. Olbeth Hansberg. Coordinadora General del Seminario. Lic. Katya Hinke. Secretaria T\u00e9cnica del Seminario. Lic. Daniel Sober\u00f3n Blanco. Asistente del Seminario. Investigadores asociados: Dr. Abraham Sapi\u00e9n (Estancia de investigaci\u00f3n en la Universidad de Texas en Austin) Dr. David Fajardo Chica (Estancia posdoctoral, Instituto de Investigaciones Filos\u00f3ficas- UNAM) Dr. Leonardo Ramos-Uma\u00f1a (Profesor en la Facultad de","og:url":"https:\/\/suafem.unam.mx\/?page_id=31","og:image":"https:\/\/suafem.unam.mx\/wp-content\/uploads\/2022\/06\/cropped-logos.png","og:image:secure_url":"https:\/\/suafem.unam.mx\/wp-content\/uploads\/2022\/06\/cropped-logos.png","og:image:width":1100,"og:image:height":250,"article:published_time":"2018-04-19T01:14:23+00:00","article:modified_time":"2026-03-04T17:30:05+00:00","twitter:card":"summary","twitter:title":"Integrantes - Seminario Universitario sobre Afectividad y Emociones","twitter:description":"Dra. Olbeth Hansberg. Coordinadora General del Seminario. Lic. Katya Hinke. Secretaria T\u00e9cnica del Seminario. Lic. Daniel Sober\u00f3n Blanco. Asistente del Seminario. Investigadores asociados: Dr. Abraham Sapi\u00e9n (Estancia de investigaci\u00f3n en la Universidad de Texas en Austin) Dr. David Fajardo Chica (Estancia posdoctoral, Instituto de Investigaciones Filos\u00f3ficas- UNAM) Dr. Leonardo Ramos-Uma\u00f1a (Profesor en la Facultad de","twitter:image":"https:\/\/suafem.unam.mx\/wp-content\/uploads\/2022\/06\/cropped-logos.png"},"aioseo_meta_data":{"post_id":"31","title":null,"description":null,"keywords":null,"keyphrases":{"focus":[],"additional":[]},"primary_term":null,"canonical_url":null,"og_title":null,"og_description":null,"og_object_type":"default","og_image_type":"default","og_image_url":null,"og_image_width":null,"og_image_height":null,"og_image_custom_url":null,"og_image_custom_fields":null,"og_video":"","og_custom_url":null,"og_article_section":null,"og_article_tags":null,"twitter_use_og":false,"twitter_card":"default","twitter_image_type":"default","twitter_image_url":null,"twitter_image_custom_url":null,"twitter_image_custom_fields":null,"twitter_title":null,"twitter_description":null,"schema":{"blockGraphs":[],"customGraphs":[],"default":{"data":{"Article":[],"Course":[],"Dataset":[],"FAQPage":[],"Movie":[],"Person":[],"Product":[],"ProductReview":[],"Car":[],"Recipe":[],"Service":[],"SoftwareApplication":[],"WebPage":[]},"graphName":"WebPage","isEnabled":true},"graphs":[],"defaultGraph":"","defaultPostTypeGraph":""},"schema_type":"default","schema_type_options":null,"pillar_content":false,"robots_default":true,"robots_noindex":false,"robots_noarchive":false,"robots_nosnippet":false,"robots_nofollow":false,"robots_noimageindex":false,"robots_noodp":false,"robots_notranslate":false,"robots_max_snippet":"-1","robots_max_videopreview":"-1","robots_max_imagepreview":"large","priority":null,"frequency":"default","local_seo":null,"breadcrumb_settings":null,"limit_modified_date":false,"ai":{"faqs":[],"keyPoints":[],"titles":[],"descriptions":[],"socialPosts":{"email":[],"linkedin":[],"twitter":[],"facebook":[],"instagram":[]}},"created":"2022-07-14 14:28:06","updated":"2026-08-25 18:16:51","seo_analyzer_scan_date":null,"focus_keyword":null,"additional_keywords":null,"truseo_locale":null},"aioseo_breadcrumb":"<div class=\"aioseo-breadcrumbs\"><span class=\"aioseo-breadcrumb\">\n\t\t\t<a href=\"https:\/\/suafem.unam.mx\" title=\"Home\">Home<\/a>\n\t\t<\/span><span class=\"aioseo-breadcrumb-separator\">&raquo;<\/span><span class=\"aioseo-breadcrumb\">\n\t\t\tIntegrantes\n\t\t<\/span><\/div>","aioseo_breadcrumb_json":[{"label":"Home","link":"https:\/\/suafem.unam.mx"},{"label":"Integrantes","link":"https:\/\/suafem.unam.mx\/?page_id=31"}],"_links":{"self":[{"href":"https:\/\/suafem.unam.mx\/index.php?rest_route=\/wp\/v2\/pages\/31","targetHints":{"allow":["GET"]}}],"collection":[{"href":"https:\/\/suafem.unam.mx\/index.php?rest_route=\/wp\/v2\/pages"}],"about":[{"href":"https:\/\/suafem.unam.mx\/index.php?rest_route=\/wp\/v2\/types\/page"}],"author":[{"embeddable":true,"href":"https:\/\/suafem.unam.mx\/index.php?rest_route=\/wp\/v2\/users\/2"}],"replies":[{"embeddable":true,"href":"https:\/\/suafem.unam.mx\/index.php?rest_route=%2Fwp%2Fv2%2Fcomments&post=31"}],"version-history":[{"count":28,"href":"https:\/\/suafem.unam.mx\/index.php?rest_route=\/wp\/v2\/pages\/31\/revisions"}],"predecessor-version":[{"id":1891,"href":"https:\/\/suafem.unam.mx\/index.php?rest_route=\/wp\/v2\/pages\/31\/revisions\/1891"}],"wp:attachment":[{"href":"https:\/\/suafem.unam.mx\/index.php?rest_route=%2Fwp%2Fv2%2Fmedia&parent=31"}],"curies":[{"name":"wp","href":"https:\/\/api.w.org\/{rel}","templated":true}]}}