{"id":1906,"date":"2026-07-28T13:14:36","date_gmt":"2026-07-28T19:14:36","guid":{"rendered":"https:\/\/suafem.unam.mx\/?page_id=1906"},"modified":"2026-08-25T12:21:51","modified_gmt":"2026-08-25T18:21:51","slug":"seminario-sobre-fenomenologia-de-las-emociones","status":"publish","type":"page","link":"https:\/\/suafem.unam.mx\/?page_id=1906","title":{"rendered":"Seminario Internacional Fenomenolog\u00eda de las Emociones"},"content":{"rendered":"\n<figure class=\"wp-block-image size-large\"><img fetchpriority=\"high\" decoding=\"async\" width=\"1024\" height=\"1024\" src=\"https:\/\/suafem.unam.mx\/wp-content\/uploads\/2026\/08\/SESIO\u0301N-1-EMILIO-VICUN\u0303A-1-1024x1024.jpg\" alt=\"\" class=\"wp-image-1947\" srcset=\"https:\/\/suafem.unam.mx\/wp-content\/uploads\/2026\/08\/SESIO\u0301N-1-EMILIO-VICUN\u0303A-1-1024x1024.jpg 1024w, https:\/\/suafem.unam.mx\/wp-content\/uploads\/2026\/08\/SESIO\u0301N-1-EMILIO-VICUN\u0303A-1-300x300.jpg 300w, https:\/\/suafem.unam.mx\/wp-content\/uploads\/2026\/08\/SESIO\u0301N-1-EMILIO-VICUN\u0303A-1-150x150.jpg 150w, https:\/\/suafem.unam.mx\/wp-content\/uploads\/2026\/08\/SESIO\u0301N-1-EMILIO-VICUN\u0303A-1-768x768.jpg 768w, https:\/\/suafem.unam.mx\/wp-content\/uploads\/2026\/08\/SESIO\u0301N-1-EMILIO-VICUN\u0303A-1-1536x1536.jpg 1536w, https:\/\/suafem.unam.mx\/wp-content\/uploads\/2026\/08\/SESIO\u0301N-1-EMILIO-VICUN\u0303A-1-2048x2048.jpg 2048w, https:\/\/suafem.unam.mx\/wp-content\/uploads\/2026\/08\/SESIO\u0301N-1-EMILIO-VICUN\u0303A-1-100x100.jpg 100w, https:\/\/suafem.unam.mx\/wp-content\/uploads\/2026\/08\/SESIO\u0301N-1-EMILIO-VICUN\u0303A-1-24x24.jpg 24w, https:\/\/suafem.unam.mx\/wp-content\/uploads\/2026\/08\/SESIO\u0301N-1-EMILIO-VICUN\u0303A-1-36x36.jpg 36w, https:\/\/suafem.unam.mx\/wp-content\/uploads\/2026\/08\/SESIO\u0301N-1-EMILIO-VICUN\u0303A-1-48x48.jpg 48w\" sizes=\"(max-width: 706px) 89vw, (max-width: 767px) 82vw, 740px\" \/><\/figure>\n\n\n\n<figure class=\"wp-block-gallery has-nested-images columns-default is-cropped wp-block-gallery-1 is-layout-flex wp-block-gallery-is-layout-flex\">\n<figure class=\"wp-block-image size-large\"><img decoding=\"async\" width=\"768\" height=\"1024\" data-id=\"1910\" src=\"https:\/\/suafem.unam.mx\/wp-content\/uploads\/2026\/07\/Cartel_SeminarioFenEmo-768x1024.jpg\" alt=\"\" class=\"wp-image-1910\" srcset=\"https:\/\/suafem.unam.mx\/wp-content\/uploads\/2026\/07\/Cartel_SeminarioFenEmo-768x1024.jpg 768w, https:\/\/suafem.unam.mx\/wp-content\/uploads\/2026\/07\/Cartel_SeminarioFenEmo-225x300.jpg 225w, https:\/\/suafem.unam.mx\/wp-content\/uploads\/2026\/07\/Cartel_SeminarioFenEmo-18x24.jpg 18w, https:\/\/suafem.unam.mx\/wp-content\/uploads\/2026\/07\/Cartel_SeminarioFenEmo-27x36.jpg 27w, https:\/\/suafem.unam.mx\/wp-content\/uploads\/2026\/07\/Cartel_SeminarioFenEmo-36x48.jpg 36w, https:\/\/suafem.unam.mx\/wp-content\/uploads\/2026\/07\/Cartel_SeminarioFenEmo.jpg 1062w\" sizes=\"(max-width: 706px) 89vw, (max-width: 767px) 82vw, 740px\" \/><\/figure>\n<\/figure>\n\n\n\n<figure class=\"wp-block-image size-large\"><img decoding=\"async\" width=\"768\" height=\"1024\" src=\"https:\/\/suafem.unam.mx\/wp-content\/uploads\/2026\/07\/Programa_SeminarioFenEmo-768x1024.jpeg\" alt=\"\" class=\"wp-image-1911\" srcset=\"https:\/\/suafem.unam.mx\/wp-content\/uploads\/2026\/07\/Programa_SeminarioFenEmo-768x1024.jpeg 768w, https:\/\/suafem.unam.mx\/wp-content\/uploads\/2026\/07\/Programa_SeminarioFenEmo-225x300.jpeg 225w, https:\/\/suafem.unam.mx\/wp-content\/uploads\/2026\/07\/Programa_SeminarioFenEmo-18x24.jpeg 18w, https:\/\/suafem.unam.mx\/wp-content\/uploads\/2026\/07\/Programa_SeminarioFenEmo-27x36.jpeg 27w, https:\/\/suafem.unam.mx\/wp-content\/uploads\/2026\/07\/Programa_SeminarioFenEmo-36x48.jpeg 36w, https:\/\/suafem.unam.mx\/wp-content\/uploads\/2026\/07\/Programa_SeminarioFenEmo.jpeg 1062w\" sizes=\"(max-width: 706px) 89vw, (max-width: 767px) 82vw, 740px\" \/><\/figure>\n\n\n\n<figure class=\"wp-block-image size-full\"><img loading=\"lazy\" decoding=\"async\" width=\"700\" height=\"467\" src=\"https:\/\/suafem.unam.mx\/wp-content\/uploads\/2026\/07\/Emilio-Vicun\u0303a.jpeg\" alt=\"\" class=\"wp-image-1912\" srcset=\"https:\/\/suafem.unam.mx\/wp-content\/uploads\/2026\/07\/Emilio-Vicun\u0303a.jpeg 700w, https:\/\/suafem.unam.mx\/wp-content\/uploads\/2026\/07\/Emilio-Vicun\u0303a-300x200.jpeg 300w, https:\/\/suafem.unam.mx\/wp-content\/uploads\/2026\/07\/Emilio-Vicun\u0303a-24x16.jpeg 24w, https:\/\/suafem.unam.mx\/wp-content\/uploads\/2026\/07\/Emilio-Vicun\u0303a-36x24.jpeg 36w, https:\/\/suafem.unam.mx\/wp-content\/uploads\/2026\/07\/Emilio-Vicun\u0303a-48x32.jpeg 48w\" sizes=\"(max-width: 700px) 100vw, 700px\" \/><\/figure>\n\n\n\n<p class=\"wp-block-paragraph\"><strong>Emilio Andr\u00e9s Vicu\u00f1a Zauschkevich<\/strong><\/p>\n\n\n\n<p class=\"wp-block-paragraph\">Profesor Asistente de la Facultad de Filosof\u00eda de la Pontificia Universidad Cat\u00f3lica de Chile desde 2023. Es Licenciado en Filosof\u00eda por la Pontificia Universidad Cat\u00f3lica de Chile (2010) y obtuvo los grados de MA (2016) y PhD (2020) en Filosof\u00eda en The New School for Social Research. Su principal \u00e1rea de investigaci\u00f3n es la fenomenolog\u00eda, con especial \u00e9nfasis en el pensamiento de Husserl. Sus investigaciones m\u00e1s recientes sobre este autor&nbsp;abordan temas como espacialidad y corporeidad, identidad personal, fenomenolog\u00eda de la experiencia l\u00fadica y fenomenolog\u00eda de los artefactos.<\/p>\n\n\n\n<figure class=\"wp-block-image size-large\"><img loading=\"lazy\" decoding=\"async\" width=\"950\" height=\"1024\" src=\"https:\/\/suafem.unam.mx\/wp-content\/uploads\/2026\/07\/Celia-Cabrera-950x1024.jpeg\" alt=\"\" class=\"wp-image-1915\" srcset=\"https:\/\/suafem.unam.mx\/wp-content\/uploads\/2026\/07\/Celia-Cabrera-950x1024.jpeg 950w, https:\/\/suafem.unam.mx\/wp-content\/uploads\/2026\/07\/Celia-Cabrera-278x300.jpeg 278w, https:\/\/suafem.unam.mx\/wp-content\/uploads\/2026\/07\/Celia-Cabrera-768x828.jpeg 768w, https:\/\/suafem.unam.mx\/wp-content\/uploads\/2026\/07\/Celia-Cabrera-1424x1536.jpeg 1424w, https:\/\/suafem.unam.mx\/wp-content\/uploads\/2026\/07\/Celia-Cabrera-1899x2048.jpeg 1899w, https:\/\/suafem.unam.mx\/wp-content\/uploads\/2026\/07\/Celia-Cabrera-22x24.jpeg 22w, https:\/\/suafem.unam.mx\/wp-content\/uploads\/2026\/07\/Celia-Cabrera-33x36.jpeg 33w, https:\/\/suafem.unam.mx\/wp-content\/uploads\/2026\/07\/Celia-Cabrera-45x48.jpeg 45w\" sizes=\"(max-width: 706px) 89vw, (max-width: 767px) 82vw, 740px\" \/><\/figure>\n\n\n\n<p class=\"wp-block-paragraph\"><strong>Celia Cabrera<\/strong><strong><\/strong><\/p>\n\n\n\n<p class=\"wp-block-paragraph\">Doctora en filosof\u00eda por la Universidad de Buenos Aires (2016). Actualmente profesora asistente en la Pontificia Universidad Cat\u00f3lica de Chile. Su \u00e1rea de investigaci\u00f3n principal es la \u00e9tica fenomenol\u00f3gica de Edmund Husserl, y la fenomenolog\u00eda de la valoraci\u00f3n y la voluntad. Realiz\u00f3 estad\u00edas de investigaci\u00f3n en el Archivo Husserl de la Universidad de Colonia, en la Universidad de Graz, en el Center for Subjectivity de la Universidad de Copenhagen. Fue investigadora posdoctoral en la Universidad de Padova y Fulbright visiting scholar en el Phenomenology Research Center (SUNY, Stony Brook).&nbsp; Entre sus \u00faltimos trabajos se cuentan: \u201cMeaning and Levels of Concordance in Individual Life. Husserl on the Ethical Task of Being True to Oneself\u201d (<em>Ph\u00e4nomenologische Forschungen,<\/em> 2026); &#8220;Husserl on Emotional Expectations and Emotional Disposition Toward the Future. A Contribution to Mindfulness Debates on Present Moment Awareness and Emotional Regulation&#8221; (Routledge, 2024), &#8220;Expectativa volitiva y expectativa emocional. Formas no d\u00f3xicas de direcci\u00f3n al futuro en la fenomenolog\u00eda de Husserl&#8221; (2025), y &#8220;Husserl on Disappointment in the Sphere of WIlling&#8221; (<em>Continental Philosophy Review<\/em>, 2025)<\/p>\n\n\n\n<p class=\"wp-block-paragraph\"><strong>T\u00edtulo:<\/strong> Fenomenolog\u00eda del amor.<\/p>\n\n\n\n<p class=\"wp-block-paragraph\"><strong>Resumen: <\/strong><strong><\/strong><\/p>\n\n\n\n<p class=\"wp-block-paragraph\">La presentaci\u00f3n propone un recorrido por diversas perspectivas fenomenol\u00f3gicas sobre el fen\u00f3meno del amor, atendiendo especialmente a su relevancia para la comprensi\u00f3n de la vida pr\u00e1ctica y moral. En primer lugar, se examinar\u00e1 la relaci\u00f3n entre amor y racionalidad, abordando la cuesti\u00f3n de las denominadas \u201crazones del amor\u201d y el modo en que el amor puede ser comprendido como una forma espec\u00edfica de respuesta fundada en la experiencia del valor. En segundo lugar, se analizar\u00e1 el v\u00ednculo entre amor y agencia moral, considerando el papel que las relaciones amorosas desempe\u00f1an en la configuraci\u00f3n de la identidad personal, la deliberaci\u00f3n pr\u00e1ctica y la orientaci\u00f3n de la acci\u00f3n. Asimismo, se explorar\u00e1 la relaci\u00f3n entre amor y valoraci\u00f3n, prestando especial atenci\u00f3n a la tensi\u00f3n entre concebir el amor como respuesta a valores previamente dados y entenderlo como una disposici\u00f3n o virtud que contribuye a la constituci\u00f3n misma de aquello que aparece como valioso. A lo largo de la presentaci\u00f3n, se pondr\u00e1n en di\u00e1logo los an\u00e1lisis fenomenol\u00f3gicos con perspectivas no fenomenol\u00f3gicas contempor\u00e1neas, con el fin de destacar convergencias, divergencias y posibles aportes rec\u00edprocos en la comprensi\u00f3n filos\u00f3fica del amor.<\/p>\n\n\n\n<figure class=\"wp-block-image size-large\"><img loading=\"lazy\" decoding=\"async\" width=\"1024\" height=\"683\" src=\"https:\/\/suafem.unam.mx\/wp-content\/uploads\/2026\/07\/Enrique_Munoz-1024x683.jpeg\" alt=\"\" class=\"wp-image-1919\" srcset=\"https:\/\/suafem.unam.mx\/wp-content\/uploads\/2026\/07\/Enrique_Munoz-1024x683.jpeg 1024w, https:\/\/suafem.unam.mx\/wp-content\/uploads\/2026\/07\/Enrique_Munoz-300x200.jpeg 300w, https:\/\/suafem.unam.mx\/wp-content\/uploads\/2026\/07\/Enrique_Munoz-768x512.jpeg 768w, https:\/\/suafem.unam.mx\/wp-content\/uploads\/2026\/07\/Enrique_Munoz-1536x1024.jpeg 1536w, https:\/\/suafem.unam.mx\/wp-content\/uploads\/2026\/07\/Enrique_Munoz-2048x1366.jpeg 2048w, https:\/\/suafem.unam.mx\/wp-content\/uploads\/2026\/07\/Enrique_Munoz-24x16.jpeg 24w, https:\/\/suafem.unam.mx\/wp-content\/uploads\/2026\/07\/Enrique_Munoz-36x24.jpeg 36w, https:\/\/suafem.unam.mx\/wp-content\/uploads\/2026\/07\/Enrique_Munoz-48x32.jpeg 48w\" sizes=\"(max-width: 706px) 89vw, (max-width: 767px) 82vw, 740px\" \/><\/figure>\n\n\n\n<p class=\"wp-block-paragraph\"><strong>Enrique V. Mu\u00f1oz P\u00e9rez<\/strong>, es Doctor en Filosof\u00eda por la Universidad de Friburgo, Alemania. Es profesor docente asociado de la Facultad de Filosof\u00eda de la PUC e investiga en temas de fenomenolog\u00eda alemana.<\/p>\n\n\n\n<p class=\"wp-block-paragraph\"><strong>El problema de la afectividad y la estratificaci\u00f3n de la vida emocional en Max Scheler.<\/strong><strong><\/strong><\/p>\n\n\n\n<p class=\"wp-block-paragraph\">Scheler se encuentra dentro de los disc\u00edpulos &#8220;creativos&#8221; o &#8220;rebeldes&#8221; de Husserl. Una de las tem\u00e1ticas en las que tiene una originalidad es en el plano \u00e9tico, debido al desarrollo de su \u00e9tica material de los valores. En dicha \u00e9tica, curiosamente, tambi\u00e9n desarrolla cuestiones relativas a la vida emocional que se complementan con otro texto paralelo como es &#8220;Esencia y formas de la simpat\u00eda&#8221;. En consecuencia, la ponencia procurar\u00e1 explicar este desarrollo<\/p>\n\n\n\n<figure class=\"wp-block-image size-large is-resized\"><img loading=\"lazy\" decoding=\"async\" width=\"768\" height=\"1024\" src=\"https:\/\/suafem.unam.mx\/wp-content\/uploads\/2026\/07\/Esteban-Mari\u0301n-768x1024.jpg\" alt=\"\" class=\"wp-image-1920\" style=\"width:475px;height:auto\" srcset=\"https:\/\/suafem.unam.mx\/wp-content\/uploads\/2026\/07\/Esteban-Mari\u0301n-768x1024.jpg 768w, https:\/\/suafem.unam.mx\/wp-content\/uploads\/2026\/07\/Esteban-Mari\u0301n-225x300.jpg 225w, https:\/\/suafem.unam.mx\/wp-content\/uploads\/2026\/07\/Esteban-Mari\u0301n-1152x1536.jpg 1152w, https:\/\/suafem.unam.mx\/wp-content\/uploads\/2026\/07\/Esteban-Mari\u0301n-1536x2048.jpg 1536w, https:\/\/suafem.unam.mx\/wp-content\/uploads\/2026\/07\/Esteban-Mari\u0301n-18x24.jpg 18w, https:\/\/suafem.unam.mx\/wp-content\/uploads\/2026\/07\/Esteban-Mari\u0301n-27x36.jpg 27w, https:\/\/suafem.unam.mx\/wp-content\/uploads\/2026\/07\/Esteban-Mari\u0301n-36x48.jpg 36w, https:\/\/suafem.unam.mx\/wp-content\/uploads\/2026\/07\/Esteban-Mari\u0301n-scaled.jpg 1920w\" sizes=\"(max-width: 706px) 89vw, (max-width: 767px) 82vw, 740px\" \/><\/figure>\n\n\n\n<p class=\"wp-block-paragraph\"><strong>Esteban Mar\u00edn \u00c1vila<\/strong> es Doctor en filosof\u00eda por la Universidad Nacional Aut\u00f3noma de M\u00e9xico (UNAM) y se desempe\u00f1a como Investigador Titular C de Tiempo Completo adscrito al Instituto de Filosof\u00eda de la Universidad Veracruzana (UV). De 2019 a 2014 fue Profesor e Investigador en el Instituto de Investigaciones Filos\u00f3ficas \u201cLuis Villoro\u201d de la Universidad Michoacana de San Nicol\u00e1s de Hidalgo (UMSNH) y entre 2018 y 2019 fue Acad\u00e9mico Visitante <em>Fulbright<\/em>&nbsp;en&nbsp;<em>Pennsylvania State University<\/em>. Ha impartido cursos de licenciatura y posgrado en distintas universidades de M\u00e9xico. Mar\u00edn \u00c1vila pertenece al Sistema Nacional de Investigadores (Nivel I) y adem\u00e1s de pertenecer a la <em>Red de Investigaci\u00f3n sobre Filosof\u00eda de las Emociones <\/em>es miembro ordinario del&nbsp;<em>C\u00edrculo latinoamericano de fenomenolog\u00eda&nbsp;<\/em>y del&nbsp;<em>Husserl Circle<\/em>. Su investigaci\u00f3n actual gira en torno a la filosof\u00eda de las emociones y problem\u00e1ticas \u00e9ticas, de racionalidad pr\u00e1ctica y de filosof\u00eda social desde una perspectiva fenomenol\u00f3gica y de teor\u00eda cr\u00edtica. Ha publicado sobre fenomenolog\u00eda, \u00e9tica, axiolog\u00eda, ontolog\u00eda social, normatividad social, filosof\u00eda de la violencia, filosof\u00eda de las emociones y derechos humanos. &nbsp;Recientemente public\u00f3 el libro <em>Sense and Uncertainty. A Phenomenology of Rational Actions in an Uncertain World,<\/em> Ohio University Press, 2025.<\/p>\n\n\n\n<p class=\"wp-block-paragraph\">Otros art\u00edculos, cap\u00edtulos de libro y entradas de enciclopedia del \u00faltimo a\u00f1o:<\/p>\n\n\n\n<p class=\"wp-block-paragraph\"><strong>Trust, as a Theme in Phenomenology<\/strong>, en <em>Encyclopedia of Phenomenology<\/em>, editado por Nicolas de Warren y Ted Toadvine. Springer Cham. 2025. eBook ISBN 978-3-030-47253-5 <a href=\"https:\/\/doi.org\/10.1007\/978-3-030-47253-5\">https:\/\/doi.org\/10.1007\/978-3-030-47253-5<\/a><\/p>\n\n\n\n<p class=\"wp-block-paragraph\"><strong>Generative Phenomenology<\/strong>, en <em>Encyclopedia of Phenomenology<\/em>, editado por Nicolas de Warren y Ted Toadvine. Springer Cham. 2025. eBook ISBN 978-3-030-47253-5 <a href=\"https:\/\/doi.org\/10.1007\/978-3-030-47253-5\">https:\/\/doi.org\/10.1007\/978-3-030-47253-5<\/a><\/p>\n\n\n\n<p class=\"wp-block-paragraph\">&nbsp;<strong>La dimensi\u00f3n emotiva de la racionalidad pr\u00e1ctica.&nbsp; Aproximaciones fenomenol\u00f3gicas a la ira, la esperanza y la confianza<\/strong>, en <em>Daimon. Revista Internacional de Filosof\u00eda. <\/em>2025, publicaci\u00f3n en avance. ISSN: 1989-4651 (electr\u00f3nico) <a href=\"http:\/\/dx.doi.org\/10.6018\/daimon.645121\">http:\/\/dx.doi.org\/10.6018\/daimon.645121<\/a><\/p>\n\n\n\n<p class=\"wp-block-paragraph\"><strong>Sacrificar la vida por el capital. Reflexiones fenomenol\u00f3gicas sobre el esp\u00edritu de la modernidad capitalista<\/strong><em>. <\/em>En <em>Derivas de la cr\u00edtica en tiempos de oscuridad, <\/em>editado por Emiliano Mendoza Sol\u00eds. Ciudad de M\u00e9xico: UNAM, 2025.<em> <\/em>LIBRUNAM 2275492 (libro electr\u00f3nico) | ISBN 9786075877747 (libro electr\u00f3nico), pp. 105-146.<\/p>\n\n\n\n<p class=\"wp-block-paragraph\"><strong>La construcci\u00f3n de emociones sociales en contextos de violencia: un di\u00e1logo transdisciplinario entre la filosof\u00eda de las emociones y el an\u00e1lisis conversacional<\/strong>. (Coautor\u00eda con Myrna Ojeda \u00c1valos). En <em>Derivas de la cr\u00edtica en tiempos de oscuridad, <\/em>editado por Emiliano Mendoza Sol\u00eds. Ciudad de M\u00e9xico: UNAM, 2025.<em> <\/em>LIBRUNAM 2275492 (libro electr\u00f3nico) | ISBN 9786075877747 (libro electr\u00f3nico), pp. 221-260.<\/p>\n\n\n\n<p class=\"wp-block-paragraph\"><strong>Reflexiones sobre la pretensi\u00f3n de universalidad de la filosof\u00eda hecha en las periferias<\/strong>, en <em>Reflexiones sobre la producci\u00f3n perif\u00e9rica de ideas<\/em>, editado por Luciano Concheiro San Vicente. Ciudad de M\u00e9xico: UNAM. 2025, pp. 229-248. ISBN (libro electr\u00f3nico): 978-607-587-039-7.<\/p>\n\n\n\n<p class=\"wp-block-paragraph\"><strong>\u00bfEs posible confiar racionalmente? Reflexiones fenomenol\u00f3gicas<\/strong><\/p>\n\n\n\n<p class=\"wp-block-paragraph\">La confianza en otras personas siempre es en alg\u00fan sentido y en alguna medida ciega, pues es incompatible con buscar controlarlas o con exigirles garant\u00edas de que honrar\u00e1n nuestra confianza. Confiar en alguien implica entre otras cosas respetar su libertad para honrar o traicionar nuestra confianza. La actitud de fiarse de que un objeto o una m\u00e1quina se comportar\u00e1 de cierta manera supone expectativas sobre dicho objeto que pueden ser o no racionales. En contraste, podemos confiar en otras personas para que hagan cosas que no podemos anticipar, o incluso para que nos sorprendan y hagan justamente algo que rompa con nuestras expectativas.<\/p>\n\n\n\n<p class=\"wp-block-paragraph\">\u00bfEs entonces posible confiar racionalmente? En esta pl\u00e1tica plantearemos que s\u00ed. Llevaremos a cabo un an\u00e1lisis fenomenol\u00f3gico de la confianza para exponer y&nbsp; desarrollar la idea de que confiar implica creer, valorar y querer ciertas cosas en relaci\u00f3n con las personas en quienes confiamos y con los asuntos que les confiamos. No siempre tenemos motivos para examinar por qu\u00e9 confiamos y no siempre es conveniente hacerlo. Sin embargo, al examinar las confianzas que depositamos en otras personas podemos preguntarnos por la racionalidad de nuestras creencias acerca de su capacidad y voluntad para hacer lo que les confiamos, o si realmente queremos establecer dicha relaci\u00f3n de confianza.<\/p>\n\n\n\n<p class=\"wp-block-paragraph\">Mostrar que es posible confiar racionalmente es importante porque equivale a mostrar que comportarse racionalmente no necesariamente significa buscar controlar a otras personas o las situaciones en las que nos encontramos, ni buscar anticipar todo lo que puede resultar de nuestro comportamiento. Por el contrario, confiar racionalmente en otras personas es compatible con aceptar que vivimos en un mundo incierto y que dependemos de otras personas que no podemos ni debemos controlar.&nbsp;<\/p>\n\n\n\n<p class=\"wp-block-paragraph\">Adem\u00e1s, entender lo que hay en juego al confiar es fundamental para entender los v\u00ednculos sociales que la confianza hace posible. Muchas veces las relaciones sociales implican ponderaciones racionales y l\u00f3gicas m\u00e1s complejas de lo que pudiera parecer a primera vista.<\/p>\n\n\n\n<figure class=\"wp-block-image size-large\"><img loading=\"lazy\" decoding=\"async\" width=\"683\" height=\"1024\" src=\"https:\/\/suafem.unam.mx\/wp-content\/uploads\/2026\/07\/Mariano-Crespo-683x1024.jpeg\" alt=\"\" class=\"wp-image-1923\" srcset=\"https:\/\/suafem.unam.mx\/wp-content\/uploads\/2026\/07\/Mariano-Crespo-683x1024.jpeg 683w, https:\/\/suafem.unam.mx\/wp-content\/uploads\/2026\/07\/Mariano-Crespo-200x300.jpeg 200w, https:\/\/suafem.unam.mx\/wp-content\/uploads\/2026\/07\/Mariano-Crespo-768x1152.jpeg 768w, https:\/\/suafem.unam.mx\/wp-content\/uploads\/2026\/07\/Mariano-Crespo-1024x1536.jpeg 1024w, https:\/\/suafem.unam.mx\/wp-content\/uploads\/2026\/07\/Mariano-Crespo-1365x2048.jpeg 1365w, https:\/\/suafem.unam.mx\/wp-content\/uploads\/2026\/07\/Mariano-Crespo-16x24.jpeg 16w, https:\/\/suafem.unam.mx\/wp-content\/uploads\/2026\/07\/Mariano-Crespo-24x36.jpeg 24w, https:\/\/suafem.unam.mx\/wp-content\/uploads\/2026\/07\/Mariano-Crespo-32x48.jpeg 32w, https:\/\/suafem.unam.mx\/wp-content\/uploads\/2026\/07\/Mariano-Crespo-scaled.jpeg 1707w\" sizes=\"(max-width: 683px) 100vw, 683px\" \/><\/figure>\n\n\n\n<p class=\"wp-block-paragraph\"><strong>Mariano Crespo<\/strong> es catedr\u00e1tico de Filosof\u00eda en la Universidad de Navarra. Doctor por la Universidad Complutense de Madrid, ha desarrollado tambi\u00e9n su labor acad\u00e9mica en la Internationale Akademie f\u00fcr Philosophie de Liechtenstein y en la Pontificia Universidad Cat\u00f3lica de Chile. Su investigaci\u00f3n se centra especialmente en la tradici\u00f3n fenomenol\u00f3gica de Edmund Husserl, la intencionalidad, la afectividad, la \u00e9tica y el perd\u00f3n. Entre sus publicaciones se encuentran trabajos sobre emociones, dignidad humana y racionalidad pr\u00e1ctica, as\u00ed como diversas traducciones y ediciones de textos fenomenol\u00f3gicos. Dirige proyectos y seminarios dedicados a la fenomenolog\u00eda y al di\u00e1logo entre filosof\u00eda, \u00e9tica y cultura contempor\u00e1nea.<\/p>\n\n\n\n<p class=\"wp-block-paragraph\"><strong>Fenomenolog\u00eda (revisitada) de la alegr\u00eda<\/strong><\/p>\n\n\n\n<p class=\"wp-block-paragraph\">Mi presentaci\u00f3n examina la fenomenolog\u00eda de la alegr\u00eda en Edmund Husserl, atendiendo a su estructura intencional, su dimensi\u00f3n afectiva y su relevancia para la constituci\u00f3n de la persona. Se distingue entre la alegr\u00eda como acto dirigido a algo valioso y la alegr\u00eda como estado o temple afectivo duradero. El estudio analiza las relaciones entre alegr\u00eda, agrado, placer y valoraci\u00f3n, as\u00ed como la temporalidad de la experiencia alegre y su \u201cefecto reverberante\u201d en la vida emocional. Tambi\u00e9n aborda la legitimidad y racionalidad de la alegr\u00eda, mostrando que esta depende tanto de valores objetivos como de la historia personal y los motivos subjetivos. Finalmente, se subraya la conexi\u00f3n entre alegr\u00eda, alteridad y amor, as\u00ed como la importancia de la \u201calegr\u00eda profunda\u201d para comprender la individualidad personal, la reflexividad emocional y la autoformaci\u00f3n \u00e9tica del sujeto.<\/p>\n\n\n\n<figure class=\"wp-block-image size-large\"><img loading=\"lazy\" decoding=\"async\" width=\"575\" height=\"1024\" src=\"https:\/\/suafem.unam.mx\/wp-content\/uploads\/2026\/07\/Micaela-Szeftel-575x1024.jpg\" alt=\"\" class=\"wp-image-1924\" srcset=\"https:\/\/suafem.unam.mx\/wp-content\/uploads\/2026\/07\/Micaela-Szeftel-575x1024.jpg 575w, https:\/\/suafem.unam.mx\/wp-content\/uploads\/2026\/07\/Micaela-Szeftel-169x300.jpg 169w, https:\/\/suafem.unam.mx\/wp-content\/uploads\/2026\/07\/Micaela-Szeftel-13x24.jpg 13w, https:\/\/suafem.unam.mx\/wp-content\/uploads\/2026\/07\/Micaela-Szeftel-20x36.jpg 20w, https:\/\/suafem.unam.mx\/wp-content\/uploads\/2026\/07\/Micaela-Szeftel-27x48.jpg 27w, https:\/\/suafem.unam.mx\/wp-content\/uploads\/2026\/07\/Micaela-Szeftel.jpg 719w\" sizes=\"(max-width: 575px) 100vw, 575px\" \/><\/figure>\n\n\n\n<p class=\"wp-block-paragraph\"><a><\/a>Universidad Nacional de General Sarmiento<\/p>\n\n\n\n<p class=\"wp-block-paragraph\"><strong>Micaela Szeftel<\/strong> es doctora en filosof\u00eda por la Universidad de Buenos Aires y profesora e investigadora en la Universidad Nacional de General Sarmiento. Tambi\u00e9n fue becaria doctoral y posdoctoral del Consejo Nacional de Investigaciones Cient\u00edficas y T\u00e9cnicas (CONICET) de Argentina. Su investigaci\u00f3n actual se inscribe en el \u00e1rea de la fenomenolog\u00eda de la afectividad, con especial \u00e9nfasis en la dimensi\u00f3n intersubjetiva de las emociones en la filosof\u00eda de Michel Henry, Edmund Husserl y Hermann Schmitz.&nbsp;Entre sus publicaciones se destacan el libro&nbsp;<em>Subjetividad y autoafecci\u00f3n: la problem\u00e1tica de la temporalidad en la fenomenolog\u00eda de Michel Henry<\/em>&nbsp;(Teseo, 2016), la co-edici\u00f3n (junto a Celia Cabrera) de la antolog\u00eda&nbsp;<em>Fenomenolog\u00eda de la vida afectiva&nbsp;<\/em>(Sb, 2021) y los art\u00edculos&nbsp;\u201cHacia un an\u00e1lisis concreto de la afectividad: horizonticidad est\u00e1tica y gen\u00e9tica de las emociones\u201d (2026),&nbsp;\u201cLas atm\u00f3sferas afectivas como dimensiones del espacio habitado\u201c (2023), y \u201cEmociones, comunidad y cultura. Una lectura de la dimensi\u00f3n intersubjetiva de la afectividad a partir de la fenomenolog\u00eda de Michel Henry\u201d (2021),&nbsp;entre otros. Es integrante del Grupo Husserl, del Programa de Estudios Michel Henry (UNGS) y de SEGAP (Seminario sobre g\u00e9nero, afectos y pol\u00edtica).<\/p>\n\n\n\n<p class=\"wp-block-paragraph\"><strong>An\u00e1lisis fenomenol\u00f3gico de la apat\u00eda y su dimensi\u00f3n pol\u00edtica<\/strong><\/p>\n\n\n\n<p class=\"wp-block-paragraph\">La hip\u00f3tesis de mi trabajo es que la apat\u00eda social y pol\u00edtica ante otros no es una disposici\u00f3n vinculada a la pasividad, al mero apaciguamiento del inter\u00e9s afectivo o una asedia generalizada, sino la emergencia de un efecto de superficie que encierra en verdad una compleja orquestaci\u00f3n de fen\u00f3menos afectivos diversos dentro de una red de comportamientos y actitudes situados. En particular, se abordar\u00e1n aquellas emociones que conducen a una evidente y progresiva abstracci\u00f3n del otro que vuelve al otro concreto irremediablemente adiaf\u00f3rico y neutro para m\u00ed, y es por ello que finalmente deviene no interpelante. Por lo tanto, la apat\u00eda no se sostiene por s\u00ed misma, sino que supone y oculta otros modos de configuraci\u00f3n afectiva y de relaci\u00f3n con los dem\u00e1s, especialmente amenazantes para la vida en com\u00fan.<\/p>\n\n\n\n<figure class=\"wp-block-image size-full\"><img loading=\"lazy\" decoding=\"async\" width=\"480\" height=\"640\" src=\"https:\/\/suafem.unam.mx\/wp-content\/uploads\/2026\/07\/Antonio-Zirio\u0301n.jpeg\" alt=\"\" class=\"wp-image-1926\" srcset=\"https:\/\/suafem.unam.mx\/wp-content\/uploads\/2026\/07\/Antonio-Zirio\u0301n.jpeg 480w, https:\/\/suafem.unam.mx\/wp-content\/uploads\/2026\/07\/Antonio-Zirio\u0301n-225x300.jpeg 225w, https:\/\/suafem.unam.mx\/wp-content\/uploads\/2026\/07\/Antonio-Zirio\u0301n-18x24.jpeg 18w, https:\/\/suafem.unam.mx\/wp-content\/uploads\/2026\/07\/Antonio-Zirio\u0301n-27x36.jpeg 27w, https:\/\/suafem.unam.mx\/wp-content\/uploads\/2026\/07\/Antonio-Zirio\u0301n-36x48.jpeg 36w\" sizes=\"(max-width: 480px) 100vw, 480px\" \/><\/figure>\n\n\n\n<p class=\"wp-block-paragraph\"><strong>Antonio Ziri\u00f3n Quijano<\/strong> (Cd. de M\u00e9xico, 1950) ha ense\u00f1ado en la Universidad Nacional Aut\u00f3noma de M\u00e9xico y en la Universidad Michoacana de San Nicol\u00e1s de Hidalgo (Morelia). Es traductor de varias obras de Edmund Husserl y desarrolla los proyectos del Diccionario Husserl y el Glosario-Gu\u00eda para Traducir a Husserl. Coordina la edici\u00f3n de las <em>Obras completas<\/em> de Jos\u00e9 Gaos. Es miembro fundador del C\u00edrculo Latinoamericano de Fenomenolog\u00eda y ha sido Coordinador del mismo en M\u00e9xico. Fue acad\u00e9mico del Instituto de Investigaciones Filos\u00f3ficas de la UNAM y en los \u00faltimos a\u00f1os estuvo adscrito a la Unidad de Investigaci\u00f3n sobre Representaciones Culturales y Sociales (UNAM, Campus Morelia). Actualmente se encuentra en retiro.<\/p>\n\n\n\n<p class=\"wp-block-paragraph\"><strong>Afectividad y colorido. Ambientes y atm\u00f3sferas<\/strong><\/p>\n\n\n\n<p class=\"wp-block-paragraph\">Se expondr\u00e1 de manera sencilla el contenido medular de las investigaciones de Husserl sobre la afectividad, distinguiendo los tres momentos de vivencia afectiva, reacci\u00f3n emotiva y estado de \u00e1nimo. A la luz de ese esquema, se expondr\u00e1 la noci\u00f3n del colorido de la vida, desarrollada por quien esto escribe. Como ilustraci\u00f3n y contraste, se expondr\u00e1n luego el concepto popular de ambiente, en sus vertientes objetiva y subjetiva, y el concepto de afectividad o sentimiento atmosf\u00e9rico (de Hermann Schmitz), y se cuestionar\u00e1 la compatibilidad de este \u00faltimo con una descripci\u00f3n fenomenol\u00f3gica (husserliana) de la vida afectiva.<\/p>\n\n\n\n<figure class=\"wp-block-image size-large\"><img loading=\"lazy\" decoding=\"async\" width=\"1024\" height=\"1024\" src=\"https:\/\/suafem.unam.mx\/wp-content\/uploads\/2026\/07\/IGNACIO-QUEPONS-1024x1024.png\" alt=\"\" class=\"wp-image-1929\" srcset=\"https:\/\/suafem.unam.mx\/wp-content\/uploads\/2026\/07\/IGNACIO-QUEPONS-1024x1024.png 1024w, https:\/\/suafem.unam.mx\/wp-content\/uploads\/2026\/07\/IGNACIO-QUEPONS-300x300.png 300w, https:\/\/suafem.unam.mx\/wp-content\/uploads\/2026\/07\/IGNACIO-QUEPONS-150x150.png 150w, https:\/\/suafem.unam.mx\/wp-content\/uploads\/2026\/07\/IGNACIO-QUEPONS-768x768.png 768w, https:\/\/suafem.unam.mx\/wp-content\/uploads\/2026\/07\/IGNACIO-QUEPONS-100x100.png 100w, https:\/\/suafem.unam.mx\/wp-content\/uploads\/2026\/07\/IGNACIO-QUEPONS-24x24.png 24w, https:\/\/suafem.unam.mx\/wp-content\/uploads\/2026\/07\/IGNACIO-QUEPONS-36x36.png 36w, https:\/\/suafem.unam.mx\/wp-content\/uploads\/2026\/07\/IGNACIO-QUEPONS-48x48.png 48w, https:\/\/suafem.unam.mx\/wp-content\/uploads\/2026\/07\/IGNACIO-QUEPONS.png 1334w\" sizes=\"(max-width: 706px) 89vw, (max-width: 767px) 82vw, 740px\" \/><\/figure>\n\n\n\n<p class=\"wp-block-paragraph\"><strong>Ignacio Quepons Ram\u00edrez<\/strong> es doctor en filosof\u00eda por la Universidad Nacional Aut\u00f3noma de M\u00e9xico. De 2011 a 2012 realiz\u00f3 estudios de doctorado en la Universidad de Colonia, Alemania, con apoyo del DAAD, y de 2014 a 2016 fue profesor de asignatura y posteriormente investigador postdoctoral en el departamento de Filosof\u00eda de la Universidad de Seattle. Desde 2017 es investigador titular del Instituto de Filosof\u00eda de la Universidad Veracruzana, donde adem\u00e1s es director del instituto desde 2021. Es miembro ordinario del C\u00edrculo Latinoamericano de Fenomenolog\u00eda, del Husserl Circle y miembro del Sistema Nacional de Investigadoras e Investigadores nivel 2.<\/p>\n\n\n\n<p class=\"wp-block-paragraph\"><strong>Ser infiel a uno mismo: la temporalidad del remordimiento y la culpa<\/strong><\/p>\n\n\n\n<p class=\"wp-block-paragraph\">La presentaci\u00f3n sugiere un estudio de las descripciones de Husserl, en su legado in\u00e9dito,sobre los horizontes y las habitualidades de la vida pr\u00e1ctica y valorativa, en relaci\u00f3n con la comprensi\u00f3n de los compromisos existenciales de una vocaci\u00f3n, as\u00ed como la aspiraci\u00f3n a una vida racional autorregulada. Para Husserl, la vida afectiva constituye un campo intuitivo de acceso a la esfera valorativa que se encuentra en la base de nuestros esfuerzos por fundamentar la esfera normativa en sentido pr\u00e1ctico. En este contexto, presentamos una exploraci\u00f3n fenomenol\u00f3gica de las vivencias del arrepentimiento y la culpa, con \u00e9nfasis en la disrupci\u00f3n del esquema sucesivo de la duraci\u00f3n que tiene lugar en tales vivencias, para poner de manifiesto la relevancia afectiva en la confirmaci\u00f3n de una contradicci\u00f3n pr\u00e1ctica que, en t\u00e9rminos \u00e9ticos, incide en la apreciaci\u00f3n del valor de la vida como totalidad.<\/p>\n","protected":false},"excerpt":{"rendered":"<p>Emilio Andr\u00e9s Vicu\u00f1a Zauschkevich Profesor Asistente de la Facultad de Filosof\u00eda de la Pontificia Universidad Cat\u00f3lica de Chile desde 2023. Es Licenciado en Filosof\u00eda por la Pontificia Universidad Cat\u00f3lica de Chile (2010) y obtuvo los grados de MA (2016) y PhD (2020) en Filosof\u00eda en The New School for Social Research. Su principal \u00e1rea de &hellip; <\/p>\n<p class=\"link-more\"><a href=\"https:\/\/suafem.unam.mx\/?page_id=1906\" class=\"more-link\">Continuar leyendo<span class=\"screen-reader-text\"> &#8220;Seminario Internacional Fenomenolog\u00eda de las Emociones&#8221;<\/span><\/a><\/p>\n","protected":false},"author":2,"featured_media":0,"parent":0,"menu_order":0,"comment_status":"closed","ping_status":"closed","template":"","meta":{"_monsterinsights_skip_tracking":false,"footnotes":""},"class_list":["post-1906","page","type-page","status-publish","hentry"],"aioseo_notices":[],"aioseo_head":"\n\t\t<!-- All in One SEO 5.0.0.1 - aioseo.com -->\n\t<meta name=\"description\" content=\"Emilio Andr\u00e9s Vicu\u00f1a Zauschkevich Profesor Asistente de la Facultad de Filosof\u00eda de la Pontificia Universidad Cat\u00f3lica de Chile desde 2023. Es Licenciado en Filosof\u00eda por la Pontificia Universidad Cat\u00f3lica de Chile (2010) y obtuvo los grados de MA (2016) y PhD (2020) en Filosof\u00eda en The New School for Social Research. Su principal \u00e1rea de\" \/>\n\t<meta name=\"robots\" content=\"max-image-preview:large\" \/>\n\t<link rel=\"canonical\" href=\"https:\/\/suafem.unam.mx\/?page_id=1906\" \/>\n\t<meta name=\"generator\" content=\"All in One SEO (AIOSEO) 5.0.0.1\" \/>\n\t\t<meta property=\"og:locale\" content=\"es_MX\" \/>\n\t\t<meta property=\"og:site_name\" content=\"Seminario Universitario sobre Afectividad y Emociones - suafem@unam.mx\" \/>\n\t\t<meta property=\"og:type\" content=\"article\" \/>\n\t\t<meta property=\"og:title\" content=\"Seminario Internacional Fenomenolog\u00eda de las Emociones - Seminario Universitario sobre Afectividad y Emociones\" \/>\n\t\t<meta property=\"og:description\" content=\"Emilio Andr\u00e9s Vicu\u00f1a Zauschkevich Profesor Asistente de la Facultad de Filosof\u00eda de la Pontificia Universidad Cat\u00f3lica de Chile desde 2023. Es Licenciado en Filosof\u00eda por la Pontificia Universidad Cat\u00f3lica de Chile (2010) y obtuvo los grados de MA (2016) y PhD (2020) en Filosof\u00eda en The New School for Social Research. Su principal \u00e1rea de\" \/>\n\t\t<meta property=\"og:url\" content=\"https:\/\/suafem.unam.mx\/?page_id=1906\" \/>\n\t\t<meta property=\"og:image\" content=\"https:\/\/suafem.unam.mx\/wp-content\/uploads\/2022\/06\/cropped-logos.png\" \/>\n\t\t<meta property=\"og:image:secure_url\" content=\"https:\/\/suafem.unam.mx\/wp-content\/uploads\/2022\/06\/cropped-logos.png\" \/>\n\t\t<meta property=\"og:image:width\" content=\"1100\" \/>\n\t\t<meta property=\"og:image:height\" content=\"250\" \/>\n\t\t<meta property=\"article:published_time\" content=\"2026-07-28T19:14:36+00:00\" \/>\n\t\t<meta property=\"article:modified_time\" content=\"2026-08-25T18:21:51+00:00\" \/>\n\t\t<meta name=\"twitter:card\" content=\"summary\" \/>\n\t\t<meta name=\"twitter:title\" content=\"Seminario Internacional Fenomenolog\u00eda de las Emociones - Seminario Universitario sobre Afectividad y Emociones\" \/>\n\t\t<meta name=\"twitter:description\" content=\"Emilio Andr\u00e9s Vicu\u00f1a Zauschkevich Profesor Asistente de la Facultad de Filosof\u00eda de la Pontificia Universidad Cat\u00f3lica de Chile desde 2023. Es Licenciado en Filosof\u00eda por la Pontificia Universidad Cat\u00f3lica de Chile (2010) y obtuvo los grados de MA (2016) y PhD (2020) en Filosof\u00eda en The New School for Social Research. Su principal \u00e1rea de\" \/>\n\t\t<meta name=\"twitter:image\" content=\"https:\/\/suafem.unam.mx\/wp-content\/uploads\/2022\/06\/cropped-logos.png\" \/>\n\t\t<script type=\"application\/ld+json\" class=\"aioseo-schema\">\n\t\t\t{\"@context\":\"https:\\\/\\\/schema.org\",\"@graph\":[{\"@type\":\"BreadcrumbList\",\"@id\":\"https:\\\/\\\/suafem.unam.mx\\\/?page_id=1906#breadcrumblist\",\"itemListElement\":[{\"@type\":\"ListItem\",\"@id\":\"https:\\\/\\\/suafem.unam.mx#listItem\",\"position\":1,\"name\":\"Home\",\"item\":\"https:\\\/\\\/suafem.unam.mx\",\"nextItem\":{\"@type\":\"ListItem\",\"@id\":\"https:\\\/\\\/suafem.unam.mx\\\/?page_id=1906#listItem\",\"name\":\"Seminario Internacional Fenomenolog\\u00eda de las Emociones\"}},{\"@type\":\"ListItem\",\"@id\":\"https:\\\/\\\/suafem.unam.mx\\\/?page_id=1906#listItem\",\"position\":2,\"name\":\"Seminario Internacional Fenomenolog\\u00eda de las Emociones\",\"previousItem\":{\"@type\":\"ListItem\",\"@id\":\"https:\\\/\\\/suafem.unam.mx#listItem\",\"name\":\"Home\"}}]},{\"@type\":\"Organization\",\"@id\":\"https:\\\/\\\/suafem.unam.mx\\\/#organization\",\"name\":\"Seminario Universitario sobre Afectividad y Emociones\",\"description\":\"suafem@unam.mx\",\"url\":\"https:\\\/\\\/suafem.unam.mx\\\/\",\"logo\":{\"@type\":\"ImageObject\",\"url\":\"https:\\\/\\\/suafem.unam.mx\\\/wp-content\\\/uploads\\\/2022\\\/06\\\/cropped-logos.png\",\"@id\":\"https:\\\/\\\/suafem.unam.mx\\\/?page_id=1906\\\/#organizationLogo\",\"width\":1100,\"height\":250},\"image\":{\"@id\":\"https:\\\/\\\/suafem.unam.mx\\\/?page_id=1906\\\/#organizationLogo\"}},{\"@type\":\"WebPage\",\"@id\":\"https:\\\/\\\/suafem.unam.mx\\\/?page_id=1906#webpage\",\"url\":\"https:\\\/\\\/suafem.unam.mx\\\/?page_id=1906\",\"name\":\"Seminario Internacional Fenomenolog\\u00eda de las Emociones - Seminario Universitario sobre Afectividad y Emociones\",\"description\":\"Emilio Andr\\u00e9s Vicu\\u00f1a Zauschkevich Profesor Asistente de la Facultad de Filosof\\u00eda de la Pontificia Universidad Cat\\u00f3lica de Chile desde 2023. Es Licenciado en Filosof\\u00eda por la Pontificia Universidad Cat\\u00f3lica de Chile (2010) y obtuvo los grados de MA (2016) y PhD (2020) en Filosof\\u00eda en The New School for Social Research. Su principal \\u00e1rea de\",\"inLanguage\":\"es-MX\",\"isPartOf\":{\"@id\":\"https:\\\/\\\/suafem.unam.mx\\\/#website\"},\"breadcrumb\":{\"@id\":\"https:\\\/\\\/suafem.unam.mx\\\/?page_id=1906#breadcrumblist\"},\"datePublished\":\"2026-07-28T13:14:36-06:00\",\"dateModified\":\"2026-08-25T12:21:51-06:00\"},{\"@type\":\"WebSite\",\"@id\":\"https:\\\/\\\/suafem.unam.mx\\\/#website\",\"url\":\"https:\\\/\\\/suafem.unam.mx\\\/\",\"name\":\"Seminario Universitario sobre Afectividad y Emociones\",\"description\":\"suafem@unam.mx\",\"inLanguage\":\"es-MX\",\"publisher\":{\"@id\":\"https:\\\/\\\/suafem.unam.mx\\\/#organization\"}}]}\n\t\t<\/script>\n\t\t<!-- All in One SEO -->\n\n","aioseo_head_json":{"title":"Seminario Internacional Fenomenolog\u00eda de las Emociones - Seminario Universitario sobre Afectividad y Emociones","description":"Emilio Andr\u00e9s Vicu\u00f1a Zauschkevich Profesor Asistente de la Facultad de Filosof\u00eda de la Pontificia Universidad Cat\u00f3lica de Chile desde 2023. Es Licenciado en Filosof\u00eda por la Pontificia Universidad Cat\u00f3lica de Chile (2010) y obtuvo los grados de MA (2016) y PhD (2020) en Filosof\u00eda en The New School for Social Research. Su principal \u00e1rea de","canonical_url":"https:\/\/suafem.unam.mx\/?page_id=1906","robots":"max-image-preview:large","keywords":"","webmasterTools":{"miscellaneous":""},"schema":{"@context":"https:\/\/schema.org","@graph":[{"@type":"BreadcrumbList","@id":"https:\/\/suafem.unam.mx\/?page_id=1906#breadcrumblist","itemListElement":[{"@type":"ListItem","@id":"https:\/\/suafem.unam.mx#listItem","position":1,"name":"Home","item":"https:\/\/suafem.unam.mx","nextItem":{"@type":"ListItem","@id":"https:\/\/suafem.unam.mx\/?page_id=1906#listItem","name":"Seminario Internacional Fenomenolog\u00eda de las Emociones"}},{"@type":"ListItem","@id":"https:\/\/suafem.unam.mx\/?page_id=1906#listItem","position":2,"name":"Seminario Internacional Fenomenolog\u00eda de las Emociones","previousItem":{"@type":"ListItem","@id":"https:\/\/suafem.unam.mx#listItem","name":"Home"}}]},{"@type":"Organization","@id":"https:\/\/suafem.unam.mx\/#organization","name":"Seminario Universitario sobre Afectividad y Emociones","description":"suafem@unam.mx","url":"https:\/\/suafem.unam.mx\/","logo":{"@type":"ImageObject","url":"https:\/\/suafem.unam.mx\/wp-content\/uploads\/2022\/06\/cropped-logos.png","@id":"https:\/\/suafem.unam.mx\/?page_id=1906\/#organizationLogo","width":1100,"height":250},"image":{"@id":"https:\/\/suafem.unam.mx\/?page_id=1906\/#organizationLogo"}},{"@type":"WebPage","@id":"https:\/\/suafem.unam.mx\/?page_id=1906#webpage","url":"https:\/\/suafem.unam.mx\/?page_id=1906","name":"Seminario Internacional Fenomenolog\u00eda de las Emociones - Seminario Universitario sobre Afectividad y Emociones","description":"Emilio Andr\u00e9s Vicu\u00f1a Zauschkevich Profesor Asistente de la Facultad de Filosof\u00eda de la Pontificia Universidad Cat\u00f3lica de Chile desde 2023. Es Licenciado en Filosof\u00eda por la Pontificia Universidad Cat\u00f3lica de Chile (2010) y obtuvo los grados de MA (2016) y PhD (2020) en Filosof\u00eda en The New School for Social Research. Su principal \u00e1rea de","inLanguage":"es-MX","isPartOf":{"@id":"https:\/\/suafem.unam.mx\/#website"},"breadcrumb":{"@id":"https:\/\/suafem.unam.mx\/?page_id=1906#breadcrumblist"},"datePublished":"2026-07-28T13:14:36-06:00","dateModified":"2026-08-25T12:21:51-06:00"},{"@type":"WebSite","@id":"https:\/\/suafem.unam.mx\/#website","url":"https:\/\/suafem.unam.mx\/","name":"Seminario Universitario sobre Afectividad y Emociones","description":"suafem@unam.mx","inLanguage":"es-MX","publisher":{"@id":"https:\/\/suafem.unam.mx\/#organization"}}]},"og:locale":"es_MX","og:site_name":"Seminario Universitario sobre Afectividad y Emociones - suafem@unam.mx","og:type":"article","og:title":"Seminario Internacional Fenomenolog\u00eda de las Emociones - Seminario Universitario sobre Afectividad y Emociones","og:description":"Emilio Andr\u00e9s Vicu\u00f1a Zauschkevich Profesor Asistente de la Facultad de Filosof\u00eda de la Pontificia Universidad Cat\u00f3lica de Chile desde 2023. Es Licenciado en Filosof\u00eda por la Pontificia Universidad Cat\u00f3lica de Chile (2010) y obtuvo los grados de MA (2016) y PhD (2020) en Filosof\u00eda en The New School for Social Research. Su principal \u00e1rea de","og:url":"https:\/\/suafem.unam.mx\/?page_id=1906","og:image":"https:\/\/suafem.unam.mx\/wp-content\/uploads\/2022\/06\/cropped-logos.png","og:image:secure_url":"https:\/\/suafem.unam.mx\/wp-content\/uploads\/2022\/06\/cropped-logos.png","og:image:width":1100,"og:image:height":250,"article:published_time":"2026-07-28T19:14:36+00:00","article:modified_time":"2026-08-25T18:21:51+00:00","twitter:card":"summary","twitter:title":"Seminario Internacional Fenomenolog\u00eda de las Emociones - Seminario Universitario sobre Afectividad y Emociones","twitter:description":"Emilio Andr\u00e9s Vicu\u00f1a Zauschkevich Profesor Asistente de la Facultad de Filosof\u00eda de la Pontificia Universidad Cat\u00f3lica de Chile desde 2023. Es Licenciado en Filosof\u00eda por la Pontificia Universidad Cat\u00f3lica de Chile (2010) y obtuvo los grados de MA (2016) y PhD (2020) en Filosof\u00eda en The New School for Social Research. Su principal \u00e1rea de","twitter:image":"https:\/\/suafem.unam.mx\/wp-content\/uploads\/2022\/06\/cropped-logos.png"},"aioseo_meta_data":{"post_id":"1906","title":null,"description":null,"keywords":null,"keyphrases":{"focus":{"keyphrase":"","score":0,"analysis":{"keyphraseInTitle":{"score":0,"maxScore":9,"error":1}}},"additional":[]},"primary_term":null,"canonical_url":null,"og_title":null,"og_description":null,"og_object_type":"default","og_image_type":"default","og_image_url":null,"og_image_width":null,"og_image_height":null,"og_image_custom_url":null,"og_image_custom_fields":null,"og_video":"","og_custom_url":null,"og_article_section":null,"og_article_tags":null,"twitter_use_og":false,"twitter_card":"default","twitter_image_type":"default","twitter_image_url":null,"twitter_image_custom_url":null,"twitter_image_custom_fields":null,"twitter_title":null,"twitter_description":null,"schema":{"blockGraphs":[],"customGraphs":[],"default":{"data":{"Article":[],"Course":[],"Dataset":[],"FAQPage":[],"Movie":[],"Person":[],"Product":[],"ProductReview":[],"Car":[],"Recipe":[],"Service":[],"SoftwareApplication":[],"WebPage":[]},"graphName":"WebPage","isEnabled":true},"graphs":[]},"schema_type":"default","schema_type_options":null,"pillar_content":false,"robots_default":true,"robots_noindex":false,"robots_noarchive":false,"robots_nosnippet":false,"robots_nofollow":false,"robots_noimageindex":false,"robots_noodp":false,"robots_notranslate":false,"robots_max_snippet":"-1","robots_max_videopreview":"-1","robots_max_imagepreview":"large","priority":null,"frequency":"default","local_seo":null,"breadcrumb_settings":null,"limit_modified_date":false,"ai":{"faqs":[],"keyPoints":[],"schemas":[],"titles":[],"descriptions":[],"socialPosts":{"email":{"subject":"","preview":"","content":""},"linkedin":[],"twitter":[],"facebook":[],"instagram":[]}},"created":"2026-07-28 19:14:37","updated":"2026-08-25 18:21:51","seo_analyzer_scan_date":null,"focus_keyword":null,"additional_keywords":null,"truseo_locale":null},"aioseo_breadcrumb":"<div class=\"aioseo-breadcrumbs\"><span class=\"aioseo-breadcrumb\">\n\t\t\t<a href=\"https:\/\/suafem.unam.mx\" title=\"Home\">Home<\/a>\n\t\t<\/span><span class=\"aioseo-breadcrumb-separator\">&raquo;<\/span><span class=\"aioseo-breadcrumb\">\n\t\t\tSeminario Internacional Fenomenolog\u00eda de las Emociones\n\t\t<\/span><\/div>","aioseo_breadcrumb_json":[{"label":"Home","link":"https:\/\/suafem.unam.mx"},{"label":"Seminario Internacional Fenomenolog\u00eda de las Emociones","link":"https:\/\/suafem.unam.mx\/?page_id=1906"}],"_links":{"self":[{"href":"https:\/\/suafem.unam.mx\/index.php?rest_route=\/wp\/v2\/pages\/1906","targetHints":{"allow":["GET"]}}],"collection":[{"href":"https:\/\/suafem.unam.mx\/index.php?rest_route=\/wp\/v2\/pages"}],"about":[{"href":"https:\/\/suafem.unam.mx\/index.php?rest_route=\/wp\/v2\/types\/page"}],"author":[{"embeddable":true,"href":"https:\/\/suafem.unam.mx\/index.php?rest_route=\/wp\/v2\/users\/2"}],"replies":[{"embeddable":true,"href":"https:\/\/suafem.unam.mx\/index.php?rest_route=%2Fwp%2Fv2%2Fcomments&post=1906"}],"version-history":[{"count":11,"href":"https:\/\/suafem.unam.mx\/index.php?rest_route=\/wp\/v2\/pages\/1906\/revisions"}],"predecessor-version":[{"id":1948,"href":"https:\/\/suafem.unam.mx\/index.php?rest_route=\/wp\/v2\/pages\/1906\/revisions\/1948"}],"wp:attachment":[{"href":"https:\/\/suafem.unam.mx\/index.php?rest_route=%2Fwp%2Fv2%2Fmedia&parent=1906"}],"curies":[{"name":"wp","href":"https:\/\/api.w.org\/{rel}","templated":true}]}}