{"id":1866,"date":"2026-01-08T19:12:23","date_gmt":"2026-01-09T01:12:23","guid":{"rendered":"https:\/\/suafem.unam.mx\/?page_id=1866"},"modified":"2026-01-08T19:14:24","modified_gmt":"2026-01-09T01:14:24","slug":"protocolo-para-la-atencion-integral-de-casos-de-violencia-por-razones-de-genero","status":"publish","type":"page","link":"https:\/\/suafem.unam.mx\/?page_id=1866","title":{"rendered":"Protocolo para la atenci\u00f3n integral de casos de violencia por razones de g\u00e9nero."},"content":{"rendered":"\n<p class=\"wp-block-paragraph\">El 17 de noviembre de 2022 se public\u00f3 en Gaceta UNAM una versi\u00f3n m\u00e1s reciente del Protocolo, con el fin de actualizar su procedimiento a los cambios realizados al Estatuto General en el a\u00f1o 2020, donde, gracias al trabajo de las activistas universitarias, ahora se reconoce como falta grave la violencia por razones de g\u00e9nero.<\/p>\n\n\n\n<p class=\"wp-block-paragraph\"><strong><a href=\"https:\/\/bit.ly\/unam-protocolo-genero-2022\" target=\"_blank\" rel=\"noopener\" title=\"\">Consulta aqu\u00ed la versi\u00f3n actualizada del\u00a0<em>Protocolo la para atenci\u00f3n integral de casos de violencia por razones de g\u00e9nero<\/em>.<\/a><\/strong><\/p>\n\n\n\n<div data-wp-interactive=\"core\/file\" class=\"wp-block-file\"><object data-wp-bind--hidden=\"!state.hasPdfPreview\" hidden class=\"wp-block-file__embed\" data=\"http:\/\/suafem.unam.mx\/wp-content\/uploads\/2026\/01\/protocolo-atencion-integral-de-violencia-por-razones-de-genero.pdf\" type=\"application\/pdf\" style=\"width:100%;height:600px\" aria-label=\"Incrustado de protocolo-atencion-integral-de-violencia-por-razones-de-genero.\"><\/object><a id=\"wp-block-file--media-3a904e8b-878c-48cc-9465-f0160e1b7f7b\" href=\"http:\/\/suafem.unam.mx\/wp-content\/uploads\/2026\/01\/protocolo-atencion-integral-de-violencia-por-razones-de-genero.pdf\">protocolo-atencion-integral-de-violencia-por-razones-de-genero<\/a><a href=\"http:\/\/suafem.unam.mx\/wp-content\/uploads\/2026\/01\/protocolo-atencion-integral-de-violencia-por-razones-de-genero.pdf\" class=\"wp-block-file__button wp-element-button\" download aria-describedby=\"wp-block-file--media-3a904e8b-878c-48cc-9465-f0160e1b7f7b\">Descarga<\/a><\/div>\n","protected":false},"excerpt":{"rendered":"<p>El 17 de noviembre de 2022 se public\u00f3 en Gaceta UNAM una versi\u00f3n m\u00e1s reciente del Protocolo, con el fin de actualizar su procedimiento a los cambios realizados al Estatuto General en el a\u00f1o 2020, donde, gracias al trabajo de las activistas universitarias, ahora se reconoce como falta grave la violencia por razones de g\u00e9nero. &hellip; <\/p>\n<p class=\"link-more\"><a href=\"https:\/\/suafem.unam.mx\/?page_id=1866\" class=\"more-link\">Continuar leyendo<span class=\"screen-reader-text\"> &#8220;Protocolo para la atenci\u00f3n integral de casos de violencia por razones de g\u00e9nero.&#8221;<\/span><\/a><\/p>\n","protected":false},"author":2,"featured_media":0,"parent":0,"menu_order":0,"comment_status":"closed","ping_status":"closed","template":"","meta":{"_monsterinsights_skip_tracking":false,"footnotes":""},"class_list":["post-1866","page","type-page","status-publish","hentry"],"aioseo_notices":[],"aioseo_head":"\n\t\t<!-- All in One SEO 5.0.0.1 - aioseo.com -->\n\t<meta name=\"description\" content=\"El 17 de noviembre de 2022 se public\u00f3 en Gaceta UNAM una versi\u00f3n m\u00e1s reciente del Protocolo, con el fin de actualizar su procedimiento a los cambios realizados al Estatuto General en el a\u00f1o 2020, donde, gracias al trabajo de las activistas universitarias, ahora se reconoce como falta grave la violencia por razones de g\u00e9nero.\" \/>\n\t<meta name=\"robots\" content=\"max-image-preview:large\" \/>\n\t<link rel=\"canonical\" href=\"https:\/\/suafem.unam.mx\/?page_id=1866\" \/>\n\t<meta name=\"generator\" content=\"All in One SEO (AIOSEO) 5.0.0.1\" \/>\n\t\t<meta property=\"og:locale\" content=\"es_MX\" \/>\n\t\t<meta property=\"og:site_name\" content=\"Seminario Universitario sobre Afectividad y Emociones - suafem@unam.mx\" \/>\n\t\t<meta property=\"og:type\" content=\"article\" \/>\n\t\t<meta property=\"og:title\" content=\"Protocolo para la atenci\u00f3n integral de casos de violencia por razones de g\u00e9nero. - Seminario Universitario sobre Afectividad y Emociones\" \/>\n\t\t<meta property=\"og:description\" content=\"El 17 de noviembre de 2022 se public\u00f3 en Gaceta UNAM una versi\u00f3n m\u00e1s reciente del Protocolo, con el fin de actualizar su procedimiento a los cambios realizados al Estatuto General en el a\u00f1o 2020, donde, gracias al trabajo de las activistas universitarias, ahora se reconoce como falta grave la violencia por razones de g\u00e9nero.\" \/>\n\t\t<meta property=\"og:url\" content=\"https:\/\/suafem.unam.mx\/?page_id=1866\" \/>\n\t\t<meta property=\"og:image\" content=\"https:\/\/suafem.unam.mx\/wp-content\/uploads\/2022\/06\/cropped-logos.png\" \/>\n\t\t<meta property=\"og:image:secure_url\" content=\"https:\/\/suafem.unam.mx\/wp-content\/uploads\/2022\/06\/cropped-logos.png\" \/>\n\t\t<meta property=\"og:image:width\" content=\"1100\" \/>\n\t\t<meta property=\"og:image:height\" content=\"250\" \/>\n\t\t<meta property=\"article:published_time\" content=\"2026-01-09T01:12:23+00:00\" \/>\n\t\t<meta property=\"article:modified_time\" content=\"2026-01-09T01:14:24+00:00\" \/>\n\t\t<meta name=\"twitter:card\" content=\"summary\" \/>\n\t\t<meta name=\"twitter:title\" content=\"Protocolo para la atenci\u00f3n integral de casos de violencia por razones de g\u00e9nero. - Seminario Universitario sobre Afectividad y Emociones\" \/>\n\t\t<meta name=\"twitter:description\" content=\"El 17 de noviembre de 2022 se public\u00f3 en Gaceta UNAM una versi\u00f3n m\u00e1s reciente del Protocolo, con el fin de actualizar su procedimiento a los cambios realizados al Estatuto General en el a\u00f1o 2020, donde, gracias al trabajo de las activistas universitarias, ahora se reconoce como falta grave la violencia por razones de g\u00e9nero.\" \/>\n\t\t<meta name=\"twitter:image\" content=\"https:\/\/suafem.unam.mx\/wp-content\/uploads\/2022\/06\/cropped-logos.png\" \/>\n\t\t<script type=\"application\/ld+json\" class=\"aioseo-schema\">\n\t\t\t{\"@context\":\"https:\\\/\\\/schema.org\",\"@graph\":[{\"@type\":\"BreadcrumbList\",\"@id\":\"https:\\\/\\\/suafem.unam.mx\\\/?page_id=1866#breadcrumblist\",\"itemListElement\":[{\"@type\":\"ListItem\",\"@id\":\"https:\\\/\\\/suafem.unam.mx#listItem\",\"position\":1,\"name\":\"Home\",\"item\":\"https:\\\/\\\/suafem.unam.mx\",\"nextItem\":{\"@type\":\"ListItem\",\"@id\":\"https:\\\/\\\/suafem.unam.mx\\\/?page_id=1866#listItem\",\"name\":\"Protocolo para la atenci\\u00f3n integral de casos de violencia por razones de g\\u00e9nero.\"}},{\"@type\":\"ListItem\",\"@id\":\"https:\\\/\\\/suafem.unam.mx\\\/?page_id=1866#listItem\",\"position\":2,\"name\":\"Protocolo para la atenci\\u00f3n integral de casos de violencia por razones de g\\u00e9nero.\",\"previousItem\":{\"@type\":\"ListItem\",\"@id\":\"https:\\\/\\\/suafem.unam.mx#listItem\",\"name\":\"Home\"}}]},{\"@type\":\"Organization\",\"@id\":\"https:\\\/\\\/suafem.unam.mx\\\/#organization\",\"name\":\"Seminario Universitario sobre Afectividad y Emociones\",\"description\":\"suafem@unam.mx\",\"url\":\"https:\\\/\\\/suafem.unam.mx\\\/\",\"logo\":{\"@type\":\"ImageObject\",\"url\":\"https:\\\/\\\/suafem.unam.mx\\\/wp-content\\\/uploads\\\/2022\\\/06\\\/cropped-logos.png\",\"@id\":\"https:\\\/\\\/suafem.unam.mx\\\/?page_id=1866\\\/#organizationLogo\",\"width\":1100,\"height\":250},\"image\":{\"@id\":\"https:\\\/\\\/suafem.unam.mx\\\/?page_id=1866\\\/#organizationLogo\"}},{\"@type\":\"WebPage\",\"@id\":\"https:\\\/\\\/suafem.unam.mx\\\/?page_id=1866#webpage\",\"url\":\"https:\\\/\\\/suafem.unam.mx\\\/?page_id=1866\",\"name\":\"Protocolo para la atenci\\u00f3n integral de casos de violencia por razones de g\\u00e9nero. - Seminario Universitario sobre Afectividad y Emociones\",\"description\":\"El 17 de noviembre de 2022 se public\\u00f3 en Gaceta UNAM una versi\\u00f3n m\\u00e1s reciente del Protocolo, con el fin de actualizar su procedimiento a los cambios realizados al Estatuto General en el a\\u00f1o 2020, donde, gracias al trabajo de las activistas universitarias, ahora se reconoce como falta grave la violencia por razones de g\\u00e9nero.\",\"inLanguage\":\"es-MX\",\"isPartOf\":{\"@id\":\"https:\\\/\\\/suafem.unam.mx\\\/#website\"},\"breadcrumb\":{\"@id\":\"https:\\\/\\\/suafem.unam.mx\\\/?page_id=1866#breadcrumblist\"},\"datePublished\":\"2026-01-08T19:12:23-06:00\",\"dateModified\":\"2026-01-08T19:14:24-06:00\"},{\"@type\":\"WebSite\",\"@id\":\"https:\\\/\\\/suafem.unam.mx\\\/#website\",\"url\":\"https:\\\/\\\/suafem.unam.mx\\\/\",\"name\":\"Seminario Universitario sobre Afectividad y Emociones\",\"description\":\"suafem@unam.mx\",\"inLanguage\":\"es-MX\",\"publisher\":{\"@id\":\"https:\\\/\\\/suafem.unam.mx\\\/#organization\"}}]}\n\t\t<\/script>\n\t\t<!-- All in One SEO -->\n\n","aioseo_head_json":{"title":"Protocolo para la atenci\u00f3n integral de casos de violencia por razones de g\u00e9nero. - Seminario Universitario sobre Afectividad y Emociones","description":"El 17 de noviembre de 2022 se public\u00f3 en Gaceta UNAM una versi\u00f3n m\u00e1s reciente del Protocolo, con el fin de actualizar su procedimiento a los cambios realizados al Estatuto General en el a\u00f1o 2020, donde, gracias al trabajo de las activistas universitarias, ahora se reconoce como falta grave la violencia por razones de g\u00e9nero.","canonical_url":"https:\/\/suafem.unam.mx\/?page_id=1866","robots":"max-image-preview:large","keywords":"","webmasterTools":{"miscellaneous":""},"schema":{"@context":"https:\/\/schema.org","@graph":[{"@type":"BreadcrumbList","@id":"https:\/\/suafem.unam.mx\/?page_id=1866#breadcrumblist","itemListElement":[{"@type":"ListItem","@id":"https:\/\/suafem.unam.mx#listItem","position":1,"name":"Home","item":"https:\/\/suafem.unam.mx","nextItem":{"@type":"ListItem","@id":"https:\/\/suafem.unam.mx\/?page_id=1866#listItem","name":"Protocolo para la atenci\u00f3n integral de casos de violencia por razones de g\u00e9nero."}},{"@type":"ListItem","@id":"https:\/\/suafem.unam.mx\/?page_id=1866#listItem","position":2,"name":"Protocolo para la atenci\u00f3n integral de casos de violencia por razones de g\u00e9nero.","previousItem":{"@type":"ListItem","@id":"https:\/\/suafem.unam.mx#listItem","name":"Home"}}]},{"@type":"Organization","@id":"https:\/\/suafem.unam.mx\/#organization","name":"Seminario Universitario sobre Afectividad y Emociones","description":"suafem@unam.mx","url":"https:\/\/suafem.unam.mx\/","logo":{"@type":"ImageObject","url":"https:\/\/suafem.unam.mx\/wp-content\/uploads\/2022\/06\/cropped-logos.png","@id":"https:\/\/suafem.unam.mx\/?page_id=1866\/#organizationLogo","width":1100,"height":250},"image":{"@id":"https:\/\/suafem.unam.mx\/?page_id=1866\/#organizationLogo"}},{"@type":"WebPage","@id":"https:\/\/suafem.unam.mx\/?page_id=1866#webpage","url":"https:\/\/suafem.unam.mx\/?page_id=1866","name":"Protocolo para la atenci\u00f3n integral de casos de violencia por razones de g\u00e9nero. - Seminario Universitario sobre Afectividad y Emociones","description":"El 17 de noviembre de 2022 se public\u00f3 en Gaceta UNAM una versi\u00f3n m\u00e1s reciente del Protocolo, con el fin de actualizar su procedimiento a los cambios realizados al Estatuto General en el a\u00f1o 2020, donde, gracias al trabajo de las activistas universitarias, ahora se reconoce como falta grave la violencia por razones de g\u00e9nero.","inLanguage":"es-MX","isPartOf":{"@id":"https:\/\/suafem.unam.mx\/#website"},"breadcrumb":{"@id":"https:\/\/suafem.unam.mx\/?page_id=1866#breadcrumblist"},"datePublished":"2026-01-08T19:12:23-06:00","dateModified":"2026-01-08T19:14:24-06:00"},{"@type":"WebSite","@id":"https:\/\/suafem.unam.mx\/#website","url":"https:\/\/suafem.unam.mx\/","name":"Seminario Universitario sobre Afectividad y Emociones","description":"suafem@unam.mx","inLanguage":"es-MX","publisher":{"@id":"https:\/\/suafem.unam.mx\/#organization"}}]},"og:locale":"es_MX","og:site_name":"Seminario Universitario sobre Afectividad y Emociones - suafem@unam.mx","og:type":"article","og:title":"Protocolo para la atenci\u00f3n integral de casos de violencia por razones de g\u00e9nero. - Seminario Universitario sobre Afectividad y Emociones","og:description":"El 17 de noviembre de 2022 se public\u00f3 en Gaceta UNAM una versi\u00f3n m\u00e1s reciente del Protocolo, con el fin de actualizar su procedimiento a los cambios realizados al Estatuto General en el a\u00f1o 2020, donde, gracias al trabajo de las activistas universitarias, ahora se reconoce como falta grave la violencia por razones de g\u00e9nero.","og:url":"https:\/\/suafem.unam.mx\/?page_id=1866","og:image":"https:\/\/suafem.unam.mx\/wp-content\/uploads\/2022\/06\/cropped-logos.png","og:image:secure_url":"https:\/\/suafem.unam.mx\/wp-content\/uploads\/2022\/06\/cropped-logos.png","og:image:width":1100,"og:image:height":250,"article:published_time":"2026-01-09T01:12:23+00:00","article:modified_time":"2026-01-09T01:14:24+00:00","twitter:card":"summary","twitter:title":"Protocolo para la atenci\u00f3n integral de casos de violencia por razones de g\u00e9nero. - Seminario Universitario sobre Afectividad y Emociones","twitter:description":"El 17 de noviembre de 2022 se public\u00f3 en Gaceta UNAM una versi\u00f3n m\u00e1s reciente del Protocolo, con el fin de actualizar su procedimiento a los cambios realizados al Estatuto General en el a\u00f1o 2020, donde, gracias al trabajo de las activistas universitarias, ahora se reconoce como falta grave la violencia por razones de g\u00e9nero.","twitter:image":"https:\/\/suafem.unam.mx\/wp-content\/uploads\/2022\/06\/cropped-logos.png"},"aioseo_meta_data":{"post_id":"1866","title":null,"description":null,"keywords":null,"keyphrases":{"focus":[],"additional":[]},"primary_term":null,"canonical_url":null,"og_title":null,"og_description":null,"og_object_type":"default","og_image_type":"default","og_image_url":null,"og_image_width":null,"og_image_height":null,"og_image_custom_url":null,"og_image_custom_fields":null,"og_video":"","og_custom_url":null,"og_article_section":null,"og_article_tags":null,"twitter_use_og":false,"twitter_card":"default","twitter_image_type":"default","twitter_image_url":null,"twitter_image_custom_url":null,"twitter_image_custom_fields":null,"twitter_title":null,"twitter_description":null,"schema":{"blockGraphs":[],"customGraphs":[],"default":{"data":{"Article":[],"Course":[],"Dataset":[],"FAQPage":[],"Movie":[],"Person":[],"Product":[],"ProductReview":[],"Car":[],"Recipe":[],"Service":[],"SoftwareApplication":[],"WebPage":[]},"graphName":"WebPage","isEnabled":true},"graphs":[]},"schema_type":"default","schema_type_options":null,"pillar_content":false,"robots_default":true,"robots_noindex":false,"robots_noarchive":false,"robots_nosnippet":false,"robots_nofollow":false,"robots_noimageindex":false,"robots_noodp":false,"robots_notranslate":false,"robots_max_snippet":"-1","robots_max_videopreview":"-1","robots_max_imagepreview":"large","priority":null,"frequency":"default","local_seo":null,"breadcrumb_settings":null,"limit_modified_date":false,"ai":{"faqs":[],"keyPoints":[],"titles":[],"descriptions":[],"socialPosts":{"email":[],"linkedin":[],"twitter":[],"facebook":[],"instagram":[]}},"created":"2026-01-09 01:12:25","updated":"2026-08-25 18:21:19","seo_analyzer_scan_date":null,"focus_keyword":null,"additional_keywords":null,"truseo_locale":null},"aioseo_breadcrumb":"<div class=\"aioseo-breadcrumbs\"><span class=\"aioseo-breadcrumb\">\n\t\t\t<a href=\"https:\/\/suafem.unam.mx\" title=\"Home\">Home<\/a>\n\t\t<\/span><span class=\"aioseo-breadcrumb-separator\">&raquo;<\/span><span class=\"aioseo-breadcrumb\">\n\t\t\tProtocolo para la atenci\u00f3n integral de casos de violencia por razones de g\u00e9nero.\n\t\t<\/span><\/div>","aioseo_breadcrumb_json":[{"label":"Home","link":"https:\/\/suafem.unam.mx"},{"label":"Protocolo para la atenci\u00f3n integral de casos de violencia por razones de g\u00e9nero.","link":"https:\/\/suafem.unam.mx\/?page_id=1866"}],"_links":{"self":[{"href":"https:\/\/suafem.unam.mx\/index.php?rest_route=\/wp\/v2\/pages\/1866","targetHints":{"allow":["GET"]}}],"collection":[{"href":"https:\/\/suafem.unam.mx\/index.php?rest_route=\/wp\/v2\/pages"}],"about":[{"href":"https:\/\/suafem.unam.mx\/index.php?rest_route=\/wp\/v2\/types\/page"}],"author":[{"embeddable":true,"href":"https:\/\/suafem.unam.mx\/index.php?rest_route=\/wp\/v2\/users\/2"}],"replies":[{"embeddable":true,"href":"https:\/\/suafem.unam.mx\/index.php?rest_route=%2Fwp%2Fv2%2Fcomments&post=1866"}],"version-history":[{"count":2,"href":"https:\/\/suafem.unam.mx\/index.php?rest_route=\/wp\/v2\/pages\/1866\/revisions"}],"predecessor-version":[{"id":1869,"href":"https:\/\/suafem.unam.mx\/index.php?rest_route=\/wp\/v2\/pages\/1866\/revisions\/1869"}],"wp:attachment":[{"href":"https:\/\/suafem.unam.mx\/index.php?rest_route=%2Fwp%2Fv2%2Fmedia&parent=1866"}],"curies":[{"name":"wp","href":"https:\/\/api.w.org\/{rel}","templated":true}]}}