{"id":1841,"date":"2026-01-08T18:48:44","date_gmt":"2026-01-09T00:48:44","guid":{"rendered":"https:\/\/suafem.unam.mx\/?page_id=1841"},"modified":"2026-01-08T19:06:23","modified_gmt":"2026-01-09T01:06:23","slug":"atencion-de-la-violencia-de-genero-en-la-unam","status":"publish","type":"page","link":"https:\/\/suafem.unam.mx\/?page_id=1841","title":{"rendered":"Atenci\u00f3n de la violencia de g\u00e9nero en la UNAM"},"content":{"rendered":"\n<p class=\"wp-block-paragraph\"><strong>Conoce la Ruta de atenci\u00f3n para quejas por violencia de g\u00e9nero en la<\/strong><\/p>\n\n\n\n<p class=\"wp-block-paragraph\"><strong>UNAM:<\/strong><\/p>\n\n\n\n<p class=\"wp-block-paragraph\"><strong>PASO 1.<\/strong> Ac\u00e9rcate a la Defensor\u00eda<\/p>\n\n\n\n<p class=\"wp-block-paragraph\">&#8211; Pide orientaci\u00f3n en el formulario de la p\u00e1gina web de la Defensor\u00eda de los Derechos Universitarios, Igualdad y Atenci\u00f3n de la Violencia de G\u00e9nero: defensoria.unam.mx<\/p>\n\n\n\n<p class=\"wp-block-paragraph\">&#8211; Llama al n\u00famero de atenci\u00f3n para orientaciones y asesor\u00edas: 5541616048 (con 40 l\u00edneas) y marca 2 para g\u00e9nero.<\/p>\n\n\n\n<p class=\"wp-block-paragraph\"><strong>PASO 2.<\/strong> Primer contacto: Una trabajadora social har\u00e1 el primer contacto v\u00eda tel\u00e9fono o correo) para escucharte y asignarte a una psic\u00f3loga y a una abogada que atiendan tu caso, seg\u00fan tus necesidades.<\/p>\n\n\n\n<p class=\"wp-block-paragraph\">Servicio de psicolog\u00eda. En su atenci\u00f3n, la psic\u00f3loga:<\/p>\n\n\n\n<p class=\"wp-block-paragraph\">1. Explicar\u00e1 los servicios que te pueden brindar si as\u00ed lo requieres: contenci\u00f3n psicol\u00f3gica, terapia breve y canalizaci\u00f3n a un servicio de atenci\u00f3n psicol\u00f3gica en la UNAM o fuera de ella.<\/p>\n\n\n\n<p class=\"wp-block-paragraph\">2. En caso de solicitarlo, la psic\u00f3loga agendar\u00e1 sesiones de terapia Servicio legal. En su atenci\u00f3n la abogada:<\/p>\n\n\n\n<p class=\"wp-block-paragraph\">1. Te informar\u00e1 sobre el procedimiento de queja.<\/p>\n\n\n\n<p class=\"wp-block-paragraph\">2. Te asistir\u00e1 para narrar tu testimonio con especificaciones legales: cu\u00e1ndo, d\u00f3nde y c\u00f3mo sucedieron los hechos.<\/p>\n\n\n\n<p class=\"wp-block-paragraph\">3. Si deseas denunciar ante una agencia del Ministerio P\u00fablico, la Defensor\u00eda podr\u00e1 acompa\u00f1arte.<\/p>\n\n\n\n<p class=\"wp-block-paragraph\">4. En caso de que la Defensor\u00eda no sea competente para conocer tu caso, te orientar\u00e1 sobre las distintas instancias a las que acudir.<\/p>\n\n\n\n<p class=\"wp-block-paragraph\">5. Si en tu caso hay implicaciones en la vida acad\u00e9mica, el equipo de Derechos Universitarios se sumar\u00e1 para que la situaci\u00f3n se atienda de manera integral.<\/p>\n\n\n\n<p class=\"wp-block-paragraph\"><strong>PASO 3.<\/strong><\/p>\n\n\n\n<p class=\"wp-block-paragraph\">Debes firmar tu testimonio electr\u00f3nicamente junto con un acta de hechos para acreditar tu identidad y el vinculo con la universidad.<\/p>\n\n\n\n<p class=\"wp-block-paragraph\">Luego, la Defensor\u00eda redactar\u00e1 un oficio de remisi\u00f3n dirigido a la autoridad para sugerir las medidas precautorias que correspondan e informarte de tu procedimiento.<\/p>\n\n\n\n<p class=\"wp-block-paragraph\">Estos tres documentos conforman tu queja.<\/p>\n\n\n\n<p class=\"wp-block-paragraph\"><strong>PASO 4.<\/strong><\/p>\n\n\n\n<p class=\"wp-block-paragraph\">Una vez enviada tu queja, la autoridad notificar\u00e1 a la persona que se le atribuyen los hechos:<\/p>\n\n\n\n<p class=\"wp-block-paragraph\">Si es trabajadora (acad\u00e9mica, administrativa o personal de confianza) se podr\u00e1 sancionar con amonestaci\u00f3n, suspensi\u00f3n temporal o recisi\u00f3n del contrato laboral.<\/p>\n\n\n\n<p class=\"wp-block-paragraph\">Cuando forme parte del alumnado se podr\u00e1 amonestarla, suspenderla o expulsarla provisionalmente. En los dos \u00faltimos casos, la autoridad remitir\u00e1 al tribunal universitario que podr\u00e1 modificar o confirmar la sanci\u00f3n.<\/p>\n\n\n\n<p class=\"wp-block-paragraph\">La Defensor\u00eda podr\u00e1 implementar procedimientos de justicia restaurativa para intervenir en entidades o dependencias universitarias, mitigar los efectos de la violencia y que no vuelva a ocurrir.<\/p>\n\n\n\n<div class=\"wp-block-file\"><a id=\"wp-block-file--media-6335e8bb-e650-4b5d-b11e-acbc275898a1\" href=\"https:\/\/suafem.unam.mx\/wp-content\/uploads\/2026\/01\/Cartel-Rutaatencion-2024-1.png\">Cartel-Rutaatencion-2024<\/a><a href=\"https:\/\/suafem.unam.mx\/wp-content\/uploads\/2026\/01\/Cartel-Rutaatencion-2024-1.png\" class=\"wp-block-file__button wp-element-button\" download aria-describedby=\"wp-block-file--media-6335e8bb-e650-4b5d-b11e-acbc275898a1\">Descarga<\/a><\/div>\n\n\n\n<figure class=\"wp-block-image size-large\"><img fetchpriority=\"high\" decoding=\"async\" width=\"663\" height=\"1024\" src=\"https:\/\/suafem.unam.mx\/wp-content\/uploads\/2026\/01\/Cartel-Rutaatencion-2024-663x1024.png\" alt=\"\" class=\"wp-image-1845\" srcset=\"https:\/\/suafem.unam.mx\/wp-content\/uploads\/2026\/01\/Cartel-Rutaatencion-2024-663x1024.png 663w, https:\/\/suafem.unam.mx\/wp-content\/uploads\/2026\/01\/Cartel-Rutaatencion-2024-194x300.png 194w, https:\/\/suafem.unam.mx\/wp-content\/uploads\/2026\/01\/Cartel-Rutaatencion-2024-768x1187.png 768w, https:\/\/suafem.unam.mx\/wp-content\/uploads\/2026\/01\/Cartel-Rutaatencion-2024-16x24.png 16w, https:\/\/suafem.unam.mx\/wp-content\/uploads\/2026\/01\/Cartel-Rutaatencion-2024-23x36.png 23w, https:\/\/suafem.unam.mx\/wp-content\/uploads\/2026\/01\/Cartel-Rutaatencion-2024-31x48.png 31w, https:\/\/suafem.unam.mx\/wp-content\/uploads\/2026\/01\/Cartel-Rutaatencion-2024.png 792w\" sizes=\"(max-width: 663px) 100vw, 663px\" \/><\/figure>\n\n\n\n<div data-wp-interactive=\"core\/file\" class=\"wp-block-file\"><object data-wp-bind--hidden=\"!state.hasPdfPreview\" hidden class=\"wp-block-file__embed\" data=\"https:\/\/suafem.unam.mx\/wp-content\/uploads\/2026\/01\/Pronunciamiento.pdf\" type=\"application\/pdf\" style=\"width:100%;height:600px\" aria-label=\"Incrustado de Pronunciamiento.\"><\/object><a id=\"wp-block-file--media-91a37a74-801e-4fcf-9e2c-ee834345bac0\" href=\"https:\/\/suafem.unam.mx\/wp-content\/uploads\/2026\/01\/Pronunciamiento.pdf\">Pronunciamiento<\/a><a href=\"https:\/\/suafem.unam.mx\/wp-content\/uploads\/2026\/01\/Pronunciamiento.pdf\" class=\"wp-block-file__button wp-element-button\" download aria-describedby=\"wp-block-file--media-91a37a74-801e-4fcf-9e2c-ee834345bac0\">Descarga<\/a><\/div>\n\n\n\n<div data-wp-interactive=\"core\/file\" class=\"wp-block-file\"><object data-wp-bind--hidden=\"!state.hasPdfPreview\" hidden class=\"wp-block-file__embed\" data=\"https:\/\/suafem.unam.mx\/wp-content\/uploads\/2026\/01\/protocolo-atencion-integral-de-violencia-por-razones-de-genero.pdf\" type=\"application\/pdf\" style=\"width:100%;height:600px\" aria-label=\"Incrustado de protocolo-atencion-integral-de-violencia-por-razones-de-genero.\"><\/object><a id=\"wp-block-file--media-5e590b75-4255-491a-92c3-4e5d3ee06552\" href=\"https:\/\/suafem.unam.mx\/wp-content\/uploads\/2026\/01\/protocolo-atencion-integral-de-violencia-por-razones-de-genero.pdf\">protocolo-atencion-integral-de-violencia-por-razones-de-genero<\/a><a href=\"https:\/\/suafem.unam.mx\/wp-content\/uploads\/2026\/01\/protocolo-atencion-integral-de-violencia-por-razones-de-genero.pdf\" class=\"wp-block-file__button wp-element-button\" download aria-describedby=\"wp-block-file--media-5e590b75-4255-491a-92c3-4e5d3ee06552\">Descarga<\/a><\/div>\n\n\n\n<p class=\"wp-block-paragraph\"><\/p>\n\n\n\n<p class=\"wp-block-paragraph\"><\/p>\n\n\n\n<p class=\"wp-block-paragraph\"><\/p>\n\n\n\n<p class=\"wp-block-paragraph\"><\/p>\n\n\n\n<p class=\"wp-block-paragraph\"><\/p>\n","protected":false},"excerpt":{"rendered":"<p>Conoce la Ruta de atenci\u00f3n para quejas por violencia de g\u00e9nero en la UNAM: PASO 1. Ac\u00e9rcate a la Defensor\u00eda &#8211; Pide orientaci\u00f3n en el formulario de la p\u00e1gina web de la Defensor\u00eda de los Derechos Universitarios, Igualdad y Atenci\u00f3n de la Violencia de G\u00e9nero: defensoria.unam.mx &#8211; Llama al n\u00famero de atenci\u00f3n para orientaciones y &hellip; <\/p>\n<p class=\"link-more\"><a href=\"https:\/\/suafem.unam.mx\/?page_id=1841\" class=\"more-link\">Continuar leyendo<span class=\"screen-reader-text\"> &#8220;Atenci\u00f3n de la violencia de g\u00e9nero en la UNAM&#8221;<\/span><\/a><\/p>\n","protected":false},"author":2,"featured_media":0,"parent":0,"menu_order":0,"comment_status":"closed","ping_status":"closed","template":"","meta":{"_monsterinsights_skip_tracking":false,"footnotes":""},"class_list":["post-1841","page","type-page","status-publish","hentry"],"aioseo_notices":[],"aioseo_head":"\n\t\t<!-- All in One SEO 5.0.0.1 - aioseo.com -->\n\t<meta name=\"description\" content=\"Conoce la Ruta de atenci\u00f3n para quejas por violencia de g\u00e9nero en la UNAM: PASO 1. Ac\u00e9rcate a la Defensor\u00eda - Pide orientaci\u00f3n en el formulario de la p\u00e1gina web de la Defensor\u00eda de los Derechos Universitarios, Igualdad y Atenci\u00f3n de la Violencia de G\u00e9nero: defensoria.unam.mx - Llama al n\u00famero de atenci\u00f3n para orientaciones y\" \/>\n\t<meta name=\"robots\" content=\"max-image-preview:large\" \/>\n\t<link rel=\"canonical\" href=\"https:\/\/suafem.unam.mx\/?page_id=1841\" \/>\n\t<meta name=\"generator\" content=\"All in One SEO (AIOSEO) 5.0.0.1\" \/>\n\t\t<meta property=\"og:locale\" content=\"es_MX\" \/>\n\t\t<meta property=\"og:site_name\" content=\"Seminario Universitario sobre Afectividad y Emociones - suafem@unam.mx\" \/>\n\t\t<meta property=\"og:type\" content=\"article\" \/>\n\t\t<meta property=\"og:title\" content=\"Atenci\u00f3n de la violencia de g\u00e9nero en la UNAM - Seminario Universitario sobre Afectividad y Emociones\" \/>\n\t\t<meta property=\"og:description\" content=\"Conoce la Ruta de atenci\u00f3n para quejas por violencia de g\u00e9nero en la UNAM: PASO 1. Ac\u00e9rcate a la Defensor\u00eda - Pide orientaci\u00f3n en el formulario de la p\u00e1gina web de la Defensor\u00eda de los Derechos Universitarios, Igualdad y Atenci\u00f3n de la Violencia de G\u00e9nero: defensoria.unam.mx - Llama al n\u00famero de atenci\u00f3n para orientaciones y\" \/>\n\t\t<meta property=\"og:url\" content=\"https:\/\/suafem.unam.mx\/?page_id=1841\" \/>\n\t\t<meta property=\"og:image\" content=\"https:\/\/suafem.unam.mx\/wp-content\/uploads\/2022\/06\/cropped-logos.png\" \/>\n\t\t<meta property=\"og:image:secure_url\" content=\"https:\/\/suafem.unam.mx\/wp-content\/uploads\/2022\/06\/cropped-logos.png\" \/>\n\t\t<meta property=\"og:image:width\" content=\"1100\" \/>\n\t\t<meta property=\"og:image:height\" content=\"250\" \/>\n\t\t<meta property=\"article:published_time\" content=\"2026-01-09T00:48:44+00:00\" \/>\n\t\t<meta property=\"article:modified_time\" content=\"2026-01-09T01:06:23+00:00\" \/>\n\t\t<meta name=\"twitter:card\" content=\"summary\" \/>\n\t\t<meta name=\"twitter:title\" content=\"Atenci\u00f3n de la violencia de g\u00e9nero en la UNAM - Seminario Universitario sobre Afectividad y Emociones\" \/>\n\t\t<meta name=\"twitter:description\" content=\"Conoce la Ruta de atenci\u00f3n para quejas por violencia de g\u00e9nero en la UNAM: PASO 1. Ac\u00e9rcate a la Defensor\u00eda - Pide orientaci\u00f3n en el formulario de la p\u00e1gina web de la Defensor\u00eda de los Derechos Universitarios, Igualdad y Atenci\u00f3n de la Violencia de G\u00e9nero: defensoria.unam.mx - Llama al n\u00famero de atenci\u00f3n para orientaciones y\" \/>\n\t\t<meta name=\"twitter:image\" content=\"https:\/\/suafem.unam.mx\/wp-content\/uploads\/2022\/06\/cropped-logos.png\" \/>\n\t\t<script type=\"application\/ld+json\" class=\"aioseo-schema\">\n\t\t\t{\"@context\":\"https:\\\/\\\/schema.org\",\"@graph\":[{\"@type\":\"BreadcrumbList\",\"@id\":\"https:\\\/\\\/suafem.unam.mx\\\/?page_id=1841#breadcrumblist\",\"itemListElement\":[{\"@type\":\"ListItem\",\"@id\":\"https:\\\/\\\/suafem.unam.mx#listItem\",\"position\":1,\"name\":\"Home\",\"item\":\"https:\\\/\\\/suafem.unam.mx\",\"nextItem\":{\"@type\":\"ListItem\",\"@id\":\"https:\\\/\\\/suafem.unam.mx\\\/?page_id=1841#listItem\",\"name\":\"Atenci\\u00f3n de la violencia de g\\u00e9nero en la UNAM\"}},{\"@type\":\"ListItem\",\"@id\":\"https:\\\/\\\/suafem.unam.mx\\\/?page_id=1841#listItem\",\"position\":2,\"name\":\"Atenci\\u00f3n de la violencia de g\\u00e9nero en la UNAM\",\"previousItem\":{\"@type\":\"ListItem\",\"@id\":\"https:\\\/\\\/suafem.unam.mx#listItem\",\"name\":\"Home\"}}]},{\"@type\":\"Organization\",\"@id\":\"https:\\\/\\\/suafem.unam.mx\\\/#organization\",\"name\":\"Seminario Universitario sobre Afectividad y Emociones\",\"description\":\"suafem@unam.mx\",\"url\":\"https:\\\/\\\/suafem.unam.mx\\\/\",\"logo\":{\"@type\":\"ImageObject\",\"url\":\"https:\\\/\\\/suafem.unam.mx\\\/wp-content\\\/uploads\\\/2022\\\/06\\\/cropped-logos.png\",\"@id\":\"https:\\\/\\\/suafem.unam.mx\\\/?page_id=1841\\\/#organizationLogo\",\"width\":1100,\"height\":250},\"image\":{\"@id\":\"https:\\\/\\\/suafem.unam.mx\\\/?page_id=1841\\\/#organizationLogo\"}},{\"@type\":\"WebPage\",\"@id\":\"https:\\\/\\\/suafem.unam.mx\\\/?page_id=1841#webpage\",\"url\":\"https:\\\/\\\/suafem.unam.mx\\\/?page_id=1841\",\"name\":\"Atenci\\u00f3n de la violencia de g\\u00e9nero en la UNAM - Seminario Universitario sobre Afectividad y Emociones\",\"description\":\"Conoce la Ruta de atenci\\u00f3n para quejas por violencia de g\\u00e9nero en la UNAM: PASO 1. Ac\\u00e9rcate a la Defensor\\u00eda - Pide orientaci\\u00f3n en el formulario de la p\\u00e1gina web de la Defensor\\u00eda de los Derechos Universitarios, Igualdad y Atenci\\u00f3n de la Violencia de G\\u00e9nero: defensoria.unam.mx - Llama al n\\u00famero de atenci\\u00f3n para orientaciones y\",\"inLanguage\":\"es-MX\",\"isPartOf\":{\"@id\":\"https:\\\/\\\/suafem.unam.mx\\\/#website\"},\"breadcrumb\":{\"@id\":\"https:\\\/\\\/suafem.unam.mx\\\/?page_id=1841#breadcrumblist\"},\"datePublished\":\"2026-01-08T18:48:44-06:00\",\"dateModified\":\"2026-01-08T19:06:23-06:00\"},{\"@type\":\"WebSite\",\"@id\":\"https:\\\/\\\/suafem.unam.mx\\\/#website\",\"url\":\"https:\\\/\\\/suafem.unam.mx\\\/\",\"name\":\"Seminario Universitario sobre Afectividad y Emociones\",\"description\":\"suafem@unam.mx\",\"inLanguage\":\"es-MX\",\"publisher\":{\"@id\":\"https:\\\/\\\/suafem.unam.mx\\\/#organization\"}}]}\n\t\t<\/script>\n\t\t<!-- All in One SEO -->\n\n","aioseo_head_json":{"title":"Atenci\u00f3n de la violencia de g\u00e9nero en la UNAM - Seminario Universitario sobre Afectividad y Emociones","description":"Conoce la Ruta de atenci\u00f3n para quejas por violencia de g\u00e9nero en la UNAM: PASO 1. Ac\u00e9rcate a la Defensor\u00eda - Pide orientaci\u00f3n en el formulario de la p\u00e1gina web de la Defensor\u00eda de los Derechos Universitarios, Igualdad y Atenci\u00f3n de la Violencia de G\u00e9nero: defensoria.unam.mx - Llama al n\u00famero de atenci\u00f3n para orientaciones y","canonical_url":"https:\/\/suafem.unam.mx\/?page_id=1841","robots":"max-image-preview:large","keywords":"","webmasterTools":{"miscellaneous":""},"schema":{"@context":"https:\/\/schema.org","@graph":[{"@type":"BreadcrumbList","@id":"https:\/\/suafem.unam.mx\/?page_id=1841#breadcrumblist","itemListElement":[{"@type":"ListItem","@id":"https:\/\/suafem.unam.mx#listItem","position":1,"name":"Home","item":"https:\/\/suafem.unam.mx","nextItem":{"@type":"ListItem","@id":"https:\/\/suafem.unam.mx\/?page_id=1841#listItem","name":"Atenci\u00f3n de la violencia de g\u00e9nero en la UNAM"}},{"@type":"ListItem","@id":"https:\/\/suafem.unam.mx\/?page_id=1841#listItem","position":2,"name":"Atenci\u00f3n de la violencia de g\u00e9nero en la UNAM","previousItem":{"@type":"ListItem","@id":"https:\/\/suafem.unam.mx#listItem","name":"Home"}}]},{"@type":"Organization","@id":"https:\/\/suafem.unam.mx\/#organization","name":"Seminario Universitario sobre Afectividad y Emociones","description":"suafem@unam.mx","url":"https:\/\/suafem.unam.mx\/","logo":{"@type":"ImageObject","url":"https:\/\/suafem.unam.mx\/wp-content\/uploads\/2022\/06\/cropped-logos.png","@id":"https:\/\/suafem.unam.mx\/?page_id=1841\/#organizationLogo","width":1100,"height":250},"image":{"@id":"https:\/\/suafem.unam.mx\/?page_id=1841\/#organizationLogo"}},{"@type":"WebPage","@id":"https:\/\/suafem.unam.mx\/?page_id=1841#webpage","url":"https:\/\/suafem.unam.mx\/?page_id=1841","name":"Atenci\u00f3n de la violencia de g\u00e9nero en la UNAM - Seminario Universitario sobre Afectividad y Emociones","description":"Conoce la Ruta de atenci\u00f3n para quejas por violencia de g\u00e9nero en la UNAM: PASO 1. Ac\u00e9rcate a la Defensor\u00eda - Pide orientaci\u00f3n en el formulario de la p\u00e1gina web de la Defensor\u00eda de los Derechos Universitarios, Igualdad y Atenci\u00f3n de la Violencia de G\u00e9nero: defensoria.unam.mx - Llama al n\u00famero de atenci\u00f3n para orientaciones y","inLanguage":"es-MX","isPartOf":{"@id":"https:\/\/suafem.unam.mx\/#website"},"breadcrumb":{"@id":"https:\/\/suafem.unam.mx\/?page_id=1841#breadcrumblist"},"datePublished":"2026-01-08T18:48:44-06:00","dateModified":"2026-01-08T19:06:23-06:00"},{"@type":"WebSite","@id":"https:\/\/suafem.unam.mx\/#website","url":"https:\/\/suafem.unam.mx\/","name":"Seminario Universitario sobre Afectividad y Emociones","description":"suafem@unam.mx","inLanguage":"es-MX","publisher":{"@id":"https:\/\/suafem.unam.mx\/#organization"}}]},"og:locale":"es_MX","og:site_name":"Seminario Universitario sobre Afectividad y Emociones - suafem@unam.mx","og:type":"article","og:title":"Atenci\u00f3n de la violencia de g\u00e9nero en la UNAM - Seminario Universitario sobre Afectividad y Emociones","og:description":"Conoce la Ruta de atenci\u00f3n para quejas por violencia de g\u00e9nero en la UNAM: PASO 1. Ac\u00e9rcate a la Defensor\u00eda - Pide orientaci\u00f3n en el formulario de la p\u00e1gina web de la Defensor\u00eda de los Derechos Universitarios, Igualdad y Atenci\u00f3n de la Violencia de G\u00e9nero: defensoria.unam.mx - Llama al n\u00famero de atenci\u00f3n para orientaciones y","og:url":"https:\/\/suafem.unam.mx\/?page_id=1841","og:image":"https:\/\/suafem.unam.mx\/wp-content\/uploads\/2022\/06\/cropped-logos.png","og:image:secure_url":"https:\/\/suafem.unam.mx\/wp-content\/uploads\/2022\/06\/cropped-logos.png","og:image:width":1100,"og:image:height":250,"article:published_time":"2026-01-09T00:48:44+00:00","article:modified_time":"2026-01-09T01:06:23+00:00","twitter:card":"summary","twitter:title":"Atenci\u00f3n de la violencia de g\u00e9nero en la UNAM - Seminario Universitario sobre Afectividad y Emociones","twitter:description":"Conoce la Ruta de atenci\u00f3n para quejas por violencia de g\u00e9nero en la UNAM: PASO 1. Ac\u00e9rcate a la Defensor\u00eda - Pide orientaci\u00f3n en el formulario de la p\u00e1gina web de la Defensor\u00eda de los Derechos Universitarios, Igualdad y Atenci\u00f3n de la Violencia de G\u00e9nero: defensoria.unam.mx - Llama al n\u00famero de atenci\u00f3n para orientaciones y","twitter:image":"https:\/\/suafem.unam.mx\/wp-content\/uploads\/2022\/06\/cropped-logos.png"},"aioseo_meta_data":{"post_id":"1841","title":null,"description":null,"keywords":null,"keyphrases":{"focus":[],"additional":[]},"primary_term":null,"canonical_url":null,"og_title":null,"og_description":null,"og_object_type":"default","og_image_type":"default","og_image_url":null,"og_image_width":null,"og_image_height":null,"og_image_custom_url":null,"og_image_custom_fields":null,"og_video":"","og_custom_url":null,"og_article_section":null,"og_article_tags":null,"twitter_use_og":false,"twitter_card":"default","twitter_image_type":"default","twitter_image_url":null,"twitter_image_custom_url":null,"twitter_image_custom_fields":null,"twitter_title":null,"twitter_description":null,"schema":{"blockGraphs":[],"customGraphs":[],"default":{"data":{"Article":[],"Course":[],"Dataset":[],"FAQPage":[],"Movie":[],"Person":[],"Product":[],"ProductReview":[],"Car":[],"Recipe":[],"Service":[],"SoftwareApplication":[],"WebPage":[]},"graphName":"WebPage","isEnabled":true},"graphs":[]},"schema_type":"default","schema_type_options":null,"pillar_content":false,"robots_default":true,"robots_noindex":false,"robots_noarchive":false,"robots_nosnippet":false,"robots_nofollow":false,"robots_noimageindex":false,"robots_noodp":false,"robots_notranslate":false,"robots_max_snippet":"-1","robots_max_videopreview":"-1","robots_max_imagepreview":"large","priority":null,"frequency":"default","local_seo":null,"breadcrumb_settings":null,"limit_modified_date":false,"ai":{"faqs":[],"keyPoints":[],"titles":[],"descriptions":[],"socialPosts":{"email":[],"linkedin":[],"twitter":[],"facebook":[],"instagram":[]}},"created":"2026-01-09 00:48:46","updated":"2026-08-25 18:16:48","seo_analyzer_scan_date":null,"focus_keyword":null,"additional_keywords":null,"truseo_locale":null},"aioseo_breadcrumb":"<div class=\"aioseo-breadcrumbs\"><span class=\"aioseo-breadcrumb\">\n\t\t\t<a href=\"https:\/\/suafem.unam.mx\" title=\"Home\">Home<\/a>\n\t\t<\/span><span class=\"aioseo-breadcrumb-separator\">&raquo;<\/span><span class=\"aioseo-breadcrumb\">\n\t\t\tAtenci\u00f3n de la violencia de g\u00e9nero en la UNAM\n\t\t<\/span><\/div>","aioseo_breadcrumb_json":[{"label":"Home","link":"https:\/\/suafem.unam.mx"},{"label":"Atenci\u00f3n de la violencia de g\u00e9nero en la UNAM","link":"https:\/\/suafem.unam.mx\/?page_id=1841"}],"_links":{"self":[{"href":"https:\/\/suafem.unam.mx\/index.php?rest_route=\/wp\/v2\/pages\/1841","targetHints":{"allow":["GET"]}}],"collection":[{"href":"https:\/\/suafem.unam.mx\/index.php?rest_route=\/wp\/v2\/pages"}],"about":[{"href":"https:\/\/suafem.unam.mx\/index.php?rest_route=\/wp\/v2\/types\/page"}],"author":[{"embeddable":true,"href":"https:\/\/suafem.unam.mx\/index.php?rest_route=\/wp\/v2\/users\/2"}],"replies":[{"embeddable":true,"href":"https:\/\/suafem.unam.mx\/index.php?rest_route=%2Fwp%2Fv2%2Fcomments&post=1841"}],"version-history":[{"count":7,"href":"https:\/\/suafem.unam.mx\/index.php?rest_route=\/wp\/v2\/pages\/1841\/revisions"}],"predecessor-version":[{"id":1870,"href":"https:\/\/suafem.unam.mx\/index.php?rest_route=\/wp\/v2\/pages\/1841\/revisions\/1870"}],"wp:attachment":[{"href":"https:\/\/suafem.unam.mx\/index.php?rest_route=%2Fwp%2Fv2%2Fmedia&parent=1841"}],"curies":[{"name":"wp","href":"https:\/\/api.w.org\/{rel}","templated":true}]}}