{"id":1787,"date":"2025-01-16T11:01:50","date_gmt":"2025-01-16T17:01:50","guid":{"rendered":"http:\/\/suafem.unam.mx\/?page_id=1787"},"modified":"2026-01-09T21:11:27","modified_gmt":"2026-01-10T03:11:27","slug":"10mo-ciclo-2025","status":"publish","type":"page","link":"https:\/\/suafem.unam.mx\/?page_id=1787","title":{"rendered":"10mo Ciclo (2025)"},"content":{"rendered":"\n<p class=\"wp-block-paragraph\">X Ciclo de conferencias mensuales &#8220;Emociones y afectividad: una mirada interdisciplinaria&#8221; 2025<\/p>\n\n\n\n<figure class=\"wp-block-embed is-type-video is-provider-youtube wp-block-embed-youtube wp-embed-aspect-16-9 wp-has-aspect-ratio\"><div class=\"wp-block-embed__wrapper\">\n<iframe title=\"Geograf\u00edas heridas: Migrar con la melancol\u00eda en tr\u00e1nsito. Mtro. Roberto Ram\u00edrez\" width=\"525\" height=\"295\" src=\"https:\/\/www.youtube.com\/embed\/djACAVroLnk?feature=oembed\" frameborder=\"0\" allow=\"accelerometer; autoplay; clipboard-write; encrypted-media; gyroscope; picture-in-picture; web-share\" referrerpolicy=\"strict-origin-when-cross-origin\" allowfullscreen><\/iframe>\n<\/div><\/figure>\n\n\n\n<figure class=\"wp-block-embed is-type-video is-provider-youtube wp-block-embed-youtube wp-embed-aspect-16-9 wp-has-aspect-ratio\"><div class=\"wp-block-embed__wrapper\">\n<iframe title=\"Experiencia y atm\u00f3sferas urbano-arquitect\u00f3nicas: Habitar y sentir el espacio\" width=\"525\" height=\"295\" src=\"https:\/\/www.youtube.com\/embed\/GpGtVID3gG4?feature=oembed\" frameborder=\"0\" allow=\"accelerometer; autoplay; clipboard-write; encrypted-media; gyroscope; picture-in-picture; web-share\" referrerpolicy=\"strict-origin-when-cross-origin\" allowfullscreen><\/iframe>\n<\/div><\/figure>\n\n\n\n<figure class=\"wp-block-embed is-type-video is-provider-youtube wp-block-embed-youtube wp-embed-aspect-4-3 wp-has-aspect-ratio\"><div class=\"wp-block-embed__wrapper\">\n<iframe title=\"Emociones en la era digital\" width=\"525\" height=\"295\" src=\"https:\/\/www.youtube.com\/embed\/_ws-zxDYdJ8?feature=oembed\" frameborder=\"0\" allow=\"accelerometer; autoplay; clipboard-write; encrypted-media; gyroscope; picture-in-picture; web-share\" referrerpolicy=\"strict-origin-when-cross-origin\" allowfullscreen><\/iframe>\n<\/div><\/figure>\n\n\n\n<figure class=\"wp-block-embed is-type-video is-provider-youtube wp-block-embed-youtube wp-embed-aspect-16-9 wp-has-aspect-ratio\"><div class=\"wp-block-embed__wrapper\">\n<iframe title=\"\u00bfTiene sentido la locura? Explorando la mente delirante\" width=\"525\" height=\"295\" src=\"https:\/\/www.youtube.com\/embed\/Sd6rtcS_7fw?feature=oembed\" frameborder=\"0\" allow=\"accelerometer; autoplay; clipboard-write; encrypted-media; gyroscope; picture-in-picture; web-share\" referrerpolicy=\"strict-origin-when-cross-origin\" allowfullscreen><\/iframe>\n<\/div><\/figure>\n\n\n\n<figure class=\"wp-block-embed is-type-video is-provider-youtube wp-block-embed-youtube wp-embed-aspect-4-3 wp-has-aspect-ratio\"><div class=\"wp-block-embed__wrapper\">\n<iframe title=\"La envidia y la hipocres\u00eda en la constituci\u00f3n de la identidad pr\u00e1ctica\" width=\"525\" height=\"295\" src=\"https:\/\/www.youtube.com\/embed\/vtJG20ETG8U?feature=oembed\" frameborder=\"0\" allow=\"accelerometer; autoplay; clipboard-write; encrypted-media; gyroscope; picture-in-picture; web-share\" referrerpolicy=\"strict-origin-when-cross-origin\" allowfullscreen><\/iframe>\n<\/div><\/figure>\n\n\n\n<figure class=\"wp-block-embed is-type-video is-provider-youtube wp-block-embed-youtube wp-embed-aspect-4-3 wp-has-aspect-ratio\"><div class=\"wp-block-embed__wrapper\">\n<iframe title=\"Una antrop\u00f3loga m\u00e9dica en el hospital: aportes y desaf\u00edos\" width=\"525\" height=\"295\" src=\"https:\/\/www.youtube.com\/embed\/Nz3krUdY15M?feature=oembed\" frameborder=\"0\" allow=\"accelerometer; autoplay; clipboard-write; encrypted-media; gyroscope; picture-in-picture; web-share\" referrerpolicy=\"strict-origin-when-cross-origin\" allowfullscreen><\/iframe>\n<\/div><\/figure>\n\n\n\n<figure class=\"wp-block-embed is-type-video is-provider-youtube wp-block-embed-youtube wp-embed-aspect-16-9 wp-has-aspect-ratio\"><div class=\"wp-block-embed__wrapper\">\n<iframe title=\"El rol causal de la interocepci\u00f3n en los trastornos mentales\" width=\"525\" height=\"295\" src=\"https:\/\/www.youtube.com\/embed\/6Z2lSV17sM4?feature=oembed\" frameborder=\"0\" allow=\"accelerometer; autoplay; clipboard-write; encrypted-media; gyroscope; picture-in-picture; web-share\" referrerpolicy=\"strict-origin-when-cross-origin\" allowfullscreen><\/iframe>\n<\/div><\/figure>\n","protected":false},"excerpt":{"rendered":"<p>X Ciclo de conferencias mensuales &#8220;Emociones y afectividad: una mirada interdisciplinaria&#8221; 2025<\/p>\n","protected":false},"author":2,"featured_media":0,"parent":0,"menu_order":0,"comment_status":"closed","ping_status":"closed","template":"","meta":{"_monsterinsights_skip_tracking":false,"footnotes":""},"class_list":["post-1787","page","type-page","status-publish","hentry"],"aioseo_notices":[],"aioseo_head":"\n\t\t<!-- All in One SEO 5.0.0.1 - aioseo.com -->\n\t<meta name=\"description\" content=\"X Ciclo de conferencias mensuales &quot;Emociones y afectividad: una mirada interdisciplinaria&quot; 2025\" \/>\n\t<meta name=\"robots\" content=\"max-image-preview:large\" \/>\n\t<link rel=\"canonical\" href=\"https:\/\/suafem.unam.mx\/?page_id=1787\" \/>\n\t<meta name=\"generator\" content=\"All in One SEO (AIOSEO) 5.0.0.1\" \/>\n\t\t<meta property=\"og:locale\" content=\"es_MX\" \/>\n\t\t<meta property=\"og:site_name\" content=\"Seminario Universitario sobre Afectividad y Emociones - suafem@unam.mx\" \/>\n\t\t<meta property=\"og:type\" content=\"article\" \/>\n\t\t<meta property=\"og:title\" content=\"10mo Ciclo (2025) - Seminario Universitario sobre Afectividad y Emociones\" \/>\n\t\t<meta property=\"og:description\" content=\"X Ciclo de conferencias mensuales &quot;Emociones y afectividad: una mirada interdisciplinaria&quot; 2025\" \/>\n\t\t<meta property=\"og:url\" content=\"https:\/\/suafem.unam.mx\/?page_id=1787\" \/>\n\t\t<meta property=\"og:image\" content=\"https:\/\/suafem.unam.mx\/wp-content\/uploads\/2022\/06\/cropped-logos.png\" \/>\n\t\t<meta property=\"og:image:secure_url\" content=\"https:\/\/suafem.unam.mx\/wp-content\/uploads\/2022\/06\/cropped-logos.png\" \/>\n\t\t<meta property=\"og:image:width\" content=\"1100\" \/>\n\t\t<meta property=\"og:image:height\" content=\"250\" \/>\n\t\t<meta property=\"article:published_time\" content=\"2025-01-16T17:01:50+00:00\" \/>\n\t\t<meta property=\"article:modified_time\" content=\"2026-01-10T03:11:27+00:00\" \/>\n\t\t<meta name=\"twitter:card\" content=\"summary\" \/>\n\t\t<meta name=\"twitter:title\" content=\"10mo Ciclo (2025) - Seminario Universitario sobre Afectividad y Emociones\" \/>\n\t\t<meta name=\"twitter:description\" content=\"X Ciclo de conferencias mensuales &quot;Emociones y afectividad: una mirada interdisciplinaria&quot; 2025\" \/>\n\t\t<meta name=\"twitter:image\" content=\"https:\/\/suafem.unam.mx\/wp-content\/uploads\/2022\/06\/cropped-logos.png\" \/>\n\t\t<script type=\"application\/ld+json\" class=\"aioseo-schema\">\n\t\t\t{\"@context\":\"https:\\\/\\\/schema.org\",\"@graph\":[{\"@type\":\"BreadcrumbList\",\"@id\":\"https:\\\/\\\/suafem.unam.mx\\\/?page_id=1787#breadcrumblist\",\"itemListElement\":[{\"@type\":\"ListItem\",\"@id\":\"https:\\\/\\\/suafem.unam.mx#listItem\",\"position\":1,\"name\":\"Home\",\"item\":\"https:\\\/\\\/suafem.unam.mx\",\"nextItem\":{\"@type\":\"ListItem\",\"@id\":\"https:\\\/\\\/suafem.unam.mx\\\/?page_id=1787#listItem\",\"name\":\"10mo Ciclo (2025)\"}},{\"@type\":\"ListItem\",\"@id\":\"https:\\\/\\\/suafem.unam.mx\\\/?page_id=1787#listItem\",\"position\":2,\"name\":\"10mo Ciclo (2025)\",\"previousItem\":{\"@type\":\"ListItem\",\"@id\":\"https:\\\/\\\/suafem.unam.mx#listItem\",\"name\":\"Home\"}}]},{\"@type\":\"Organization\",\"@id\":\"https:\\\/\\\/suafem.unam.mx\\\/#organization\",\"name\":\"Seminario Universitario sobre Afectividad y Emociones\",\"description\":\"suafem@unam.mx\",\"url\":\"https:\\\/\\\/suafem.unam.mx\\\/\",\"logo\":{\"@type\":\"ImageObject\",\"url\":\"https:\\\/\\\/suafem.unam.mx\\\/wp-content\\\/uploads\\\/2022\\\/06\\\/cropped-logos.png\",\"@id\":\"https:\\\/\\\/suafem.unam.mx\\\/?page_id=1787\\\/#organizationLogo\",\"width\":1100,\"height\":250},\"image\":{\"@id\":\"https:\\\/\\\/suafem.unam.mx\\\/?page_id=1787\\\/#organizationLogo\"}},{\"@type\":\"WebPage\",\"@id\":\"https:\\\/\\\/suafem.unam.mx\\\/?page_id=1787#webpage\",\"url\":\"https:\\\/\\\/suafem.unam.mx\\\/?page_id=1787\",\"name\":\"10mo Ciclo (2025) - Seminario Universitario sobre Afectividad y Emociones\",\"description\":\"X Ciclo de conferencias mensuales \\\"Emociones y afectividad: una mirada interdisciplinaria\\\" 2025\",\"inLanguage\":\"es-MX\",\"isPartOf\":{\"@id\":\"https:\\\/\\\/suafem.unam.mx\\\/#website\"},\"breadcrumb\":{\"@id\":\"https:\\\/\\\/suafem.unam.mx\\\/?page_id=1787#breadcrumblist\"},\"datePublished\":\"2025-01-16T11:01:50-06:00\",\"dateModified\":\"2026-01-09T21:11:27-06:00\"},{\"@type\":\"WebSite\",\"@id\":\"https:\\\/\\\/suafem.unam.mx\\\/#website\",\"url\":\"https:\\\/\\\/suafem.unam.mx\\\/\",\"name\":\"Seminario Universitario sobre Afectividad y Emociones\",\"description\":\"suafem@unam.mx\",\"inLanguage\":\"es-MX\",\"publisher\":{\"@id\":\"https:\\\/\\\/suafem.unam.mx\\\/#organization\"}}]}\n\t\t<\/script>\n\t\t<!-- All in One SEO -->\n\n","aioseo_head_json":{"title":"10mo Ciclo (2025) - Seminario Universitario sobre Afectividad y Emociones","description":"X Ciclo de conferencias mensuales \"Emociones y afectividad: una mirada interdisciplinaria\" 2025","canonical_url":"https:\/\/suafem.unam.mx\/?page_id=1787","robots":"max-image-preview:large","keywords":"","webmasterTools":{"miscellaneous":""},"schema":{"@context":"https:\/\/schema.org","@graph":[{"@type":"BreadcrumbList","@id":"https:\/\/suafem.unam.mx\/?page_id=1787#breadcrumblist","itemListElement":[{"@type":"ListItem","@id":"https:\/\/suafem.unam.mx#listItem","position":1,"name":"Home","item":"https:\/\/suafem.unam.mx","nextItem":{"@type":"ListItem","@id":"https:\/\/suafem.unam.mx\/?page_id=1787#listItem","name":"10mo Ciclo (2025)"}},{"@type":"ListItem","@id":"https:\/\/suafem.unam.mx\/?page_id=1787#listItem","position":2,"name":"10mo Ciclo (2025)","previousItem":{"@type":"ListItem","@id":"https:\/\/suafem.unam.mx#listItem","name":"Home"}}]},{"@type":"Organization","@id":"https:\/\/suafem.unam.mx\/#organization","name":"Seminario Universitario sobre Afectividad y Emociones","description":"suafem@unam.mx","url":"https:\/\/suafem.unam.mx\/","logo":{"@type":"ImageObject","url":"https:\/\/suafem.unam.mx\/wp-content\/uploads\/2022\/06\/cropped-logos.png","@id":"https:\/\/suafem.unam.mx\/?page_id=1787\/#organizationLogo","width":1100,"height":250},"image":{"@id":"https:\/\/suafem.unam.mx\/?page_id=1787\/#organizationLogo"}},{"@type":"WebPage","@id":"https:\/\/suafem.unam.mx\/?page_id=1787#webpage","url":"https:\/\/suafem.unam.mx\/?page_id=1787","name":"10mo Ciclo (2025) - Seminario Universitario sobre Afectividad y Emociones","description":"X Ciclo de conferencias mensuales \"Emociones y afectividad: una mirada interdisciplinaria\" 2025","inLanguage":"es-MX","isPartOf":{"@id":"https:\/\/suafem.unam.mx\/#website"},"breadcrumb":{"@id":"https:\/\/suafem.unam.mx\/?page_id=1787#breadcrumblist"},"datePublished":"2025-01-16T11:01:50-06:00","dateModified":"2026-01-09T21:11:27-06:00"},{"@type":"WebSite","@id":"https:\/\/suafem.unam.mx\/#website","url":"https:\/\/suafem.unam.mx\/","name":"Seminario Universitario sobre Afectividad y Emociones","description":"suafem@unam.mx","inLanguage":"es-MX","publisher":{"@id":"https:\/\/suafem.unam.mx\/#organization"}}]},"og:locale":"es_MX","og:site_name":"Seminario Universitario sobre Afectividad y Emociones - suafem@unam.mx","og:type":"article","og:title":"10mo Ciclo (2025) - Seminario Universitario sobre Afectividad y Emociones","og:description":"X Ciclo de conferencias mensuales &quot;Emociones y afectividad: una mirada interdisciplinaria&quot; 2025","og:url":"https:\/\/suafem.unam.mx\/?page_id=1787","og:image":"https:\/\/suafem.unam.mx\/wp-content\/uploads\/2022\/06\/cropped-logos.png","og:image:secure_url":"https:\/\/suafem.unam.mx\/wp-content\/uploads\/2022\/06\/cropped-logos.png","og:image:width":1100,"og:image:height":250,"article:published_time":"2025-01-16T17:01:50+00:00","article:modified_time":"2026-01-10T03:11:27+00:00","twitter:card":"summary","twitter:title":"10mo Ciclo (2025) - Seminario Universitario sobre Afectividad y Emociones","twitter:description":"X Ciclo de conferencias mensuales &quot;Emociones y afectividad: una mirada interdisciplinaria&quot; 2025","twitter:image":"https:\/\/suafem.unam.mx\/wp-content\/uploads\/2022\/06\/cropped-logos.png"},"aioseo_meta_data":{"post_id":"1787","title":null,"description":null,"keywords":null,"keyphrases":{"focus":[],"additional":[]},"primary_term":null,"canonical_url":null,"og_title":null,"og_description":null,"og_object_type":"default","og_image_type":"default","og_image_url":null,"og_image_width":null,"og_image_height":null,"og_image_custom_url":null,"og_image_custom_fields":null,"og_video":"","og_custom_url":null,"og_article_section":null,"og_article_tags":null,"twitter_use_og":false,"twitter_card":"default","twitter_image_type":"default","twitter_image_url":null,"twitter_image_custom_url":null,"twitter_image_custom_fields":null,"twitter_title":null,"twitter_description":null,"schema":{"blockGraphs":[],"customGraphs":[],"default":{"data":{"Article":[],"Course":[],"Dataset":[],"FAQPage":[],"Movie":[],"Person":[],"Product":[],"ProductReview":[],"Car":[],"Recipe":[],"Service":[],"SoftwareApplication":[],"WebPage":[]},"graphName":"WebPage","isEnabled":true},"graphs":[]},"schema_type":"default","schema_type_options":null,"pillar_content":false,"robots_default":true,"robots_noindex":false,"robots_noarchive":false,"robots_nosnippet":false,"robots_nofollow":false,"robots_noimageindex":false,"robots_noodp":false,"robots_notranslate":false,"robots_max_snippet":"-1","robots_max_videopreview":"-1","robots_max_imagepreview":"large","priority":null,"frequency":"default","local_seo":null,"breadcrumb_settings":null,"limit_modified_date":false,"ai":null,"created":"2025-01-16 17:01:53","updated":"2026-08-25 18:20:57","seo_analyzer_scan_date":null,"focus_keyword":null,"additional_keywords":null,"truseo_locale":null},"aioseo_breadcrumb":"<div class=\"aioseo-breadcrumbs\"><span class=\"aioseo-breadcrumb\">\n\t\t\t<a href=\"https:\/\/suafem.unam.mx\" title=\"Home\">Home<\/a>\n\t\t<\/span><span class=\"aioseo-breadcrumb-separator\">&raquo;<\/span><span class=\"aioseo-breadcrumb\">\n\t\t\t10mo Ciclo (2025)\n\t\t<\/span><\/div>","aioseo_breadcrumb_json":[{"label":"Home","link":"https:\/\/suafem.unam.mx"},{"label":"10mo Ciclo (2025)","link":"https:\/\/suafem.unam.mx\/?page_id=1787"}],"_links":{"self":[{"href":"https:\/\/suafem.unam.mx\/index.php?rest_route=\/wp\/v2\/pages\/1787","targetHints":{"allow":["GET"]}}],"collection":[{"href":"https:\/\/suafem.unam.mx\/index.php?rest_route=\/wp\/v2\/pages"}],"about":[{"href":"https:\/\/suafem.unam.mx\/index.php?rest_route=\/wp\/v2\/types\/page"}],"author":[{"embeddable":true,"href":"https:\/\/suafem.unam.mx\/index.php?rest_route=\/wp\/v2\/users\/2"}],"replies":[{"embeddable":true,"href":"https:\/\/suafem.unam.mx\/index.php?rest_route=%2Fwp%2Fv2%2Fcomments&post=1787"}],"version-history":[{"count":6,"href":"https:\/\/suafem.unam.mx\/index.php?rest_route=\/wp\/v2\/pages\/1787\/revisions"}],"predecessor-version":[{"id":1872,"href":"https:\/\/suafem.unam.mx\/index.php?rest_route=\/wp\/v2\/pages\/1787\/revisions\/1872"}],"wp:attachment":[{"href":"https:\/\/suafem.unam.mx\/index.php?rest_route=%2Fwp%2Fv2%2Fmedia&parent=1787"}],"curies":[{"name":"wp","href":"https:\/\/api.w.org\/{rel}","templated":true}]}}