{"id":1646,"date":"2024-02-14T14:22:48","date_gmt":"2024-02-14T20:22:48","guid":{"rendered":"http:\/\/suafem.unam.mx\/?page_id=1646"},"modified":"2025-01-16T10:56:57","modified_gmt":"2025-01-16T16:56:57","slug":"eventos-del-2024","status":"publish","type":"page","link":"https:\/\/suafem.unam.mx\/?page_id=1646","title":{"rendered":"Eventos del 2024"},"content":{"rendered":"\n<figure class=\"wp-block-image size-full\"><img decoding=\"async\" width=\"383\" height=\"110\" src=\"http:\/\/suafem.unam.mx\/wp-content\/uploads\/2023\/04\/Recurso-4-1.png\" alt=\"\" class=\"wp-image-1512\" srcset=\"https:\/\/suafem.unam.mx\/wp-content\/uploads\/2023\/04\/Recurso-4-1.png 383w, https:\/\/suafem.unam.mx\/wp-content\/uploads\/2023\/04\/Recurso-4-1-300x86.png 300w, https:\/\/suafem.unam.mx\/wp-content\/uploads\/2023\/04\/Recurso-4-1-24x7.png 24w, https:\/\/suafem.unam.mx\/wp-content\/uploads\/2023\/04\/Recurso-4-1-36x10.png 36w, https:\/\/suafem.unam.mx\/wp-content\/uploads\/2023\/04\/Recurso-4-1-48x14.png 48w\" sizes=\"(max-width: 383px) 100vw, 383px\" \/><\/figure>\n\n\n\n<figure class=\"wp-block-image size-large\"><a href=\"https:\/\/zeus.filosoficas.unam.mx\/sitio\/workshop-phenomenology-emotions-and-4e-cognition#\" target=\"_blank\" rel=\"noreferrer noopener\"><img fetchpriority=\"high\" decoding=\"async\" width=\"757\" height=\"1024\" src=\"http:\/\/suafem.unam.mx\/wp-content\/uploads\/2024\/10\/462368082_10232529082107059_5681091114374107283_n-757x1024.jpg\" alt=\"\" class=\"wp-image-1741\" srcset=\"https:\/\/suafem.unam.mx\/wp-content\/uploads\/2024\/10\/462368082_10232529082107059_5681091114374107283_n-757x1024.jpg 757w, https:\/\/suafem.unam.mx\/wp-content\/uploads\/2024\/10\/462368082_10232529082107059_5681091114374107283_n-222x300.jpg 222w, https:\/\/suafem.unam.mx\/wp-content\/uploads\/2024\/10\/462368082_10232529082107059_5681091114374107283_n-768x1040.jpg 768w, https:\/\/suafem.unam.mx\/wp-content\/uploads\/2024\/10\/462368082_10232529082107059_5681091114374107283_n-1135x1536.jpg 1135w, https:\/\/suafem.unam.mx\/wp-content\/uploads\/2024\/10\/462368082_10232529082107059_5681091114374107283_n-18x24.jpg 18w, https:\/\/suafem.unam.mx\/wp-content\/uploads\/2024\/10\/462368082_10232529082107059_5681091114374107283_n-27x36.jpg 27w, https:\/\/suafem.unam.mx\/wp-content\/uploads\/2024\/10\/462368082_10232529082107059_5681091114374107283_n-35x48.jpg 35w, https:\/\/suafem.unam.mx\/wp-content\/uploads\/2024\/10\/462368082_10232529082107059_5681091114374107283_n.jpg 1513w\" sizes=\"(max-width: 706px) 89vw, (max-width: 767px) 82vw, 740px\" \/><\/a><\/figure>\n\n\n\n<figure class=\"wp-block-image size-large\"><a href=\"http:\/\/suafem.unam.mx\/?page_id=1756\" target=\"_blank\" rel=\"noreferrer noopener\"><img decoding=\"async\" width=\"1024\" height=\"785\" src=\"http:\/\/suafem.unam.mx\/wp-content\/uploads\/2024\/11\/TALLER_AFECTOS_2024_b-1024x785.png\" alt=\"\" class=\"wp-image-1754\" srcset=\"https:\/\/suafem.unam.mx\/wp-content\/uploads\/2024\/11\/TALLER_AFECTOS_2024_b-1024x785.png 1024w, https:\/\/suafem.unam.mx\/wp-content\/uploads\/2024\/11\/TALLER_AFECTOS_2024_b-300x230.png 300w, https:\/\/suafem.unam.mx\/wp-content\/uploads\/2024\/11\/TALLER_AFECTOS_2024_b-768x589.png 768w, https:\/\/suafem.unam.mx\/wp-content\/uploads\/2024\/11\/TALLER_AFECTOS_2024_b-1536x1177.png 1536w, https:\/\/suafem.unam.mx\/wp-content\/uploads\/2024\/11\/TALLER_AFECTOS_2024_b-24x18.png 24w, https:\/\/suafem.unam.mx\/wp-content\/uploads\/2024\/11\/TALLER_AFECTOS_2024_b-36x28.png 36w, https:\/\/suafem.unam.mx\/wp-content\/uploads\/2024\/11\/TALLER_AFECTOS_2024_b-48x37.png 48w, https:\/\/suafem.unam.mx\/wp-content\/uploads\/2024\/11\/TALLER_AFECTOS_2024_b.png 1892w\" sizes=\"(max-width: 706px) 89vw, (max-width: 767px) 82vw, 740px\" \/><\/a><\/figure>\n\n\n\n<figure class=\"wp-block-embed is-type-video is-provider-youtube wp-block-embed-youtube wp-embed-aspect-16-9 wp-has-aspect-ratio\"><div class=\"wp-block-embed__wrapper\">\n<iframe title=\"\u00bfQu\u00e9 es la enfermedad?\" width=\"525\" height=\"295\" src=\"https:\/\/www.youtube.com\/embed\/iRNVpF5pxlo?feature=oembed\" frameborder=\"0\" allow=\"accelerometer; autoplay; clipboard-write; encrypted-media; gyroscope; picture-in-picture; web-share\" referrerpolicy=\"strict-origin-when-cross-origin\" allowfullscreen><\/iframe>\n<\/div><\/figure>\n\n\n\n<figure class=\"wp-block-embed is-type-video is-provider-youtube wp-block-embed-youtube wp-embed-aspect-16-9 wp-has-aspect-ratio\"><div class=\"wp-block-embed__wrapper\">\n<iframe title=\"La psicolog\u00eda paliativa: una especialidad emergente\" width=\"525\" height=\"295\" src=\"https:\/\/www.youtube.com\/embed\/2zpS2Z3HaoU?feature=oembed\" frameborder=\"0\" allow=\"accelerometer; autoplay; clipboard-write; encrypted-media; gyroscope; picture-in-picture; web-share\" referrerpolicy=\"strict-origin-when-cross-origin\" allowfullscreen><\/iframe>\n<\/div><\/figure>\n\n\n\n<p class=\"wp-block-paragraph\">Conferencia<\/p>\n\n\n\n<p class=\"wp-block-paragraph\"><strong>S\u00e1bado 28 de septiembre, 2024 | 9:00am<\/strong>. La conferencia presentada por Patricia Gherovici y Jamieson Webster tiene como objetivo brindar una introducci\u00f3n al seminario <em>Sin futuro: la praxis psicoanal\u00edtica contempor\u00e1nea y sus vicisitudes<\/em> que se impartir\u00e1 en la Ciudad de M\u00e9xico el pr\u00f3ximo 22 de noviembre, 2024. La inscripci\u00f3n a la conferencia es gratuita. <a href=\"https:\/\/www.paradiso-editores.com\" title=\"\">https:\/\/www.paradiso-editores.com<\/a><br><a href=\"https:\/\/docs.google.com\/forms\/d\/e\/1FAIpQLScqMCmfZ_vkeC3BEpfaRZlfHIul47PPARRIEM_0IQVJSYPiLw\/viewform\" target=\"_blank\" rel=\"noopener\" title=\"Registrate ahora\">Registrate ahora<\/a><\/p>\n\n\n\n<figure class=\"wp-block-embed is-type-video is-provider-youtube wp-block-embed-youtube wp-embed-aspect-16-9 wp-has-aspect-ratio\"><div class=\"wp-block-embed__wrapper\">\n<iframe title=\"La expresi\u00f3n de los sue\u00f1os: emociones durante el sue\u00f1o en mujeres con depresi\u00f3n mayor\" width=\"525\" height=\"295\" src=\"https:\/\/www.youtube.com\/embed\/lPxu6p19Ptk?feature=oembed\" frameborder=\"0\" allow=\"accelerometer; autoplay; clipboard-write; encrypted-media; gyroscope; picture-in-picture; web-share\" referrerpolicy=\"strict-origin-when-cross-origin\" allowfullscreen><\/iframe>\n<\/div><\/figure>\n\n\n\n<figure class=\"wp-block-image size-large\"><a href=\"https:\/\/youtube.com\/live\/1C2jIgzn7Zw?feature=share\"><img loading=\"lazy\" decoding=\"async\" width=\"724\" height=\"1024\" src=\"http:\/\/suafem.unam.mx\/wp-content\/uploads\/2024\/05\/WhatsApp-Image-2024-05-13-at-12.51.12-724x1024.jpeg\" alt=\"\" class=\"wp-image-1685\" srcset=\"https:\/\/suafem.unam.mx\/wp-content\/uploads\/2024\/05\/WhatsApp-Image-2024-05-13-at-12.51.12-724x1024.jpeg 724w, https:\/\/suafem.unam.mx\/wp-content\/uploads\/2024\/05\/WhatsApp-Image-2024-05-13-at-12.51.12-212x300.jpeg 212w, https:\/\/suafem.unam.mx\/wp-content\/uploads\/2024\/05\/WhatsApp-Image-2024-05-13-at-12.51.12-768x1086.jpeg 768w, https:\/\/suafem.unam.mx\/wp-content\/uploads\/2024\/05\/WhatsApp-Image-2024-05-13-at-12.51.12-1086x1536.jpeg 1086w, https:\/\/suafem.unam.mx\/wp-content\/uploads\/2024\/05\/WhatsApp-Image-2024-05-13-at-12.51.12-17x24.jpeg 17w, https:\/\/suafem.unam.mx\/wp-content\/uploads\/2024\/05\/WhatsApp-Image-2024-05-13-at-12.51.12-25x36.jpeg 25w, https:\/\/suafem.unam.mx\/wp-content\/uploads\/2024\/05\/WhatsApp-Image-2024-05-13-at-12.51.12-34x48.jpeg 34w, https:\/\/suafem.unam.mx\/wp-content\/uploads\/2024\/05\/WhatsApp-Image-2024-05-13-at-12.51.12.jpeg 1131w\" sizes=\"(max-width: 724px) 100vw, 724px\" \/><\/a><\/figure>\n\n\n\n<figure class=\"wp-block-image size-large\"><img loading=\"lazy\" decoding=\"async\" width=\"1013\" height=\"1024\" src=\"http:\/\/suafem.unam.mx\/wp-content\/uploads\/2024\/06\/WhatsApp-Image-2024-06-03-at-18.47.18-1013x1024.jpeg\" alt=\"\" class=\"wp-image-1720\" srcset=\"https:\/\/suafem.unam.mx\/wp-content\/uploads\/2024\/06\/WhatsApp-Image-2024-06-03-at-18.47.18-1013x1024.jpeg 1013w, https:\/\/suafem.unam.mx\/wp-content\/uploads\/2024\/06\/WhatsApp-Image-2024-06-03-at-18.47.18-297x300.jpeg 297w, https:\/\/suafem.unam.mx\/wp-content\/uploads\/2024\/06\/WhatsApp-Image-2024-06-03-at-18.47.18-768x776.jpeg 768w, https:\/\/suafem.unam.mx\/wp-content\/uploads\/2024\/06\/WhatsApp-Image-2024-06-03-at-18.47.18-100x100.jpeg 100w, https:\/\/suafem.unam.mx\/wp-content\/uploads\/2024\/06\/WhatsApp-Image-2024-06-03-at-18.47.18-24x24.jpeg 24w, https:\/\/suafem.unam.mx\/wp-content\/uploads\/2024\/06\/WhatsApp-Image-2024-06-03-at-18.47.18-36x36.jpeg 36w, https:\/\/suafem.unam.mx\/wp-content\/uploads\/2024\/06\/WhatsApp-Image-2024-06-03-at-18.47.18-48x48.jpeg 48w, https:\/\/suafem.unam.mx\/wp-content\/uploads\/2024\/06\/WhatsApp-Image-2024-06-03-at-18.47.18.jpeg 1094w\" sizes=\"(max-width: 706px) 89vw, (max-width: 767px) 82vw, 740px\" \/><\/figure>\n\n\n\n<figure class=\"wp-block-image size-large\"><img loading=\"lazy\" decoding=\"async\" width=\"768\" height=\"1024\" src=\"http:\/\/suafem.unam.mx\/wp-content\/uploads\/2024\/04\/Cartel-grupo-de-lectura-sufrimiento-en-la-medicina-768x1024.png\" alt=\"\" class=\"wp-image-1665\" srcset=\"https:\/\/suafem.unam.mx\/wp-content\/uploads\/2024\/04\/Cartel-grupo-de-lectura-sufrimiento-en-la-medicina-768x1024.png 768w, https:\/\/suafem.unam.mx\/wp-content\/uploads\/2024\/04\/Cartel-grupo-de-lectura-sufrimiento-en-la-medicina-225x300.png 225w, https:\/\/suafem.unam.mx\/wp-content\/uploads\/2024\/04\/Cartel-grupo-de-lectura-sufrimiento-en-la-medicina-1152x1536.png 1152w, https:\/\/suafem.unam.mx\/wp-content\/uploads\/2024\/04\/Cartel-grupo-de-lectura-sufrimiento-en-la-medicina-1536x2048.png 1536w, https:\/\/suafem.unam.mx\/wp-content\/uploads\/2024\/04\/Cartel-grupo-de-lectura-sufrimiento-en-la-medicina-18x24.png 18w, https:\/\/suafem.unam.mx\/wp-content\/uploads\/2024\/04\/Cartel-grupo-de-lectura-sufrimiento-en-la-medicina-27x36.png 27w, https:\/\/suafem.unam.mx\/wp-content\/uploads\/2024\/04\/Cartel-grupo-de-lectura-sufrimiento-en-la-medicina-36x48.png 36w, https:\/\/suafem.unam.mx\/wp-content\/uploads\/2024\/04\/Cartel-grupo-de-lectura-sufrimiento-en-la-medicina.png 1728w\" sizes=\"(max-width: 706px) 89vw, (max-width: 767px) 82vw, 740px\" \/><\/figure>\n\n\n\n<figure class=\"wp-block-image size-large\"><a href=\"http:\/\/suafem.unam.mx\/?page_id=1695\" target=\"_blank\" rel=\"noopener\"><img loading=\"lazy\" decoding=\"async\" width=\"1024\" height=\"1024\" src=\"http:\/\/suafem.unam.mx\/wp-content\/uploads\/2024\/05\/Cartel-Taller-Etica-Antigua-1024x1024.jpeg\" alt=\"\" class=\"wp-image-1690\" srcset=\"https:\/\/suafem.unam.mx\/wp-content\/uploads\/2024\/05\/Cartel-Taller-Etica-Antigua-1024x1024.jpeg 1024w, https:\/\/suafem.unam.mx\/wp-content\/uploads\/2024\/05\/Cartel-Taller-Etica-Antigua-300x300.jpeg 300w, https:\/\/suafem.unam.mx\/wp-content\/uploads\/2024\/05\/Cartel-Taller-Etica-Antigua-150x150.jpeg 150w, https:\/\/suafem.unam.mx\/wp-content\/uploads\/2024\/05\/Cartel-Taller-Etica-Antigua-768x768.jpeg 768w, https:\/\/suafem.unam.mx\/wp-content\/uploads\/2024\/05\/Cartel-Taller-Etica-Antigua-100x100.jpeg 100w, https:\/\/suafem.unam.mx\/wp-content\/uploads\/2024\/05\/Cartel-Taller-Etica-Antigua-24x24.jpeg 24w, https:\/\/suafem.unam.mx\/wp-content\/uploads\/2024\/05\/Cartel-Taller-Etica-Antigua-36x36.jpeg 36w, https:\/\/suafem.unam.mx\/wp-content\/uploads\/2024\/05\/Cartel-Taller-Etica-Antigua-48x48.jpeg 48w, https:\/\/suafem.unam.mx\/wp-content\/uploads\/2024\/05\/Cartel-Taller-Etica-Antigua.jpeg 1280w\" sizes=\"(max-width: 706px) 89vw, (max-width: 767px) 82vw, 740px\" \/><\/a><\/figure>\n\n\n\n<figure class=\"wp-block-embed is-type-video is-provider-youtube wp-block-embed-youtube wp-embed-aspect-16-9 wp-has-aspect-ratio\"><div class=\"wp-block-embed__wrapper\">\n<iframe title=\"\u00bfC\u00f3mo entendemos las emociones en las obras literarias?\" width=\"525\" height=\"295\" src=\"https:\/\/www.youtube.com\/embed\/uwjukSoxIok?feature=oembed\" frameborder=\"0\" allow=\"accelerometer; autoplay; clipboard-write; encrypted-media; gyroscope; picture-in-picture; web-share\" referrerpolicy=\"strict-origin-when-cross-origin\" allowfullscreen><\/iframe>\n<\/div><\/figure>\n\n\n\n<figure class=\"wp-block-image size-large\"><img loading=\"lazy\" decoding=\"async\" width=\"1024\" height=\"675\" src=\"http:\/\/suafem.unam.mx\/wp-content\/uploads\/2024\/12\/Banner-Pivot-GEF-1024x675.jpg\" alt=\"\" class=\"wp-image-1777\" srcset=\"https:\/\/suafem.unam.mx\/wp-content\/uploads\/2024\/12\/Banner-Pivot-GEF-1024x675.jpg 1024w, https:\/\/suafem.unam.mx\/wp-content\/uploads\/2024\/12\/Banner-Pivot-GEF-300x198.jpg 300w, https:\/\/suafem.unam.mx\/wp-content\/uploads\/2024\/12\/Banner-Pivot-GEF-768x507.jpg 768w, https:\/\/suafem.unam.mx\/wp-content\/uploads\/2024\/12\/Banner-Pivot-GEF-1536x1013.jpg 1536w, https:\/\/suafem.unam.mx\/wp-content\/uploads\/2024\/12\/Banner-Pivot-GEF-2048x1351.jpg 2048w, https:\/\/suafem.unam.mx\/wp-content\/uploads\/2024\/12\/Banner-Pivot-GEF-24x16.jpg 24w, https:\/\/suafem.unam.mx\/wp-content\/uploads\/2024\/12\/Banner-Pivot-GEF-36x24.jpg 36w, https:\/\/suafem.unam.mx\/wp-content\/uploads\/2024\/12\/Banner-Pivot-GEF-48x32.jpg 48w\" sizes=\"(max-width: 706px) 89vw, (max-width: 767px) 82vw, 740px\" \/><figcaption class=\"wp-element-caption\">\ud83d\udce2 <strong>\u00a1Atenci\u00f3n, comunidad UNAM!<\/strong> \ud83c\udf93\ud83d\udca1<br>Te presentamos <strong>Pivot-RP<\/strong>, una plataforma que facilita la b\u00fasqueda de oportunidades de financiamiento para:<br>\u2705 Proyectos de investigaci\u00f3n.<br>\u2705 Becas de movilidad y posgrado.<br>\u2705 Participaci\u00f3n en eventos internacionales.<br>Con <strong>Pivot-RP<\/strong>, tendr\u00e1s acceso a oportunidades globales que impulsan el desarrollo de tus iniciativas acad\u00e9micas y cient\u00edficas. \ud83c\udf0d\ud83d\udd2c<br>\ud83c\udfa5 Descubre c\u00f3mo funciona y c\u00f3mo aprovechar esta herramienta en el siguiente link: <a href=\"https:\/\/bit.ly\/FinanciamientoCIC\">https:\/\/bit.ly\/FinanciamientoCIC<\/a><\/figcaption><\/figure>\n\n\n\n<figure class=\"wp-block-embed is-type-video is-provider-youtube wp-block-embed-youtube wp-embed-aspect-16-9 wp-has-aspect-ratio\"><div class=\"wp-block-embed__wrapper\">\n<iframe title=\"Rabia colectiva\" width=\"525\" height=\"295\" src=\"https:\/\/www.youtube.com\/embed\/DGE-hp224ns?feature=oembed\" frameborder=\"0\" allow=\"accelerometer; autoplay; clipboard-write; encrypted-media; gyroscope; picture-in-picture; web-share\" referrerpolicy=\"strict-origin-when-cross-origin\" allowfullscreen><\/iframe>\n<\/div><\/figure>\n\n\n\n<figure class=\"wp-block-image size-large\"><img loading=\"lazy\" decoding=\"async\" width=\"662\" height=\"1024\" src=\"http:\/\/suafem.unam.mx\/wp-content\/uploads\/2024\/04\/WhatsApp-Image-2024-04-12-at-13.18.06-662x1024.jpeg\" alt=\"\" class=\"wp-image-1670\" srcset=\"https:\/\/suafem.unam.mx\/wp-content\/uploads\/2024\/04\/WhatsApp-Image-2024-04-12-at-13.18.06-662x1024.jpeg 662w, https:\/\/suafem.unam.mx\/wp-content\/uploads\/2024\/04\/WhatsApp-Image-2024-04-12-at-13.18.06-194x300.jpeg 194w, https:\/\/suafem.unam.mx\/wp-content\/uploads\/2024\/04\/WhatsApp-Image-2024-04-12-at-13.18.06-768x1187.jpeg 768w, https:\/\/suafem.unam.mx\/wp-content\/uploads\/2024\/04\/WhatsApp-Image-2024-04-12-at-13.18.06-16x24.jpeg 16w, https:\/\/suafem.unam.mx\/wp-content\/uploads\/2024\/04\/WhatsApp-Image-2024-04-12-at-13.18.06-23x36.jpeg 23w, https:\/\/suafem.unam.mx\/wp-content\/uploads\/2024\/04\/WhatsApp-Image-2024-04-12-at-13.18.06-31x48.jpeg 31w, https:\/\/suafem.unam.mx\/wp-content\/uploads\/2024\/04\/WhatsApp-Image-2024-04-12-at-13.18.06.jpeg 828w\" sizes=\"(max-width: 662px) 100vw, 662px\" \/><\/figure>\n\n\n\n<figure class=\"wp-block-embed is-type-video is-provider-youtube wp-block-embed-youtube wp-embed-aspect-16-9 wp-has-aspect-ratio\"><div class=\"wp-block-embed__wrapper\">\n<iframe title=\"Despedidas sin adioses. Las complejidades del duelo\" width=\"525\" height=\"295\" src=\"https:\/\/www.youtube.com\/embed\/GNkW9INjeZw?feature=oembed\" frameborder=\"0\" allow=\"accelerometer; autoplay; clipboard-write; encrypted-media; gyroscope; picture-in-picture; web-share\" referrerpolicy=\"strict-origin-when-cross-origin\" allowfullscreen><\/iframe>\n<\/div><\/figure>\n\n\n\n<figure class=\"wp-block-embed is-type-video is-provider-youtube wp-block-embed-youtube wp-embed-aspect-16-9 wp-has-aspect-ratio\"><div class=\"wp-block-embed__wrapper\">\n<iframe title=\"Duelo y actitudes autorreactivas\" width=\"525\" height=\"295\" src=\"https:\/\/www.youtube.com\/embed\/oFt2oovx1is?feature=oembed\" frameborder=\"0\" allow=\"accelerometer; autoplay; clipboard-write; encrypted-media; gyroscope; picture-in-picture; web-share\" referrerpolicy=\"strict-origin-when-cross-origin\" allowfullscreen><\/iframe>\n<\/div><\/figure>\n\n\n\n<figure class=\"wp-block-video\"><video height=\"1080\" style=\"aspect-ratio: 1920 \/ 1080;\" width=\"1920\" controls src=\"http:\/\/suafem.unam.mx\/wp-content\/uploads\/2024\/12\/Pivot-RP-Video-Oficial.mp4\"><\/video><\/figure>\n","protected":false},"excerpt":{"rendered":"<p>Conferencia S\u00e1bado 28 de septiembre, 2024 | 9:00am. La conferencia presentada por Patricia Gherovici y Jamieson Webster tiene como objetivo brindar una introducci\u00f3n al seminario Sin futuro: la praxis psicoanal\u00edtica contempor\u00e1nea y sus vicisitudes que se impartir\u00e1 en la Ciudad de M\u00e9xico el pr\u00f3ximo 22 de noviembre, 2024. La inscripci\u00f3n a la conferencia es gratuita. &hellip; <\/p>\n<p class=\"link-more\"><a href=\"https:\/\/suafem.unam.mx\/?page_id=1646\" class=\"more-link\">Continuar leyendo<span class=\"screen-reader-text\"> &#8220;Eventos del 2024&#8221;<\/span><\/a><\/p>\n","protected":false},"author":2,"featured_media":0,"parent":0,"menu_order":0,"comment_status":"closed","ping_status":"closed","template":"","meta":{"_monsterinsights_skip_tracking":false,"footnotes":""},"class_list":["post-1646","page","type-page","status-publish","hentry"],"aioseo_notices":[],"aioseo_head":"\n\t\t<!-- All in One SEO 5.0.0.1 - aioseo.com -->\n\t<meta name=\"description\" content=\"Conferencia S\u00e1bado 28 de septiembre, 2024 | 9:00am. La conferencia presentada por Patricia Gherovici y Jamieson Webster tiene como objetivo brindar una introducci\u00f3n al seminario Sin futuro: la praxis psicoanal\u00edtica contempor\u00e1nea y sus vicisitudes que se impartir\u00e1 en la Ciudad de M\u00e9xico el pr\u00f3ximo 22 de noviembre, 2024. La inscripci\u00f3n a la conferencia es gratuita.\" \/>\n\t<meta name=\"robots\" content=\"max-image-preview:large\" \/>\n\t<link rel=\"canonical\" href=\"https:\/\/suafem.unam.mx\/?page_id=1646\" \/>\n\t<meta name=\"generator\" content=\"All in One SEO (AIOSEO) 5.0.0.1\" \/>\n\t\t<meta property=\"og:locale\" content=\"es_MX\" \/>\n\t\t<meta property=\"og:site_name\" content=\"Seminario Universitario sobre Afectividad y Emociones - suafem@unam.mx\" \/>\n\t\t<meta property=\"og:type\" content=\"article\" \/>\n\t\t<meta property=\"og:title\" content=\"Eventos del 2024 - Seminario Universitario sobre Afectividad y Emociones\" \/>\n\t\t<meta property=\"og:description\" content=\"Conferencia S\u00e1bado 28 de septiembre, 2024 | 9:00am. La conferencia presentada por Patricia Gherovici y Jamieson Webster tiene como objetivo brindar una introducci\u00f3n al seminario Sin futuro: la praxis psicoanal\u00edtica contempor\u00e1nea y sus vicisitudes que se impartir\u00e1 en la Ciudad de M\u00e9xico el pr\u00f3ximo 22 de noviembre, 2024. La inscripci\u00f3n a la conferencia es gratuita.\" \/>\n\t\t<meta property=\"og:url\" content=\"https:\/\/suafem.unam.mx\/?page_id=1646\" \/>\n\t\t<meta property=\"og:image\" content=\"https:\/\/suafem.unam.mx\/wp-content\/uploads\/2022\/06\/cropped-logos.png\" \/>\n\t\t<meta property=\"og:image:secure_url\" content=\"https:\/\/suafem.unam.mx\/wp-content\/uploads\/2022\/06\/cropped-logos.png\" \/>\n\t\t<meta property=\"og:image:width\" content=\"1100\" \/>\n\t\t<meta property=\"og:image:height\" content=\"250\" \/>\n\t\t<meta property=\"article:published_time\" content=\"2024-02-14T20:22:48+00:00\" \/>\n\t\t<meta property=\"article:modified_time\" content=\"2025-01-16T16:56:57+00:00\" \/>\n\t\t<meta name=\"twitter:card\" content=\"summary\" \/>\n\t\t<meta name=\"twitter:title\" content=\"Eventos del 2024 - Seminario Universitario sobre Afectividad y Emociones\" \/>\n\t\t<meta name=\"twitter:description\" content=\"Conferencia S\u00e1bado 28 de septiembre, 2024 | 9:00am. La conferencia presentada por Patricia Gherovici y Jamieson Webster tiene como objetivo brindar una introducci\u00f3n al seminario Sin futuro: la praxis psicoanal\u00edtica contempor\u00e1nea y sus vicisitudes que se impartir\u00e1 en la Ciudad de M\u00e9xico el pr\u00f3ximo 22 de noviembre, 2024. La inscripci\u00f3n a la conferencia es gratuita.\" \/>\n\t\t<meta name=\"twitter:image\" content=\"https:\/\/suafem.unam.mx\/wp-content\/uploads\/2022\/06\/cropped-logos.png\" \/>\n\t\t<script type=\"application\/ld+json\" class=\"aioseo-schema\">\n\t\t\t{\"@context\":\"https:\\\/\\\/schema.org\",\"@graph\":[{\"@type\":\"BreadcrumbList\",\"@id\":\"https:\\\/\\\/suafem.unam.mx\\\/?page_id=1646#breadcrumblist\",\"itemListElement\":[{\"@type\":\"ListItem\",\"@id\":\"https:\\\/\\\/suafem.unam.mx#listItem\",\"position\":1,\"name\":\"Home\",\"item\":\"https:\\\/\\\/suafem.unam.mx\",\"nextItem\":{\"@type\":\"ListItem\",\"@id\":\"https:\\\/\\\/suafem.unam.mx\\\/?page_id=1646#listItem\",\"name\":\"Eventos del 2024\"}},{\"@type\":\"ListItem\",\"@id\":\"https:\\\/\\\/suafem.unam.mx\\\/?page_id=1646#listItem\",\"position\":2,\"name\":\"Eventos del 2024\",\"previousItem\":{\"@type\":\"ListItem\",\"@id\":\"https:\\\/\\\/suafem.unam.mx#listItem\",\"name\":\"Home\"}}]},{\"@type\":\"Organization\",\"@id\":\"https:\\\/\\\/suafem.unam.mx\\\/#organization\",\"name\":\"Seminario Universitario sobre Afectividad y Emociones\",\"description\":\"suafem@unam.mx\",\"url\":\"https:\\\/\\\/suafem.unam.mx\\\/\",\"logo\":{\"@type\":\"ImageObject\",\"url\":\"https:\\\/\\\/suafem.unam.mx\\\/wp-content\\\/uploads\\\/2022\\\/06\\\/cropped-logos.png\",\"@id\":\"https:\\\/\\\/suafem.unam.mx\\\/?page_id=1646\\\/#organizationLogo\",\"width\":1100,\"height\":250},\"image\":{\"@id\":\"https:\\\/\\\/suafem.unam.mx\\\/?page_id=1646\\\/#organizationLogo\"}},{\"@type\":\"WebPage\",\"@id\":\"https:\\\/\\\/suafem.unam.mx\\\/?page_id=1646#webpage\",\"url\":\"https:\\\/\\\/suafem.unam.mx\\\/?page_id=1646\",\"name\":\"Eventos del 2024 - Seminario Universitario sobre Afectividad y Emociones\",\"description\":\"Conferencia S\\u00e1bado 28 de septiembre, 2024 | 9:00am. La conferencia presentada por Patricia Gherovici y Jamieson Webster tiene como objetivo brindar una introducci\\u00f3n al seminario Sin futuro: la praxis psicoanal\\u00edtica contempor\\u00e1nea y sus vicisitudes que se impartir\\u00e1 en la Ciudad de M\\u00e9xico el pr\\u00f3ximo 22 de noviembre, 2024. La inscripci\\u00f3n a la conferencia es gratuita.\",\"inLanguage\":\"es-MX\",\"isPartOf\":{\"@id\":\"https:\\\/\\\/suafem.unam.mx\\\/#website\"},\"breadcrumb\":{\"@id\":\"https:\\\/\\\/suafem.unam.mx\\\/?page_id=1646#breadcrumblist\"},\"datePublished\":\"2024-02-14T14:22:48-06:00\",\"dateModified\":\"2025-01-16T10:56:57-06:00\"},{\"@type\":\"WebSite\",\"@id\":\"https:\\\/\\\/suafem.unam.mx\\\/#website\",\"url\":\"https:\\\/\\\/suafem.unam.mx\\\/\",\"name\":\"Seminario Universitario sobre Afectividad y Emociones\",\"description\":\"suafem@unam.mx\",\"inLanguage\":\"es-MX\",\"publisher\":{\"@id\":\"https:\\\/\\\/suafem.unam.mx\\\/#organization\"}}]}\n\t\t<\/script>\n\t\t<!-- All in One SEO -->\n\n","aioseo_head_json":{"title":"Eventos del 2024 - Seminario Universitario sobre Afectividad y Emociones","description":"Conferencia S\u00e1bado 28 de septiembre, 2024 | 9:00am. La conferencia presentada por Patricia Gherovici y Jamieson Webster tiene como objetivo brindar una introducci\u00f3n al seminario Sin futuro: la praxis psicoanal\u00edtica contempor\u00e1nea y sus vicisitudes que se impartir\u00e1 en la Ciudad de M\u00e9xico el pr\u00f3ximo 22 de noviembre, 2024. La inscripci\u00f3n a la conferencia es gratuita.","canonical_url":"https:\/\/suafem.unam.mx\/?page_id=1646","robots":"max-image-preview:large","keywords":"","webmasterTools":{"miscellaneous":""},"schema":{"@context":"https:\/\/schema.org","@graph":[{"@type":"BreadcrumbList","@id":"https:\/\/suafem.unam.mx\/?page_id=1646#breadcrumblist","itemListElement":[{"@type":"ListItem","@id":"https:\/\/suafem.unam.mx#listItem","position":1,"name":"Home","item":"https:\/\/suafem.unam.mx","nextItem":{"@type":"ListItem","@id":"https:\/\/suafem.unam.mx\/?page_id=1646#listItem","name":"Eventos del 2024"}},{"@type":"ListItem","@id":"https:\/\/suafem.unam.mx\/?page_id=1646#listItem","position":2,"name":"Eventos del 2024","previousItem":{"@type":"ListItem","@id":"https:\/\/suafem.unam.mx#listItem","name":"Home"}}]},{"@type":"Organization","@id":"https:\/\/suafem.unam.mx\/#organization","name":"Seminario Universitario sobre Afectividad y Emociones","description":"suafem@unam.mx","url":"https:\/\/suafem.unam.mx\/","logo":{"@type":"ImageObject","url":"https:\/\/suafem.unam.mx\/wp-content\/uploads\/2022\/06\/cropped-logos.png","@id":"https:\/\/suafem.unam.mx\/?page_id=1646\/#organizationLogo","width":1100,"height":250},"image":{"@id":"https:\/\/suafem.unam.mx\/?page_id=1646\/#organizationLogo"}},{"@type":"WebPage","@id":"https:\/\/suafem.unam.mx\/?page_id=1646#webpage","url":"https:\/\/suafem.unam.mx\/?page_id=1646","name":"Eventos del 2024 - Seminario Universitario sobre Afectividad y Emociones","description":"Conferencia S\u00e1bado 28 de septiembre, 2024 | 9:00am. La conferencia presentada por Patricia Gherovici y Jamieson Webster tiene como objetivo brindar una introducci\u00f3n al seminario Sin futuro: la praxis psicoanal\u00edtica contempor\u00e1nea y sus vicisitudes que se impartir\u00e1 en la Ciudad de M\u00e9xico el pr\u00f3ximo 22 de noviembre, 2024. La inscripci\u00f3n a la conferencia es gratuita.","inLanguage":"es-MX","isPartOf":{"@id":"https:\/\/suafem.unam.mx\/#website"},"breadcrumb":{"@id":"https:\/\/suafem.unam.mx\/?page_id=1646#breadcrumblist"},"datePublished":"2024-02-14T14:22:48-06:00","dateModified":"2025-01-16T10:56:57-06:00"},{"@type":"WebSite","@id":"https:\/\/suafem.unam.mx\/#website","url":"https:\/\/suafem.unam.mx\/","name":"Seminario Universitario sobre Afectividad y Emociones","description":"suafem@unam.mx","inLanguage":"es-MX","publisher":{"@id":"https:\/\/suafem.unam.mx\/#organization"}}]},"og:locale":"es_MX","og:site_name":"Seminario Universitario sobre Afectividad y Emociones - suafem@unam.mx","og:type":"article","og:title":"Eventos del 2024 - Seminario Universitario sobre Afectividad y Emociones","og:description":"Conferencia S\u00e1bado 28 de septiembre, 2024 | 9:00am. La conferencia presentada por Patricia Gherovici y Jamieson Webster tiene como objetivo brindar una introducci\u00f3n al seminario Sin futuro: la praxis psicoanal\u00edtica contempor\u00e1nea y sus vicisitudes que se impartir\u00e1 en la Ciudad de M\u00e9xico el pr\u00f3ximo 22 de noviembre, 2024. La inscripci\u00f3n a la conferencia es gratuita.","og:url":"https:\/\/suafem.unam.mx\/?page_id=1646","og:image":"https:\/\/suafem.unam.mx\/wp-content\/uploads\/2022\/06\/cropped-logos.png","og:image:secure_url":"https:\/\/suafem.unam.mx\/wp-content\/uploads\/2022\/06\/cropped-logos.png","og:image:width":1100,"og:image:height":250,"article:published_time":"2024-02-14T20:22:48+00:00","article:modified_time":"2025-01-16T16:56:57+00:00","twitter:card":"summary","twitter:title":"Eventos del 2024 - Seminario Universitario sobre Afectividad y Emociones","twitter:description":"Conferencia S\u00e1bado 28 de septiembre, 2024 | 9:00am. La conferencia presentada por Patricia Gherovici y Jamieson Webster tiene como objetivo brindar una introducci\u00f3n al seminario Sin futuro: la praxis psicoanal\u00edtica contempor\u00e1nea y sus vicisitudes que se impartir\u00e1 en la Ciudad de M\u00e9xico el pr\u00f3ximo 22 de noviembre, 2024. La inscripci\u00f3n a la conferencia es gratuita.","twitter:image":"https:\/\/suafem.unam.mx\/wp-content\/uploads\/2022\/06\/cropped-logos.png"},"aioseo_meta_data":{"post_id":"1646","title":null,"description":null,"keywords":null,"keyphrases":{"focus":[],"additional":[]},"primary_term":null,"canonical_url":null,"og_title":null,"og_description":null,"og_object_type":"default","og_image_type":"default","og_image_url":null,"og_image_width":null,"og_image_height":null,"og_image_custom_url":null,"og_image_custom_fields":null,"og_video":"","og_custom_url":null,"og_article_section":null,"og_article_tags":null,"twitter_use_og":false,"twitter_card":"default","twitter_image_type":"default","twitter_image_url":null,"twitter_image_custom_url":null,"twitter_image_custom_fields":null,"twitter_title":null,"twitter_description":null,"schema":{"blockGraphs":[],"customGraphs":[],"default":{"data":{"Article":[],"Course":[],"Dataset":[],"FAQPage":[],"Movie":[],"Person":[],"Product":[],"ProductReview":[],"Car":[],"Recipe":[],"Service":[],"SoftwareApplication":[],"WebPage":[]},"graphName":"WebPage","isEnabled":true},"graphs":[]},"schema_type":"default","schema_type_options":null,"pillar_content":false,"robots_default":true,"robots_noindex":false,"robots_noarchive":false,"robots_nosnippet":false,"robots_nofollow":false,"robots_noimageindex":false,"robots_noodp":false,"robots_notranslate":false,"robots_max_snippet":"-1","robots_max_videopreview":"-1","robots_max_imagepreview":"large","priority":null,"frequency":"default","local_seo":null,"breadcrumb_settings":null,"limit_modified_date":false,"ai":null,"created":"2024-02-14 20:22:50","updated":"2026-08-25 18:16:50","seo_analyzer_scan_date":null,"focus_keyword":null,"additional_keywords":null,"truseo_locale":null},"aioseo_breadcrumb":"<div class=\"aioseo-breadcrumbs\"><span class=\"aioseo-breadcrumb\">\n\t\t\t<a href=\"https:\/\/suafem.unam.mx\" title=\"Home\">Home<\/a>\n\t\t<\/span><span class=\"aioseo-breadcrumb-separator\">&raquo;<\/span><span class=\"aioseo-breadcrumb\">\n\t\t\tEventos del 2024\n\t\t<\/span><\/div>","aioseo_breadcrumb_json":[{"label":"Home","link":"https:\/\/suafem.unam.mx"},{"label":"Eventos del 2024","link":"https:\/\/suafem.unam.mx\/?page_id=1646"}],"_links":{"self":[{"href":"https:\/\/suafem.unam.mx\/index.php?rest_route=\/wp\/v2\/pages\/1646","targetHints":{"allow":["GET"]}}],"collection":[{"href":"https:\/\/suafem.unam.mx\/index.php?rest_route=\/wp\/v2\/pages"}],"about":[{"href":"https:\/\/suafem.unam.mx\/index.php?rest_route=\/wp\/v2\/types\/page"}],"author":[{"embeddable":true,"href":"https:\/\/suafem.unam.mx\/index.php?rest_route=\/wp\/v2\/users\/2"}],"replies":[{"embeddable":true,"href":"https:\/\/suafem.unam.mx\/index.php?rest_route=%2Fwp%2Fv2%2Fcomments&post=1646"}],"version-history":[{"count":27,"href":"https:\/\/suafem.unam.mx\/index.php?rest_route=\/wp\/v2\/pages\/1646\/revisions"}],"predecessor-version":[{"id":1783,"href":"https:\/\/suafem.unam.mx\/index.php?rest_route=\/wp\/v2\/pages\/1646\/revisions\/1783"}],"wp:attachment":[{"href":"https:\/\/suafem.unam.mx\/index.php?rest_route=%2Fwp%2Fv2%2Fmedia&parent=1646"}],"curies":[{"name":"wp","href":"https:\/\/api.w.org\/{rel}","templated":true}]}}