{"id":135,"date":"2018-04-19T14:15:26","date_gmt":"2018-04-19T14:15:26","guid":{"rendered":"https:\/\/suafem.wordpress.com\/?page_id=135"},"modified":"2025-05-27T18:22:35","modified_gmt":"2025-05-28T00:22:35","slug":"otros","status":"publish","type":"page","link":"https:\/\/suafem.unam.mx\/?page_id=135","title":{"rendered":"Recursos de inter\u00e9s"},"content":{"rendered":"\n<figure class=\"wp-block-gallery has-nested-images columns-default is-cropped wp-block-gallery-1 is-layout-flex wp-block-gallery-is-layout-flex\">\n<figure class=\"wp-block-image size-large\"><img fetchpriority=\"high\" decoding=\"async\" width=\"1024\" height=\"1024\" data-id=\"1809\" src=\"http:\/\/suafem.unam.mx\/wp-content\/uploads\/2025\/05\/Fundamentos-matafisicos-1-1024x1024.jpg\" alt=\"\" class=\"wp-image-1809\" srcset=\"https:\/\/suafem.unam.mx\/wp-content\/uploads\/2025\/05\/Fundamentos-matafisicos-1-1024x1024.jpg 1024w, https:\/\/suafem.unam.mx\/wp-content\/uploads\/2025\/05\/Fundamentos-matafisicos-1-300x300.jpg 300w, https:\/\/suafem.unam.mx\/wp-content\/uploads\/2025\/05\/Fundamentos-matafisicos-1-150x150.jpg 150w, https:\/\/suafem.unam.mx\/wp-content\/uploads\/2025\/05\/Fundamentos-matafisicos-1-768x768.jpg 768w, https:\/\/suafem.unam.mx\/wp-content\/uploads\/2025\/05\/Fundamentos-matafisicos-1-1536x1536.jpg 1536w, https:\/\/suafem.unam.mx\/wp-content\/uploads\/2025\/05\/Fundamentos-matafisicos-1-2048x2048.jpg 2048w, https:\/\/suafem.unam.mx\/wp-content\/uploads\/2025\/05\/Fundamentos-matafisicos-1-100x100.jpg 100w, https:\/\/suafem.unam.mx\/wp-content\/uploads\/2025\/05\/Fundamentos-matafisicos-1-24x24.jpg 24w, https:\/\/suafem.unam.mx\/wp-content\/uploads\/2025\/05\/Fundamentos-matafisicos-1-36x36.jpg 36w, https:\/\/suafem.unam.mx\/wp-content\/uploads\/2025\/05\/Fundamentos-matafisicos-1-48x48.jpg 48w\" sizes=\"(max-width: 706px) 89vw, (max-width: 767px) 82vw, 740px\" \/><\/figure>\n<\/figure>\n\n\n\n<figure class=\"wp-block-image size-large\"><img decoding=\"async\" width=\"724\" height=\"1024\" src=\"http:\/\/suafem.unam.mx\/wp-content\/uploads\/2024\/05\/VII-Ed-Cursos-de-verano-2024-724x1024.png\" alt=\"\" class=\"wp-image-1693\" srcset=\"https:\/\/suafem.unam.mx\/wp-content\/uploads\/2024\/05\/VII-Ed-Cursos-de-verano-2024-724x1024.png 724w, https:\/\/suafem.unam.mx\/wp-content\/uploads\/2024\/05\/VII-Ed-Cursos-de-verano-2024-212x300.png 212w, https:\/\/suafem.unam.mx\/wp-content\/uploads\/2024\/05\/VII-Ed-Cursos-de-verano-2024-768x1086.png 768w, https:\/\/suafem.unam.mx\/wp-content\/uploads\/2024\/05\/VII-Ed-Cursos-de-verano-2024-1086x1536.png 1086w, https:\/\/suafem.unam.mx\/wp-content\/uploads\/2024\/05\/VII-Ed-Cursos-de-verano-2024-1448x2048.png 1448w, https:\/\/suafem.unam.mx\/wp-content\/uploads\/2024\/05\/VII-Ed-Cursos-de-verano-2024-17x24.png 17w, https:\/\/suafem.unam.mx\/wp-content\/uploads\/2024\/05\/VII-Ed-Cursos-de-verano-2024-25x36.png 25w, https:\/\/suafem.unam.mx\/wp-content\/uploads\/2024\/05\/VII-Ed-Cursos-de-verano-2024-34x48.png 34w, https:\/\/suafem.unam.mx\/wp-content\/uploads\/2024\/05\/VII-Ed-Cursos-de-verano-2024.png 1587w\" sizes=\"(max-width: 724px) 100vw, 724px\" \/><\/figure>\n\n\n\n<figure class=\"wp-block-image size-full\"><a href=\"https:\/\/lasillarota.com\/opinion\/columnas\/2022\/11\/5\/etica-del-cuidado-para-el-alivio-colectivo-400372.html\" target=\"_blank\" rel=\"noreferrer noopener\"><img decoding=\"async\" width=\"960\" height=\"540\" src=\"http:\/\/suafem.unam.mx\/wp-content\/uploads\/2022\/11\/image.png\" alt=\"\" class=\"wp-image-1464\" srcset=\"https:\/\/suafem.unam.mx\/wp-content\/uploads\/2022\/11\/image.png 960w, https:\/\/suafem.unam.mx\/wp-content\/uploads\/2022\/11\/image-300x169.png 300w, https:\/\/suafem.unam.mx\/wp-content\/uploads\/2022\/11\/image-768x432.png 768w, https:\/\/suafem.unam.mx\/wp-content\/uploads\/2022\/11\/image-24x14.png 24w, https:\/\/suafem.unam.mx\/wp-content\/uploads\/2022\/11\/image-36x20.png 36w, https:\/\/suafem.unam.mx\/wp-content\/uploads\/2022\/11\/image-48x27.png 48w\" sizes=\"(max-width: 706px) 89vw, (max-width: 767px) 82vw, 740px\" \/><\/a><figcaption class=\"wp-element-caption\">\u00c9tica del cuidado para el alivio colectivo<br>Aunque el sufrimiento pueda ocurrir en solitario, se sana en comunidad. | David Fajardo-Chica y Ang\u00e9lica D\u00e1vila Landa <\/figcaption><\/figure>\n\n\n\n<figure class=\"wp-block-image size-large\"><img loading=\"lazy\" decoding=\"async\" width=\"1024\" height=\"583\" src=\"http:\/\/suafem.unam.mx\/wp-content\/uploads\/2022\/06\/presentacionconsulta_invitaciondigital-16-1024x583.png\" alt=\"\" class=\"wp-image-1406\" srcset=\"https:\/\/suafem.unam.mx\/wp-content\/uploads\/2022\/06\/presentacionconsulta_invitaciondigital-16-1024x583.png 1024w, https:\/\/suafem.unam.mx\/wp-content\/uploads\/2022\/06\/presentacionconsulta_invitaciondigital-16-300x171.png 300w, https:\/\/suafem.unam.mx\/wp-content\/uploads\/2022\/06\/presentacionconsulta_invitaciondigital-16-768x437.png 768w, https:\/\/suafem.unam.mx\/wp-content\/uploads\/2022\/06\/presentacionconsulta_invitaciondigital-16-1536x874.png 1536w, https:\/\/suafem.unam.mx\/wp-content\/uploads\/2022\/06\/presentacionconsulta_invitaciondigital-16-2048x1165.png 2048w, https:\/\/suafem.unam.mx\/wp-content\/uploads\/2022\/06\/presentacionconsulta_invitaciondigital-16-24x14.png 24w, https:\/\/suafem.unam.mx\/wp-content\/uploads\/2022\/06\/presentacionconsulta_invitaciondigital-16-36x20.png 36w, https:\/\/suafem.unam.mx\/wp-content\/uploads\/2022\/06\/presentacionconsulta_invitaciondigital-16-48x27.png 48w\" sizes=\"(max-width: 706px) 89vw, (max-width: 767px) 82vw, 740px\" \/><\/figure>\n\n\n\n<p class=\"wp-block-paragraph\">En el marco de la conmemoraci\u00f3n del mes del orgullo de las diversidades sexogen\u00e9ricas en la Universidad, tenemos el gusto de hacerles llegar una cordial invitaci\u00f3n para asistir a la&nbsp;<strong>Presentaci\u00f3n de resultados de la Primera consulta sobre condiciones de igualdad de g\u00e9nero de la comunidad LGBTIQ+ en la UNAM<\/strong>, que se realizar\u00e1 en modalidad virtual&nbsp;el pr\u00f3ximo&nbsp;<strong>martes 28 de junio a las 11:00 horas<\/strong>&nbsp;a trav\u00e9s de la p\u00e1gina de Facebook de la CIGU (<a rel=\"noreferrer noopener\" href=\"https:\/\/www.facebook.com\/igualdadUNAM\/\" target=\"_blank\">https:\/\/www.facebook.com\/igualdadUNAM\/<\/a>).<\/p>\n\n\n\n<figure class=\"wp-block-embed is-type-video is-provider-youtube wp-block-embed-youtube wp-embed-aspect-16-9 wp-has-aspect-ratio\"><div class=\"wp-block-embed__wrapper\">\n<iframe title=\"D\u00eda Mundial de la Filosof\u00eda 2021 &quot;Virtualidad y emociones&quot;: Filosof\u00eda de las emociones\" width=\"525\" height=\"295\" src=\"https:\/\/www.youtube.com\/embed\/O6igbgtoss4?feature=oembed\" frameborder=\"0\" allow=\"accelerometer; autoplay; clipboard-write; encrypted-media; gyroscope; picture-in-picture; web-share\" referrerpolicy=\"strict-origin-when-cross-origin\" allowfullscreen><\/iframe>\n<\/div><\/figure>\n\n\n\n<figure class=\"wp-block-embed is-type-video is-provider-youtube wp-block-embed-youtube wp-embed-aspect-16-9 wp-has-aspect-ratio\"><div class=\"wp-block-embed__wrapper\">\n<iframe title=\"D\u00eda Mundial de la Filosof\u00eda 2021 &quot;Virtualidad y emociones&quot;: Entrevista con Olbeth Hansberg Torres\" width=\"525\" height=\"295\" src=\"https:\/\/www.youtube.com\/embed\/NDqsp5siBV4?feature=oembed\" frameborder=\"0\" allow=\"accelerometer; autoplay; clipboard-write; encrypted-media; gyroscope; picture-in-picture; web-share\" referrerpolicy=\"strict-origin-when-cross-origin\" allowfullscreen><\/iframe>\n<\/div><\/figure>\n\n\n\n<figure class=\"wp-block-embed is-type-video is-provider-youtube wp-block-embed-youtube wp-embed-aspect-16-9 wp-has-aspect-ratio\"><div class=\"wp-block-embed__wrapper\">\n<iframe title=\"D\u00eda Mundial de la Filosof\u00eda 2021 &quot;Virtualidad y emociones&quot;: entrevista con Abraham Sapi\u00e9n\" width=\"525\" height=\"295\" src=\"https:\/\/www.youtube.com\/embed\/3eltBvkCAjI?feature=oembed\" frameborder=\"0\" allow=\"accelerometer; autoplay; clipboard-write; encrypted-media; gyroscope; picture-in-picture; web-share\" referrerpolicy=\"strict-origin-when-cross-origin\" allowfullscreen><\/iframe>\n<\/div><\/figure>\n\n\n\n<figure class=\"wp-block-image\"><img loading=\"lazy\" decoding=\"async\" width=\"724\" height=\"1024\" src=\"http:\/\/suafem.unam.mx\/wp-content\/uploads\/2021\/10\/Filosof\u00eda-moral-del-duelo-AFM-2021-2-d\u00edas-724x1024.jpg\" alt=\"\" class=\"wp-image-1129\" srcset=\"https:\/\/suafem.unam.mx\/wp-content\/uploads\/2021\/10\/Filosof\u00eda-moral-del-duelo-AFM-2021-2-d\u00edas-724x1024.jpg 724w, https:\/\/suafem.unam.mx\/wp-content\/uploads\/2021\/10\/Filosof\u00eda-moral-del-duelo-AFM-2021-2-d\u00edas-212x300.jpg 212w, https:\/\/suafem.unam.mx\/wp-content\/uploads\/2021\/10\/Filosof\u00eda-moral-del-duelo-AFM-2021-2-d\u00edas-768x1086.jpg 768w, https:\/\/suafem.unam.mx\/wp-content\/uploads\/2021\/10\/Filosof\u00eda-moral-del-duelo-AFM-2021-2-d\u00edas.jpg 1241w\" sizes=\"(max-width: 724px) 100vw, 724px\" \/><\/figure>\n\n\n\n<figure class=\"wp-block-image\"><img loading=\"lazy\" decoding=\"async\" width=\"1024\" height=\"791\" src=\"http:\/\/suafem.unam.mx\/wp-content\/uploads\/2021\/10\/Cartel-Fil-Moral-Duelo-1-1024x791.jpg\" alt=\"\" class=\"wp-image-1126\" srcset=\"https:\/\/suafem.unam.mx\/wp-content\/uploads\/2021\/10\/Cartel-Fil-Moral-Duelo-1-1024x791.jpg 1024w, https:\/\/suafem.unam.mx\/wp-content\/uploads\/2021\/10\/Cartel-Fil-Moral-Duelo-1-300x232.jpg 300w, https:\/\/suafem.unam.mx\/wp-content\/uploads\/2021\/10\/Cartel-Fil-Moral-Duelo-1-768x593.jpg 768w, https:\/\/suafem.unam.mx\/wp-content\/uploads\/2021\/10\/Cartel-Fil-Moral-Duelo-1.jpg 1650w\" sizes=\"(max-width: 706px) 89vw, (max-width: 767px) 82vw, 740px\" \/><\/figure>\n\n\n\n<figure class=\"wp-block-embed is-type-video is-provider-youtube wp-block-embed-youtube wp-embed-aspect-16-9 wp-has-aspect-ratio\"><div class=\"wp-block-embed__wrapper\">\n<iframe title=\"De lejos y de cerca: Emociones en la pandemia.\" width=\"525\" height=\"295\" src=\"https:\/\/www.youtube.com\/embed\/dK1-GZxeDf4?feature=oembed\" frameborder=\"0\" allow=\"accelerometer; autoplay; clipboard-write; encrypted-media; gyroscope; picture-in-picture; web-share\" referrerpolicy=\"strict-origin-when-cross-origin\" allowfullscreen><\/iframe>\n<\/div><\/figure>\n\n\n\n<figure class=\"wp-block-embed is-type-video is-provider-youtube wp-block-embed-youtube wp-embed-aspect-16-9 wp-has-aspect-ratio\"><div class=\"wp-block-embed__wrapper\">\n<iframe title=\"Reflexiones Universitarias ante la nueva realidad. Los efectos del COVD - 19\" width=\"525\" height=\"295\" src=\"https:\/\/www.youtube.com\/embed\/videoseries?list=PLJ2f_cyt4-DfARlQFvCkF881mzvjbLqfV\" frameborder=\"0\" allow=\"accelerometer; autoplay; clipboard-write; encrypted-media; gyroscope; picture-in-picture; web-share\" referrerpolicy=\"strict-origin-when-cross-origin\" allowfullscreen><\/iframe>\n<\/div><\/figure>\n\n\n\n<h3 class=\"wp-block-heading\">Dolor&nbsp;\/ DOSSIER&nbsp;\/&nbsp;<a href=\"https:\/\/www.revistadelauniversidad.mx\/releases\/63f23422-a9df-4fc5-b03f-73d8599a14ca\/dolor\">Mayo de 2021<\/a> <\/h3>\n\n\n\n<p class=\"wp-block-paragraph\">Revista de la Universidad de M\u00e9xico<\/p>\n\n\n\n<p class=\"wp-block-paragraph\">Cuando duele  <\/p>\n\n\n\n<p class=\"wp-block-paragraph\">David Fajardo-Chica <\/p>\n\n\n\n<p class=\"wp-block-paragraph\"><a href=\"https:\/\/www.revistadelauniversidad.mx\/articles\/ddbfc25d-f6d9-424f-9dc4-e99eb7e30493\/cuando-duele\">https:\/\/www.revistadelauniversidad.mx\/articles\/ddbfc25d-f6d9-424f-9dc4-e99eb7e30493\/cuando-duele<\/a><\/p>\n\n\n\n<p class=\"wp-block-paragraph\">Todos somos masoquistas <\/p>\n\n\n\n<p class=\"wp-block-paragraph\">Abraham Sapi\u00e9n<\/p>\n\n\n\n<p class=\"wp-block-paragraph\"><a href=\"https:\/\/www.revistadelauniversidad.mx\/articles\/ff196509-c1c3-46d8-a883-bfb2acd671f6\/todos-somos-masoquistas\">https:\/\/www.revistadelauniversidad.mx\/articles\/ff196509-c1c3-46d8-a883-bfb2acd671f6\/todos-somos-masoquistas<\/a><\/p>\n\n\n\n<figure class=\"wp-block-image\"><img loading=\"lazy\" decoding=\"async\" width=\"663\" height=\"1024\" src=\"http:\/\/suafem.unam.mx\/wp-content\/uploads\/2021\/02\/cartel_emociones_medioambiente2021-1-1-pdf-663x1024.jpg\" alt=\"\" class=\"wp-image-915\"\/><\/figure>\n\n\n<h3><img loading=\"lazy\" decoding=\"async\" class=\"alignnone  wp-image-309\" src=\"http:\/\/suafem.unam.mx\/wp-content\/uploads\/2018\/09\/Roll-Ups-CU-90x198-A_V1-136x300.jpg\" alt=\"\" width=\"203\" height=\"448\" srcset=\"https:\/\/suafem.unam.mx\/wp-content\/uploads\/2018\/09\/Roll-Ups-CU-90x198-A_V1-136x300.jpg 136w, https:\/\/suafem.unam.mx\/wp-content\/uploads\/2018\/09\/Roll-Ups-CU-90x198-A_V1-768x1690.jpg 768w, https:\/\/suafem.unam.mx\/wp-content\/uploads\/2018\/09\/Roll-Ups-CU-90x198-A_V1-465x1024.jpg 465w\" sizes=\"(max-width: 203px) 100vw, 203px\" \/><\/h3>\n<h3>PUBLICACI\u00d3N RECIENTE:<\/h3>\n<h4>a la venta en librer\u00edas UNAM<img loading=\"lazy\" decoding=\"async\" class=\"alignnone size-full wp-image-136\" src=\"http:\/\/suafem.unam.mx\/wp-content\/uploads\/2018\/04\/portada-libro.jpg\" alt=\"portada libro\" width=\"943\" height=\"605\" srcset=\"https:\/\/suafem.unam.mx\/wp-content\/uploads\/2018\/04\/portada-libro.jpg 943w, https:\/\/suafem.unam.mx\/wp-content\/uploads\/2018\/04\/portada-libro-300x192.jpg 300w, https:\/\/suafem.unam.mx\/wp-content\/uploads\/2018\/04\/portada-libro-768x493.jpg 768w\" sizes=\"(max-width: 706px) 89vw, (max-width: 767px) 82vw, 740px\" \/><\/h4>\n<div class=\"text_exposed_show\">\n<hr \/>\n<h2>Foro &#8220;Ciencias, Artes y Humanidades en Di\u00e1logo&#8221;<\/h2>\n<h4>11 de abril de 2018<br \/>Con motivo del 25 aniversario de la Fundaci\u00f3n UNAM, la Coordinaci\u00f3n de Humanidades organiz\u00f3 el Foro &#8220;Ciencias, Artes y Humanidades en Di\u00e1logo&#8221;.<br \/>Tema: \u00bfC\u00f3mo se generan y qu\u00e9 lugar ocupan en las interacciones humanas? \u00bfqu\u00e9 procesos bioqu\u00edmicos intervienen? \u00bfqu\u00e9 diferencia existe entre emociones y sensaciones? \u00bfc\u00f3mo se vincula la inteligencia artificial con las emociones?&#8221;<\/h4>\n<p>Participaron:<br \/>Dra. Olbeth Hansberg (Coordinadora General del SUAFEM)<br \/>Dr. Germ\u00e1n Palafox (Director Facultad de Psicolog\u00eda)<br \/>Moder\u00f3: Dr. Alberto Vital (Coordinador de Humanidades)\u200b.<br \/><a href=\"https:\/\/www.youtube.com\/watch?time_continue=3&amp;v=tBbpgpq-qWM\">Liga a Youtube<\/a><\/p>\n<\/div>","protected":false},"excerpt":{"rendered":"<p>En el marco de la conmemoraci\u00f3n del mes del orgullo de las diversidades sexogen\u00e9ricas en la Universidad, tenemos el gusto de hacerles llegar una cordial invitaci\u00f3n para asistir a la&nbsp;Presentaci\u00f3n de resultados de la Primera consulta sobre condiciones de igualdad de g\u00e9nero de la comunidad LGBTIQ+ en la UNAM, que se realizar\u00e1 en modalidad virtual&nbsp;el &hellip; <\/p>\n<p class=\"link-more\"><a href=\"https:\/\/suafem.unam.mx\/?page_id=135\" class=\"more-link\">Continuar leyendo<span class=\"screen-reader-text\"> &#8220;Recursos de inter\u00e9s&#8221;<\/span><\/a><\/p>\n","protected":false},"author":2,"featured_media":0,"parent":0,"menu_order":0,"comment_status":"closed","ping_status":"closed","template":"","meta":{"_monsterinsights_skip_tracking":false,"footnotes":""},"class_list":["post-135","page","type-page","status-publish","hentry"],"aioseo_notices":[],"aioseo_head":"\n\t\t<!-- All in One SEO 5.0.0.1 - aioseo.com -->\n\t<meta name=\"description\" content=\"En el marco de la conmemoraci\u00f3n del mes del orgullo de las diversidades sexogen\u00e9ricas en la Universidad, tenemos el gusto de hacerles llegar una cordial invitaci\u00f3n para asistir a la Presentaci\u00f3n de resultados de la Primera consulta sobre condiciones de igualdad de g\u00e9nero de la comunidad LGBTIQ+ en la UNAM, que se realizar\u00e1 en modalidad virtual el\" \/>\n\t<meta name=\"robots\" content=\"max-image-preview:large\" \/>\n\t<link rel=\"canonical\" href=\"https:\/\/suafem.unam.mx\/?page_id=135\" \/>\n\t<meta name=\"generator\" content=\"All in One SEO (AIOSEO) 5.0.0.1\" \/>\n\t\t<meta property=\"og:locale\" content=\"es_MX\" \/>\n\t\t<meta property=\"og:site_name\" content=\"Seminario Universitario sobre Afectividad y Emociones - suafem@unam.mx\" \/>\n\t\t<meta property=\"og:type\" content=\"article\" \/>\n\t\t<meta property=\"og:title\" content=\"Recursos de inter\u00e9s - Seminario Universitario sobre Afectividad y Emociones\" \/>\n\t\t<meta property=\"og:description\" content=\"En el marco de la conmemoraci\u00f3n del mes del orgullo de las diversidades sexogen\u00e9ricas en la Universidad, tenemos el gusto de hacerles llegar una cordial invitaci\u00f3n para asistir a la Presentaci\u00f3n de resultados de la Primera consulta sobre condiciones de igualdad de g\u00e9nero de la comunidad LGBTIQ+ en la UNAM, que se realizar\u00e1 en modalidad virtual el\" \/>\n\t\t<meta property=\"og:url\" content=\"https:\/\/suafem.unam.mx\/?page_id=135\" \/>\n\t\t<meta property=\"og:image\" content=\"https:\/\/suafem.unam.mx\/wp-content\/uploads\/2022\/06\/cropped-logos.png\" \/>\n\t\t<meta property=\"og:image:secure_url\" content=\"https:\/\/suafem.unam.mx\/wp-content\/uploads\/2022\/06\/cropped-logos.png\" \/>\n\t\t<meta property=\"og:image:width\" content=\"1100\" \/>\n\t\t<meta property=\"og:image:height\" content=\"250\" \/>\n\t\t<meta property=\"article:published_time\" content=\"2018-04-19T14:15:26+00:00\" \/>\n\t\t<meta property=\"article:modified_time\" content=\"2025-05-28T00:22:35+00:00\" \/>\n\t\t<meta name=\"twitter:card\" content=\"summary\" \/>\n\t\t<meta name=\"twitter:title\" content=\"Recursos de inter\u00e9s - Seminario Universitario sobre Afectividad y Emociones\" \/>\n\t\t<meta name=\"twitter:description\" content=\"En el marco de la conmemoraci\u00f3n del mes del orgullo de las diversidades sexogen\u00e9ricas en la Universidad, tenemos el gusto de hacerles llegar una cordial invitaci\u00f3n para asistir a la Presentaci\u00f3n de resultados de la Primera consulta sobre condiciones de igualdad de g\u00e9nero de la comunidad LGBTIQ+ en la UNAM, que se realizar\u00e1 en modalidad virtual el\" \/>\n\t\t<meta name=\"twitter:image\" content=\"https:\/\/suafem.unam.mx\/wp-content\/uploads\/2022\/06\/cropped-logos.png\" \/>\n\t\t<script type=\"application\/ld+json\" class=\"aioseo-schema\">\n\t\t\t{\"@context\":\"https:\\\/\\\/schema.org\",\"@graph\":[{\"@type\":\"BreadcrumbList\",\"@id\":\"https:\\\/\\\/suafem.unam.mx\\\/?page_id=135#breadcrumblist\",\"itemListElement\":[{\"@type\":\"ListItem\",\"@id\":\"https:\\\/\\\/suafem.unam.mx#listItem\",\"position\":1,\"name\":\"Home\",\"item\":\"https:\\\/\\\/suafem.unam.mx\",\"nextItem\":{\"@type\":\"ListItem\",\"@id\":\"https:\\\/\\\/suafem.unam.mx\\\/?page_id=135#listItem\",\"name\":\"Recursos de inter\\u00e9s\"}},{\"@type\":\"ListItem\",\"@id\":\"https:\\\/\\\/suafem.unam.mx\\\/?page_id=135#listItem\",\"position\":2,\"name\":\"Recursos de inter\\u00e9s\",\"previousItem\":{\"@type\":\"ListItem\",\"@id\":\"https:\\\/\\\/suafem.unam.mx#listItem\",\"name\":\"Home\"}}]},{\"@type\":\"Organization\",\"@id\":\"https:\\\/\\\/suafem.unam.mx\\\/#organization\",\"name\":\"Seminario Universitario sobre Afectividad y Emociones\",\"description\":\"suafem@unam.mx\",\"url\":\"https:\\\/\\\/suafem.unam.mx\\\/\",\"logo\":{\"@type\":\"ImageObject\",\"url\":\"https:\\\/\\\/suafem.unam.mx\\\/wp-content\\\/uploads\\\/2022\\\/06\\\/cropped-logos.png\",\"@id\":\"https:\\\/\\\/suafem.unam.mx\\\/?page_id=135\\\/#organizationLogo\",\"width\":1100,\"height\":250},\"image\":{\"@id\":\"https:\\\/\\\/suafem.unam.mx\\\/?page_id=135\\\/#organizationLogo\"}},{\"@type\":\"WebPage\",\"@id\":\"https:\\\/\\\/suafem.unam.mx\\\/?page_id=135#webpage\",\"url\":\"https:\\\/\\\/suafem.unam.mx\\\/?page_id=135\",\"name\":\"Recursos de inter\\u00e9s - Seminario Universitario sobre Afectividad y Emociones\",\"description\":\"En el marco de la conmemoraci\\u00f3n del mes del orgullo de las diversidades sexogen\\u00e9ricas en la Universidad, tenemos el gusto de hacerles llegar una cordial invitaci\\u00f3n para asistir a la Presentaci\\u00f3n de resultados de la Primera consulta sobre condiciones de igualdad de g\\u00e9nero de la comunidad LGBTIQ+ en la UNAM, que se realizar\\u00e1 en modalidad virtual el\",\"inLanguage\":\"es-MX\",\"isPartOf\":{\"@id\":\"https:\\\/\\\/suafem.unam.mx\\\/#website\"},\"breadcrumb\":{\"@id\":\"https:\\\/\\\/suafem.unam.mx\\\/?page_id=135#breadcrumblist\"},\"datePublished\":\"2018-04-19T14:15:26-05:00\",\"dateModified\":\"2025-05-27T18:22:35-06:00\"},{\"@type\":\"WebSite\",\"@id\":\"https:\\\/\\\/suafem.unam.mx\\\/#website\",\"url\":\"https:\\\/\\\/suafem.unam.mx\\\/\",\"name\":\"Seminario Universitario sobre Afectividad y Emociones\",\"description\":\"suafem@unam.mx\",\"inLanguage\":\"es-MX\",\"publisher\":{\"@id\":\"https:\\\/\\\/suafem.unam.mx\\\/#organization\"}}]}\n\t\t<\/script>\n\t\t<!-- All in One SEO -->\n\n","aioseo_head_json":{"title":"Recursos de inter\u00e9s - Seminario Universitario sobre Afectividad y Emociones","description":"En el marco de la conmemoraci\u00f3n del mes del orgullo de las diversidades sexogen\u00e9ricas en la Universidad, tenemos el gusto de hacerles llegar una cordial invitaci\u00f3n para asistir a la Presentaci\u00f3n de resultados de la Primera consulta sobre condiciones de igualdad de g\u00e9nero de la comunidad LGBTIQ+ en la UNAM, que se realizar\u00e1 en modalidad virtual el","canonical_url":"https:\/\/suafem.unam.mx\/?page_id=135","robots":"max-image-preview:large","keywords":"","webmasterTools":{"miscellaneous":""},"schema":{"@context":"https:\/\/schema.org","@graph":[{"@type":"BreadcrumbList","@id":"https:\/\/suafem.unam.mx\/?page_id=135#breadcrumblist","itemListElement":[{"@type":"ListItem","@id":"https:\/\/suafem.unam.mx#listItem","position":1,"name":"Home","item":"https:\/\/suafem.unam.mx","nextItem":{"@type":"ListItem","@id":"https:\/\/suafem.unam.mx\/?page_id=135#listItem","name":"Recursos de inter\u00e9s"}},{"@type":"ListItem","@id":"https:\/\/suafem.unam.mx\/?page_id=135#listItem","position":2,"name":"Recursos de inter\u00e9s","previousItem":{"@type":"ListItem","@id":"https:\/\/suafem.unam.mx#listItem","name":"Home"}}]},{"@type":"Organization","@id":"https:\/\/suafem.unam.mx\/#organization","name":"Seminario Universitario sobre Afectividad y Emociones","description":"suafem@unam.mx","url":"https:\/\/suafem.unam.mx\/","logo":{"@type":"ImageObject","url":"https:\/\/suafem.unam.mx\/wp-content\/uploads\/2022\/06\/cropped-logos.png","@id":"https:\/\/suafem.unam.mx\/?page_id=135\/#organizationLogo","width":1100,"height":250},"image":{"@id":"https:\/\/suafem.unam.mx\/?page_id=135\/#organizationLogo"}},{"@type":"WebPage","@id":"https:\/\/suafem.unam.mx\/?page_id=135#webpage","url":"https:\/\/suafem.unam.mx\/?page_id=135","name":"Recursos de inter\u00e9s - Seminario Universitario sobre Afectividad y Emociones","description":"En el marco de la conmemoraci\u00f3n del mes del orgullo de las diversidades sexogen\u00e9ricas en la Universidad, tenemos el gusto de hacerles llegar una cordial invitaci\u00f3n para asistir a la Presentaci\u00f3n de resultados de la Primera consulta sobre condiciones de igualdad de g\u00e9nero de la comunidad LGBTIQ+ en la UNAM, que se realizar\u00e1 en modalidad virtual el","inLanguage":"es-MX","isPartOf":{"@id":"https:\/\/suafem.unam.mx\/#website"},"breadcrumb":{"@id":"https:\/\/suafem.unam.mx\/?page_id=135#breadcrumblist"},"datePublished":"2018-04-19T14:15:26-05:00","dateModified":"2025-05-27T18:22:35-06:00"},{"@type":"WebSite","@id":"https:\/\/suafem.unam.mx\/#website","url":"https:\/\/suafem.unam.mx\/","name":"Seminario Universitario sobre Afectividad y Emociones","description":"suafem@unam.mx","inLanguage":"es-MX","publisher":{"@id":"https:\/\/suafem.unam.mx\/#organization"}}]},"og:locale":"es_MX","og:site_name":"Seminario Universitario sobre Afectividad y Emociones - suafem@unam.mx","og:type":"article","og:title":"Recursos de inter\u00e9s - Seminario Universitario sobre Afectividad y Emociones","og:description":"En el marco de la conmemoraci\u00f3n del mes del orgullo de las diversidades sexogen\u00e9ricas en la Universidad, tenemos el gusto de hacerles llegar una cordial invitaci\u00f3n para asistir a la Presentaci\u00f3n de resultados de la Primera consulta sobre condiciones de igualdad de g\u00e9nero de la comunidad LGBTIQ+ en la UNAM, que se realizar\u00e1 en modalidad virtual el","og:url":"https:\/\/suafem.unam.mx\/?page_id=135","og:image":"https:\/\/suafem.unam.mx\/wp-content\/uploads\/2022\/06\/cropped-logos.png","og:image:secure_url":"https:\/\/suafem.unam.mx\/wp-content\/uploads\/2022\/06\/cropped-logos.png","og:image:width":1100,"og:image:height":250,"article:published_time":"2018-04-19T14:15:26+00:00","article:modified_time":"2025-05-28T00:22:35+00:00","twitter:card":"summary","twitter:title":"Recursos de inter\u00e9s - Seminario Universitario sobre Afectividad y Emociones","twitter:description":"En el marco de la conmemoraci\u00f3n del mes del orgullo de las diversidades sexogen\u00e9ricas en la Universidad, tenemos el gusto de hacerles llegar una cordial invitaci\u00f3n para asistir a la Presentaci\u00f3n de resultados de la Primera consulta sobre condiciones de igualdad de g\u00e9nero de la comunidad LGBTIQ+ en la UNAM, que se realizar\u00e1 en modalidad virtual el","twitter:image":"https:\/\/suafem.unam.mx\/wp-content\/uploads\/2022\/06\/cropped-logos.png"},"aioseo_meta_data":{"post_id":"135","title":null,"description":null,"keywords":null,"keyphrases":{"focus":[],"additional":[]},"primary_term":null,"canonical_url":null,"og_title":null,"og_description":null,"og_object_type":"default","og_image_type":"default","og_image_url":null,"og_image_width":null,"og_image_height":null,"og_image_custom_url":null,"og_image_custom_fields":null,"og_video":"","og_custom_url":null,"og_article_section":null,"og_article_tags":null,"twitter_use_og":false,"twitter_card":"default","twitter_image_type":"default","twitter_image_url":null,"twitter_image_custom_url":null,"twitter_image_custom_fields":null,"twitter_title":null,"twitter_description":null,"schema":{"blockGraphs":[],"customGraphs":[],"default":{"data":{"Article":[],"Course":[],"Dataset":[],"FAQPage":[],"Movie":[],"Person":[],"Product":[],"ProductReview":[],"Car":[],"Recipe":[],"Service":[],"SoftwareApplication":[],"WebPage":[]},"graphName":"WebPage","isEnabled":true},"graphs":[],"defaultGraph":"","defaultPostTypeGraph":""},"schema_type":"default","schema_type_options":null,"pillar_content":false,"robots_default":true,"robots_noindex":false,"robots_noarchive":false,"robots_nosnippet":false,"robots_nofollow":false,"robots_noimageindex":false,"robots_noodp":false,"robots_notranslate":false,"robots_max_snippet":"-1","robots_max_videopreview":"-1","robots_max_imagepreview":"large","priority":null,"frequency":"default","local_seo":null,"breadcrumb_settings":null,"limit_modified_date":false,"ai":null,"created":"2022-07-14 14:28:06","updated":"2026-08-25 18:21:20","seo_analyzer_scan_date":null,"focus_keyword":null,"additional_keywords":null,"truseo_locale":null},"aioseo_breadcrumb":"<div class=\"aioseo-breadcrumbs\"><span class=\"aioseo-breadcrumb\">\n\t\t\t<a href=\"https:\/\/suafem.unam.mx\" title=\"Home\">Home<\/a>\n\t\t<\/span><span class=\"aioseo-breadcrumb-separator\">&raquo;<\/span><span class=\"aioseo-breadcrumb\">\n\t\t\tRecursos de inter\u00e9s\n\t\t<\/span><\/div>","aioseo_breadcrumb_json":[{"label":"Home","link":"https:\/\/suafem.unam.mx"},{"label":"Recursos de inter\u00e9s","link":"https:\/\/suafem.unam.mx\/?page_id=135"}],"_links":{"self":[{"href":"https:\/\/suafem.unam.mx\/index.php?rest_route=\/wp\/v2\/pages\/135","targetHints":{"allow":["GET"]}}],"collection":[{"href":"https:\/\/suafem.unam.mx\/index.php?rest_route=\/wp\/v2\/pages"}],"about":[{"href":"https:\/\/suafem.unam.mx\/index.php?rest_route=\/wp\/v2\/types\/page"}],"author":[{"embeddable":true,"href":"https:\/\/suafem.unam.mx\/index.php?rest_route=\/wp\/v2\/users\/2"}],"replies":[{"embeddable":true,"href":"https:\/\/suafem.unam.mx\/index.php?rest_route=%2Fwp%2Fv2%2Fcomments&post=135"}],"version-history":[{"count":25,"href":"https:\/\/suafem.unam.mx\/index.php?rest_route=\/wp\/v2\/pages\/135\/revisions"}],"predecessor-version":[{"id":1810,"href":"https:\/\/suafem.unam.mx\/index.php?rest_route=\/wp\/v2\/pages\/135\/revisions\/1810"}],"wp:attachment":[{"href":"https:\/\/suafem.unam.mx\/index.php?rest_route=%2Fwp%2Fv2%2Fmedia&parent=135"}],"curies":[{"name":"wp","href":"https:\/\/api.w.org\/{rel}","templated":true}]}}